{"id":3,"date":"2019-04-11T08:52:12","date_gmt":"2019-04-11T08:52:12","guid":{"rendered":"http:\/\/remarker.eu\/?page_id=3"},"modified":"2019-04-30T16:26:24","modified_gmt":"2019-04-30T16:26:24","slug":"adatkezelesi-tajekoztato","status":"publish","type":"page","link":"https:\/\/remarker.hu\/index.php\/adatkezelesi-tajekoztato\/","title":{"rendered":"Adatv\u00e9delmi ir\u00e1nyelvek"},"content":{"rendered":"\t\t<div data-elementor-type=\"wp-post\" data-elementor-id=\"3\" class=\"elementor elementor-3\" data-elementor-settings=\"[]\">\n\t\t\t\t\t\t<div class=\"elementor-inner\">\n\t\t\t\t\t\t\t<div class=\"elementor-section-wrap\">\n\t\t\t\t\t\t\t<section class=\"elementor-section elementor-top-section elementor-element elementor-element-8588bc9 elementor-section-boxed elementor-section-height-default elementor-section-height-default\" data-id=\"8588bc9\" data-element_type=\"section\">\n\t\t\t\t\t\t<div class=\"elementor-container elementor-column-gap-default\">\n\t\t\t\t\t\t\t<div class=\"elementor-row\">\n\t\t\t\t\t<div class=\"elementor-column elementor-col-100 elementor-top-column elementor-element elementor-element-6466074d\" data-id=\"6466074d\" data-element_type=\"column\">\n\t\t\t<div class=\"elementor-column-wrap elementor-element-populated\">\n\t\t\t\t\t\t\t<div class=\"elementor-widget-wrap\">\n\t\t\t\t\t\t<div class=\"elementor-element elementor-element-7d23809 elementor-widget elementor-widget-text-editor\" data-id=\"7d23809\" data-element_type=\"widget\" data-widget_type=\"text-editor.default\">\n\t\t\t\t<div class=\"elementor-widget-container\">\n\t\t\t\t\t<div class=\"elementor-text-editor elementor-clearfix\"><p><!-- wp:heading --><\/p>\n<p style=\"margin-bottom: 0cm; line-height: 100%;\" align=\"CENTER\"><span style=\"color: #000000;\"><span style=\"font-family: Arial, serif;\"><span style=\"font-size: medium;\"><b>ADATKEZEL\u00c9SI T\u00c1J\u00c9KOZTAT\u00d3<\/b><\/span><\/span><\/span><\/p>\n<p style=\"margin-bottom: 0cm; line-height: 100%;\" align=\"CENTER\"><span style=\"color: #000000;\"><span style=\"font-family: Arial, serif;\"><span style=\"font-size: medium;\"><b>AZ \u00c9RINTETT TERM\u00c9SZETES SZEM\u00c9LY JOGAIR\u00d3L <\/b><\/span><\/span><\/span><\/p>\n<p style=\"margin-bottom: 0cm; line-height: 100%;\" align=\"CENTER\"><span style=\"color: #000000;\"> <span style=\"font-family: Arial, serif;\"><span style=\"font-size: medium;\"><b>SZEM\u00c9LYES ADATAI KEZEL\u00c9SE VONATKOZ\u00c1S\u00c1BAN<\/b><\/span><\/span><\/span><\/p>\n<p style=\"margin-bottom: 0.42cm; line-height: 100%;\"><br \/><br \/><\/p>\n<p style=\"margin-bottom: 0cm; line-height: 100%;\" align=\"CENTER\"><span style=\"color: #000000;\"><span style=\"font-family: Arial, serif;\"><span style=\"font-size: medium;\"><b>TARTALOMJEGYZ\u00c9K<\/b><\/span><\/span><\/span><\/p>\n<p style=\"margin-bottom: 0cm; line-height: 100%;\">\u00a0<\/p>\n<p style=\"margin-bottom: 0cm; line-height: 100%;\"><span style=\"color: #000000;\"><span style=\"font-family: Arial, serif;\"><span style=\"font-size: medium;\"><b>BEVEZET\u00c9S<\/b><\/span><\/span><\/span><\/p>\n<p style=\"margin-bottom: 0cm; line-height: 100%;\" align=\"JUSTIFY\"><span style=\"color: #000000;\"><span style=\"font-family: Arial, serif;\"><span style=\"font-size: medium;\"><b>I. FEJEZET &#8211; AZ ADATKEZEL\u0150 MEGNEVEZ\u00c9SE<\/b><\/span><\/span><\/span><\/p>\n<p style=\"margin-bottom: 0cm; line-height: 100%;\" align=\"JUSTIFY\"><span style=\"color: #000000;\"><span style=\"font-family: Arial, serif;\"><span style=\"font-size: medium;\"><b>II. FEJEZET &#8211; ADATFELDOLGOZ\u00d3K MEGNEVEZ\u00c9SE <\/b><\/span><\/span><\/span><\/p>\n<p style=\"margin-bottom: 0cm; line-height: 100%;\" align=\"JUSTIFY\"><span style=\"color: #000000;\"><span style=\"font-family: Arial, serif;\"><span style=\"font-size: medium;\">1. T\u00e1rsas\u00e1gunk IT szolg\u00e1ltat\u00f3ja<\/span><\/span><\/span><\/p>\n<p style=\"margin-bottom: 0cm; line-height: 100%;\" align=\"JUSTIFY\"><span style=\"color: #000000;\"><span style=\"font-family: Arial, serif;\"><span style=\"font-size: medium;\">2. T\u00e1rsas\u00e1gunk k\u00f6nyvviteli szolg\u00e1ltat\u00f3ja<\/span><\/span><\/span><\/p>\n<p style=\"margin-bottom: 0cm; line-height: 100%;\" align=\"JUSTIFY\"><span style=\"color: #000000;\"><span style=\"font-family: Arial, serif;\"><span style=\"font-size: medium;\">3. \u00a0Postai szolg\u00e1ltat\u00e1sok, k\u00e9zbes\u00edt\u00e9s, csomagk\u00fcld\u00e9s <\/span><\/span><\/span><\/p>\n<p style=\"margin-bottom: 0cm; line-height: 100%;\" align=\"JUSTIFY\"><span style=\"color: #000000;\"><span style=\"font-family: Arial, serif;\"><span style=\"font-size: medium;\"><b>III. FEJEZET &#8211; SZERZ\u0150D\u00c9SHEZ KAPCSOL\u00d3D\u00d3 ADATKEZEL\u00c9SEK<\/b><\/span><\/span><\/span><\/p>\n<p style=\"margin-bottom: 0cm; line-height: 100%;\" align=\"JUSTIFY\"><span style=\"color: #000000;\"><span style=\"font-family: Arial, serif;\"><span style=\"font-size: medium;\">1. Szerz\u0151d\u0151 partnerek adatainak kezel\u00e9se \u2013 vev\u0151k, sz\u00e1ll\u00edt\u00f3k nyilv\u00e1ntart\u00e1sa<\/span><\/span><\/span><\/p>\n<p style=\"margin-bottom: 0cm; line-height: 100%;\" align=\"JUSTIFY\"><span style=\"color: #000000;\"><span style=\"font-family: Arial, serif;\"><span style=\"font-size: medium;\">2. \u00a0Jogi szem\u00e9ly \u00fcgyfelek, vev\u0151k, sz\u00e1ll\u00edt\u00f3k term\u00e9szetes szem\u00e9ly k\u00e9pvisel\u0151inek el\u00e9rhet\u0151s\u00e9gi adatai <\/span><\/span><\/span><\/p>\n<p style=\"margin-bottom: 0cm; line-height: 100%;\" align=\"JUSTIFY\"><span style=\"color: #000000;\"><span style=\"font-family: Arial, serif;\"><span style=\"font-size: medium;\">3. \u00a0Az \u00fcgyf\u00e9lszolg\u00e1lat telefonos hangfelv\u00e9tel k\u00e9sz\u00edt\u00e9se<\/span><\/span><\/span><\/p>\n<p style=\"margin-bottom: 0cm; line-height: 100%;\" align=\"JUSTIFY\"><span style=\"color: #000000;\"><span style=\"font-family: Arial, serif;\"><span style=\"font-size: medium;\">4. \u00a0L\u00e1togat\u00f3i adatkezel\u00e9s a T\u00e1rsas\u00e1g honlapj\u00e1n \u00a0<\/span><\/span><\/span><\/p>\n<p style=\"margin-bottom: 0cm; line-height: 100%;\" align=\"JUSTIFY\"><span style=\"color: #000000;\"><span style=\"font-family: Arial, serif;\"><span style=\"font-size: medium;\">5. \u00a0T\u00e1j\u00e9koztat\u00e1s s\u00fctik (cookie) alkalmaz\u00e1s\u00e1r\u00f3l<\/span><\/span><\/span><\/p>\n<p style=\"margin-bottom: 0cm; line-height: 100%;\" align=\"JUSTIFY\"><span style=\"color: #000000;\"><span style=\"font-family: Arial, serif;\"><span style=\"font-size: medium;\">6. Regisztr\u00e1ci\u00f3 a T\u00e1rsas\u00e1g honlapj\u00e1n<\/span><\/span><\/span><\/p>\n<p style=\"margin-bottom: 0cm; line-height: 100%;\" align=\"JUSTIFY\"><span style=\"color: #000000;\"><span style=\"font-family: Arial, serif;\"><span style=\"font-size: medium;\">7. H\u00edrlev\u00e9l szolg\u00e1ltat\u00e1shoz kapcsol\u00f3d\u00f3 adatkezel\u00e9s \u00a0<\/span><\/span><\/span><\/p>\n<p style=\"margin-bottom: 0cm; line-height: 100%;\" align=\"JUSTIFY\"><span style=\"color: #000000;\"><span style=\"font-family: Arial, serif;\"><span style=\"font-size: medium;\">8. \u00a0K\u00f6z\u00f6ss\u00e9gi ir\u00e1nyelvek \/ Adatkezel\u00e9s a T\u00e1rsas\u00e1g Facebook oldal\u00e1n <\/span><\/span><\/span><\/p>\n<p style=\"margin-bottom: 0cm; line-height: 100%;\" align=\"JUSTIFY\"><span style=\"color: #000000;\"><span style=\"font-family: Arial, serif;\"><span style=\"font-size: medium;\">9. Adatkezel\u00e9s a T\u00e1rsas\u00e1g web\u00e1ruh\u00e1z\u00e1ban<\/span><\/span><\/span><\/p>\n<p style=\"margin-bottom: 0cm; line-height: 100%;\" align=\"JUSTIFY\"><span style=\"color: #000000;\"><span style=\"font-family: Arial, serif;\"><span style=\"font-size: medium;\">10. Aj\u00e1nd\u00e9ksorsol\u00e1s szervez\u00e9s\u00e9vel kapcsolatos adatkezel\u00e9s <\/span><\/span><\/span><\/p>\n<p style=\"margin-bottom: 0cm; line-height: 100%;\" align=\"JUSTIFY\"><span style=\"color: #000000;\"><span style=\"font-family: Arial, serif;\"><span style=\"font-size: medium;\">11. \u00a0Direkt marketing c\u00e9l\u00fa adatkezel\u00e9s <\/span><\/span><\/span><\/p>\n<p style=\"margin-bottom: 0cm; line-height: 100%;\" align=\"JUSTIFY\"><span style=\"color: #000000;\"><span style=\"font-family: Arial, serif;\"><span style=\"font-size: medium;\"><b>IV. FEJEZET &#8211; JOGI K\u00d6TELEZETTS\u00c9GEN ALAPUL\u00d3 ADATKEZEL\u00c9SEK<\/b><\/span><\/span><\/span><\/p>\n<p style=\"margin-bottom: 0cm; line-height: 100%;\" align=\"JUSTIFY\"><span style=\"color: #000000;\"><span style=\"font-family: Arial, serif;\"><span style=\"font-size: medium;\">1. Adatkezel\u00e9s ad\u00f3- \u00e9s sz\u00e1mviteli k\u00f6telezetts\u00e9gek teljes\u00edt\u00e9se c\u00e9lj\u00e1b\u00f3l <\/span><\/span><\/span><\/p>\n<p style=\"margin-bottom: 0cm; line-height: 100%;\" align=\"JUSTIFY\"><span style=\"color: #000000;\"><span style=\"font-family: Arial, serif;\"><span style=\"font-size: medium;\">2. \u00a0Kifizet\u0151i adatkezel\u00e9s <\/span><\/span><\/span><\/p>\n<p style=\"margin-bottom: 0cm; line-height: 100%;\" align=\"JUSTIFY\"><span style=\"color: #000000;\"><span style=\"font-family: Arial, serif;\"><span style=\"font-size: medium;\">3. A Lev\u00e9lt\u00e1ri t\u00f6rv\u00e9ny szerint maradand\u00f3 \u00e9rt\u00e9k\u0171 iratokra vonatkoz\u00f3 adatkezel\u00e9s <\/span><\/span><\/span><\/p>\n<p style=\"margin-bottom: 0cm; line-height: 100%;\" align=\"JUSTIFY\"><span style=\"color: #000000;\"><span style=\"font-family: Arial, serif;\"><span style=\"font-size: medium;\">4. \u00a0Adatkezel\u00e9s p\u00e9nzmos\u00e1s elleni k\u00f6telezetts\u00e9gek teljes\u00edt\u00e9se c\u00e9lj\u00e1b\u00f3l<\/span><\/span><\/span><\/p>\n<p style=\"margin-bottom: 0cm; line-height: 100%;\" align=\"JUSTIFY\"><span style=\"color: #000000;\"><span style=\"font-family: Arial, serif;\"><span style=\"font-size: medium;\"><b>V. FEJEZET &#8211; \u00d6SSZEFOGLAL\u00d3 T\u00c1J\u00c9KOZTAT\u00c1S AZ \u00c9RINTETT JOGAIR\u00d3L<\/b><\/span><\/span><\/span><\/p>\n<p style=\"margin-bottom: 0cm; line-height: 100%;\" align=\"JUSTIFY\"><span style=\"color: #000000;\"><span style=\"font-family: Arial, serif;\"><span style=\"font-size: medium;\"><b>VI. FEJEZET &#8211; R\u00c9SZLETES T\u00c1J\u00c9KOZTAT\u00c1S AZ \u00c9RINTETT JOGAIR\u00d3L<\/b><\/span><\/span><\/span><\/p>\n<p style=\"margin-bottom: 0cm; line-height: 100%;\" align=\"JUSTIFY\"><span style=\"color: #000000;\"><span style=\"font-family: Arial, serif;\"><span style=\"font-size: medium;\"><b>VII. FEJEZET &#8211; AZ \u00c9RINTETT K\u00c9RELM\u00c9NEK EL\u0150TERJESZT\u00c9SE, AZ ADATKEZEL\u0150 INT\u00c9ZKED\u00c9SEI<\/b><\/span><\/span><\/span><\/p>\n<p style=\"margin-bottom: 0.42cm; line-height: 100%;\"><br \/><br \/><\/p>\n<p style=\"margin-bottom: 0cm; line-height: 100%;\" align=\"CENTER\"><span style=\"color: #000000;\"><span style=\"font-family: Arial, serif;\"><span style=\"font-size: medium;\"><b>BEVEZET\u00c9S<\/b><\/span><\/span><\/span><\/p>\n<p style=\"margin-bottom: 0cm; line-height: 100%;\">\u00a0<\/p>\n<p style=\"margin-bottom: 0cm; line-height: 100%;\" align=\"JUSTIFY\"><span style=\"color: #000000;\"><span style=\"font-family: Arial, serif;\"><span style=\"font-size: medium;\"><i>A term\u00e9szetes szem\u00e9lyeknek a szem\u00e9lyes adatok kezel\u00e9se tekintet\u00e9ben t\u00f6rt\u00e9n\u0151 v\u00e9delm\u00e9r\u0151l \u00e9s az ilyen adatok szabad \u00e1raml\u00e1s\u00e1r\u00f3l, valamint a 95\/46\/EK rendelet hat\u00e1lyon k\u00edv\u00fcl helyez\u00e9s\u00e9r\u0151l sz\u00f3l\u00f3 \u00a0AZ EUR\u00d3PAI PARLAMENT \u00c9S A TAN\u00c1CS (EU) 2016\/679 RENDELETE (a tov\u00e1bbiakban: Rendelet) el\u0151\u00edrja, hogy az Adatkezel\u0151 megfelel\u0151 int\u00e9zked\u00e9seket hoz annak \u00e9rdek\u00e9ben, hogy az \u00e9rintett r\u00e9sz\u00e9re a szem\u00e9lyes adatok kezel\u00e9s\u00e9re vonatkoz\u00f3, \u00a0minden egyes t\u00e1j\u00e9koztat\u00e1st t\u00f6m\u00f6r, \u00e1tl\u00e1that\u00f3, \u00e9rthet\u0151 \u00e9s k\u00f6nnyen hozz\u00e1f\u00e9rhet\u0151 form\u00e1ban, vil\u00e1gosan \u00e9s k\u00f6z\u00e9rthet\u0151en megfogalmazva ny\u00fajtsa, tov\u00e1bb\u00e1 hogy az Adatkezel\u0151 el\u0151seg\u00edti az \u00e9rintett jogainak a gyakorl\u00e1s\u00e1t. <\/i><\/span><\/span><\/span><\/p>\n<p style=\"margin-bottom: 0cm; line-height: 100%;\">\u00a0<\/p>\n<p style=\"margin-bottom: 0cm; line-height: 100%;\" align=\"JUSTIFY\"><span style=\"color: #000000;\"><span style=\"font-family: Arial, serif;\"><span style=\"font-size: medium;\"><i>Az \u00e9rintett el\u0151zetes t\u00e1j\u00e9koztat\u00e1si k\u00f6telezetts\u00e9g\u00e9t az inform\u00e1ci\u00f3s \u00f6nrendelkez\u00e9si jogr\u00f3l \u00e9s az inform\u00e1ci\u00f3szabads\u00e1gr\u00f3l 2011. \u00e9vi CXII. t\u00f6rv\u00e9ny is el\u0151\u00edrja.<\/i><\/span><\/span><\/span><\/p>\n<p style=\"margin-bottom: 0cm; line-height: 100%;\">\u00a0<\/p>\n<p style=\"margin-bottom: 0cm; line-height: 100%;\" align=\"JUSTIFY\"><span style=\"color: #000000;\"><span style=\"font-family: Arial, serif;\"><span style=\"font-size: medium;\"><i>Az al\u00e1bbiakban olvashat\u00f3 t\u00e1j\u00e9koztat\u00e1ssal e jogszab\u00e1lyi k\u00f6telezetts\u00e9g\u00fcnknek tesz\u00fcnk eleget.<\/i><\/span><\/span><\/span><\/p>\n<p style=\"margin-bottom: 0cm; line-height: 100%;\">\u00a0<\/p>\n<p style=\"margin-bottom: 0cm; line-height: 100%;\" align=\"JUSTIFY\"><span style=\"color: #000000;\"><span style=\"font-family: Arial, serif;\"><span style=\"font-size: medium;\"><i>A t\u00e1j\u00e9koztat\u00e1st k\u00f6zz\u00e9 kell tenni a t\u00e1rsas\u00e1g honlapj\u00e1n, vagy az \u00e9rintett szem\u00e9ly r\u00e9sz\u00e9re k\u00e9r\u00e9s\u00e9re meg kell k\u00fcldeni. <\/i><\/span><\/span><\/span><\/p>\n<p style=\"margin-bottom: 0cm; line-height: 100%;\">\u00a0<\/p>\n<p style=\"margin-bottom: 0cm; line-height: 100%;\" align=\"CENTER\"><span style=\"color: #000000;\"><span style=\"font-family: Arial, serif;\"><span style=\"font-size: medium;\"><b>I. FEJEZET<\/b><\/span><\/span><\/span><\/p>\n<p style=\"margin-bottom: 0cm; line-height: 100%;\" align=\"CENTER\"><span style=\"color: #000000;\"><span style=\"font-family: Arial, serif;\"><span style=\"font-size: medium;\"><b>AZ ADATKEZEL\u0150 MEGNEVEZ\u00c9SE<\/b><\/span><\/span><\/span><\/p>\n<p style=\"margin-bottom: 0cm; line-height: 100%;\">\u00a0<\/p>\n<p style=\"margin-bottom: 0cm; line-height: 100%;\" align=\"JUSTIFY\"><span style=\"color: #000000;\"><span style=\"font-family: Arial, serif;\"><span style=\"font-size: medium;\">E t\u00e1j\u00e9koztat\u00e1s kiad\u00f3ja, egyben az Adatkezel\u0151: <\/span><\/span><\/span><\/p>\n<p style=\"margin-bottom: 0cm; line-height: 100%;\" align=\"JUSTIFY\"><span style=\"color: #000000;\"><span style=\"font-family: Arial, serif;\"><span style=\"font-size: medium;\">C\u00e9gn\u00e9v: <\/span><\/span><\/span><span style=\"color: #000000;\"><span style=\"font-family: Arial, serif;\"><span style=\"font-size: medium;\"><b>REMARKER Korl\u00e1tolt Felel\u0151ss\u00e9g\u0171 T\u00e1rsas\u00e1g<\/b><\/span><\/span><\/span><\/p>\n<p style=\"margin-bottom: 0cm; line-height: 100%;\" align=\"JUSTIFY\"><span style=\"color: #000000;\"><span style=\"font-family: Arial, serif;\"><span style=\"font-size: medium;\">Sz\u00e9khely: 1149 Budapest, R\u00e9p\u00e1sy Mih\u00e1ly utca 2. 10. em. 63.<\/span><\/span><\/span><\/p>\n<p style=\"margin-bottom: 0cm; line-height: 100%;\" align=\"JUSTIFY\"><span style=\"color: #000000;\"><span style=\"font-family: Arial, serif;\"><span style=\"font-size: medium;\">C\u00e9gjegyz\u00e9ksz\u00e1m: 01-09-205897<\/span><\/span><\/span><\/p>\n<p style=\"margin-bottom: 0cm; line-height: 100%;\" align=\"JUSTIFY\"><span style=\"color: #000000;\"><span style=\"font-family: Arial, serif;\"><span style=\"font-size: medium;\">Ad\u00f3sz\u00e1m: 25280302-2-42.<\/span><\/span><\/span><\/p>\n<p style=\"margin-bottom: 0cm; line-height: 100%;\" align=\"JUSTIFY\"><span style=\"color: #000000;\"><span style=\"font-family: Arial, serif;\"><span style=\"font-size: medium;\">K\u00e9pvisel\u0151: M\u00e1th\u00e9 Katalin \u00fcgyvezet\u0151<\/span><\/span><\/span><\/p>\n<p style=\"margin-bottom: 0cm; line-height: 100%;\" align=\"JUSTIFY\"><span style=\"color: #000000;\"><span style=\"font-family: Arial, serif;\"><span style=\"font-size: medium;\">E-mail c\u00edm: kata.mathe@remarker.eu<\/span><\/span><\/span><\/p>\n<p style=\"margin-bottom: 0cm; line-height: 100%;\" align=\"JUSTIFY\"><span style=\"color: #000000;\"><span style=\"font-family: Arial, serif;\"><span style=\"font-size: medium;\">Honlap: remarker.eu \/ remarker.hu<\/span><\/span><\/span><\/p>\n<p style=\"margin-bottom: 0cm; line-height: 100%;\" align=\"JUSTIFY\"><span style=\"color: #000000;\"><span style=\"font-family: Arial, serif;\"><span style=\"font-size: medium;\"><b>(a tov\u00e1bbiakban: T\u00e1rsas\u00e1g) <\/b><\/span><\/span><\/span><\/p>\n<p style=\"margin-bottom: 0.42cm; line-height: 100%;\"><span style=\"font-family: Times New Roman, serif;\"><span style=\"font-size: medium;\"><br \/><\/span><\/span><br \/><br \/><\/p>\n<p style=\"margin-bottom: 0cm; line-height: 100%;\" align=\"CENTER\"><span style=\"color: #000000;\"><span style=\"font-family: Arial, serif;\"><span style=\"font-size: medium;\"><b>II. FEJEZET<\/b><\/span><\/span><\/span><\/p>\n<p style=\"margin-bottom: 0cm; line-height: 100%;\" align=\"CENTER\"><span style=\"color: #000000;\"><span style=\"font-family: Arial, serif;\"><span style=\"font-size: medium;\"><b>ADATFELDOLGOZ\u00d3K MEGNEVEZ\u00c9SE <\/b><\/span><\/span><\/span><\/p>\n<p style=\"margin-bottom: 0cm; line-height: 100%;\">\u00a0<\/p>\n<p style=\"margin-bottom: 0cm; line-height: 100%;\"><span style=\"color: #000000;\"><span style=\"font-family: Arial, serif;\"><span style=\"font-size: medium;\">Adatfeldolgoz\u00f3: az a term\u00e9szetes vagy jogi szem\u00e9ly, k\u00f6zhatalmi szerv, \u00fcgyn\u00f6ks\u00e9g vagy b\u00e1rmely egy\u00e9b szerv, amely az adatkezel\u0151 nev\u00e9ben szem\u00e9lyes adatokat kezel; (Rendelet 4. cikk 8.)<\/span><\/span><\/span><\/p>\n<p style=\"margin-bottom: 0cm; line-height: 100%;\">\u00a0<\/p>\n<p style=\"margin-bottom: 0cm; line-height: 100%;\"><span style=\"color: #000000;\"><span style=\"font-family: Arial, serif;\"><span style=\"font-size: medium;\">Az adatfeldolgoz\u00f3 ig\u00e9nybev\u00e9tel\u00e9hez nem kell az \u00e9rintett el\u0151zetes beleegyez\u00e9se, de sz\u00fcks\u00e9ges a t\u00e1j\u00e9koztat\u00e1sa. Ennek megfelel\u0151en a k\u00f6vetkez\u0151 t\u00e1j\u00e9koztat\u00e1st adjuk:<\/span><\/span><\/span><\/p>\n<p style=\"margin-bottom: 0cm; line-height: 100%;\">\u00a0<\/p>\n<p style=\"margin-bottom: 0cm; line-height: 100%;\" align=\"JUSTIFY\"><span style=\"color: #000000;\"><span style=\"font-family: Arial, serif;\"><span style=\"font-size: medium;\"><b>1. T\u00e1rsas\u00e1gunk IT szolg\u00e1ltat\u00f3ja<\/b><\/span><\/span><\/span><\/p>\n<p style=\"margin-bottom: 0cm; line-height: 100%;\">\u00a0<\/p>\n<p style=\"margin-bottom: 0cm; line-height: 100%;\" align=\"JUSTIFY\"><span style=\"color: #000000;\"><span style=\"font-family: Arial, serif;\"><span style=\"font-size: medium;\">T\u00e1rsas\u00e1gunk a honlapja fenntart\u00e1s\u00e1hoz \u00e9s kezel\u00e9s\u00e9hez adatfeldolgoz\u00f3t vesz ig\u00e9nybe, aki az IT szolg\u00e1ltat\u00e1sokat (t\u00e1rhelyszolg\u00e1ltat\u00e1s) biztos\u00edtja, \u00e9s ennek keret\u00e9ben \u2013 a vele fenn\u00e1ll\u00f3 szerz\u0151d\u00e9s\u00fcnk tartam\u00e1ig &#8211; kezeli a honlapon megadott szem\u00e9lyes adatokat, az \u00e1ltala v\u00e9gzett m\u0171velet a szem\u00e9lyes adatok t\u00e1rol\u00e1sa a szerveren. <\/span><\/span><\/span><\/p>\n<p style=\"margin-bottom: 0cm; line-height: 100%;\">\u00a0<\/p>\n<p style=\"margin-bottom: 0cm; line-height: 100%;\" align=\"JUSTIFY\"><span style=\"color: #000000;\"><span style=\"font-family: Arial, serif;\"><span style=\"font-size: medium;\">Ezen adatfeldolgoz\u00f3 megnevez\u00e9se a k\u00f6vetkez\u0151:<\/span><\/span><\/span><\/p>\n<p style=\"margin-bottom: 0cm; line-height: 100%;\" align=\"JUSTIFY\"><span style=\"font-family: Times New Roman, serif;\"><span style=\"font-size: medium;\">Webonic Kft. (8000 Sz\u00e9kesfeh\u00e9rv\u00e1r, Budai \u00fat 9-11.)<\/span><\/span><\/p>\n<p style=\"margin-bottom: 0cm; line-height: 100%;\">\u00a0<\/p>\n<p style=\"margin-bottom: 0cm; line-height: 100%;\" align=\"JUSTIFY\"><span style=\"color: #000000;\"><span style=\"font-family: Arial, serif;\"><span style=\"font-size: medium;\"><b>2. T\u00e1rsas\u00e1gunk k\u00f6nyvviteli szolg\u00e1ltat\u00f3ja<\/b><\/span><\/span><\/span><\/p>\n<p style=\"margin-bottom: 0cm; line-height: 100%;\">\u00a0<\/p>\n<p style=\"margin-bottom: 0cm; line-height: 100%;\" align=\"JUSTIFY\"><span style=\"color: #000000;\"><span style=\"font-family: Arial, serif;\"><span style=\"font-size: medium;\">A T\u00e1rsas\u00e1gunk az ad\u00f3 \u00e9s sz\u00e1mviteli k\u00f6telezetts\u00e9gei teljes\u00edt\u00e9s\u00e9hez k\u00f6nyvviteli szolg\u00e1ltat\u00f3i szerz\u0151d\u00e9ssel k\u00fcls\u0151 szolg\u00e1ltat\u00f3t vesz ig\u00e9nybe, aki kezeli a T\u00e1rsas\u00e1gunkkal szerz\u0151d\u00e9s vagy kifizet\u0151i kapcsolatba lev\u0151 term\u00e9szetes szem\u00e9lyek szem\u00e9lyes adatait is, a T\u00e1rsas\u00e1gunkat terhel\u0151 ad\u00f3 \u00e9s sz\u00e1mviteli k\u00f6telezetts\u00e9gek teljes\u00edt\u00e9se c\u00e9lj\u00e1b\u00f3l.<\/span><\/span><\/span><span style=\"color: #000000;\"><span style=\"font-family: Arial, serif;\"><span style=\"font-size: medium;\"><b> \u00a0<\/b><\/span><\/span><\/span><\/p>\n<p style=\"margin-bottom: 0cm; line-height: 100%;\" align=\"JUSTIFY\"><span style=\"color: #000000;\"><span style=\"font-family: Arial, serif;\"><span style=\"font-size: medium;\">Ezen adatfeldolgoz\u00f3 megnevez\u00e9se a k\u00f6vetkez\u0151:<\/span><\/span><\/span><\/p>\n<p style=\"margin-bottom: 0cm; line-height: 100%;\" align=\"JUSTIFY\"><span style=\"color: #000000;\"><span style=\"font-family: Arial, serif;\"><span style=\"font-size: medium;\">N\u00e9v: M\u00e1th\u00e9n\u00e9 Bal\u00e1zs Zsuzsanna<\/span><\/span><\/span><\/p>\n<p style=\"margin-bottom: 0cm; line-height: 100%;\" align=\"JUSTIFY\"><span style=\"color: #000000;\"><span style=\"font-family: Arial, serif;\"><span style=\"font-size: medium;\">Sz\u00e9khely: 3530 Miskolc, Bihari J\u00e1nos u. 5.<\/span><\/span><\/span><\/p>\n<p style=\"margin-bottom: 0cm; line-height: 100%;\" align=\"JUSTIFY\">\u00a0<\/p>\n<p style=\"margin-bottom: 0cm; line-height: 100%;\">\u00a0<\/p>\n<p style=\"margin-bottom: 0cm; line-height: 100%;\" align=\"JUSTIFY\"><span style=\"color: #000000;\"><span style=\"font-family: Arial, serif;\"><span style=\"font-size: medium;\"><b>3. \u00a0Postai szolg\u00e1ltat\u00e1sok, k\u00e9zbes\u00edt\u00e9s, csomagk\u00fcld\u00e9s <\/b><\/span><\/span><\/span><\/p>\n<p style=\"margin-bottom: 0cm; line-height: 100%;\">\u00a0<\/p>\n<p style=\"margin-bottom: 0cm; line-height: 100%;\" align=\"JUSTIFY\"><span style=\"color: #000000;\"><span style=\"font-family: Arial, serif;\"><span style=\"font-size: medium;\">Ezen adatfeldolgoz\u00f3k T\u00e1rsas\u00e1gunkt\u00f3l megkapj\u00e1k a megrendelt term\u00e9k k\u00e9zbes\u00edt\u00e9s\u00e9hez sz\u00fcks\u00e9ges szem\u00e9lyes adatokat (\u00e9rintett neve, c\u00edme, telefonsz\u00e1ma), \u00e9s ennek felhaszn\u00e1l\u00e1s\u00e1val kisz\u00e1ll\u00edtja a term\u00e9ket.<\/span><\/span><\/span><\/p>\n<p style=\"margin-bottom: 0cm; line-height: 100%;\">\u00a0<\/p>\n<p style=\"margin-bottom: 0cm; line-height: 100%;\" align=\"JUSTIFY\"><span style=\"color: #000000;\"><span style=\"font-family: Arial, serif;\"><span style=\"font-size: medium;\">Ezen szolg\u00e1ltat\u00f3k:<\/span><\/span><\/span><\/p>\n<p style=\"margin-bottom: 0cm; line-height: 100%;\">\u00a0<\/p>\n<p style=\"margin-bottom: 0cm; line-height: 100%;\" align=\"JUSTIFY\"><span style=\"color: #000000;\"><span style=\"font-family: Arial, serif;\"><span style=\"font-size: medium;\">Magyar Posta<\/span><\/span><\/span><\/p>\n<p style=\"margin-bottom: 0cm; line-height: 100%;\">\u00a0<\/p>\n<p style=\"margin-bottom: 0cm; line-height: 100%;\" align=\"JUSTIFY\">\u00a0<\/p>\n<p style=\"margin-bottom: 0cm; line-height: 100%;\" align=\"CENTER\"><span style=\"color: #000000;\"><span style=\"font-family: Arial, serif;\"><span style=\"font-size: medium;\"><b>III. FEJEZET<\/b><\/span><\/span><\/span><\/p>\n<p style=\"margin-bottom: 0cm; line-height: 100%;\" align=\"CENTER\"><span style=\"color: #000000;\"><span style=\"font-family: Arial, serif;\"><span style=\"font-size: medium;\"><b>SZERZ\u0150D\u00c9SHEZ KAPCSOL\u00d3D\u00d3 ADATKEZEL\u00c9SEK<\/b><\/span><\/span><\/span><\/p>\n<p style=\"margin-bottom: 0cm; line-height: 100%;\">\u00a0<\/p>\n<p style=\"margin-bottom: 0cm; line-height: 100%;\" align=\"JUSTIFY\"><span style=\"color: #000000;\"><span style=\"font-family: Arial, serif;\"><span style=\"font-size: medium;\"><b>1. \u00a0Szerz\u0151d\u0151 partnerek adatainak kezel\u00e9se \u2013 vev\u0151k, sz\u00e1ll\u00edt\u00f3k nyilv\u00e1ntart\u00e1sa<\/b><\/span><\/span><\/span><\/p>\n<p style=\"margin-bottom: 0cm; line-height: 100%;\">\u00a0<\/p>\n<p style=\"margin-bottom: 0cm; line-height: 100%;\" align=\"JUSTIFY\"><span style=\"color: #000000;\"><span style=\"font-family: Arial, serif;\"><span style=\"font-size: medium;\">(1) A T\u00e1rsas\u00e1g szerz\u0151d\u00e9s teljes\u00edt\u00e9se jogc\u00edm\u00e9n a szerz\u0151d\u00e9s megk\u00f6t\u00e9se, teljes\u00edt\u00e9se, megsz\u0171n\u00e9se, szerz\u0151d\u00e9si kedvezm\u00e9ny ny\u00fajt\u00e1sa c\u00e9lj\u00e1b\u00f3l kezeli a vele vev\u0151k\u00e9nt, sz\u00e1ll\u00edt\u00f3k\u00e9nt szerz\u0151d\u00f6tt term\u00e9szetes szem\u00e9ly nev\u00e9t, sz\u00fclet\u00e9si nev\u00e9t, sz\u00fclet\u00e9si idej\u00e9t, anyja nev\u00e9t, lakc\u00edm\u00e9t, ad\u00f3azonos\u00edt\u00f3 jel\u00e9t, ad\u00f3sz\u00e1m\u00e1t, v\u00e1llalkoz\u00f3i, \u0151stermel\u0151i igazolv\u00e1ny sz\u00e1m\u00e1t, szem\u00e9lyi igazolv\u00e1ny sz\u00e1m\u00e1t, \u00a0lakc\u00edm\u00e9t, sz\u00e9khely, telephely c\u00edm\u00e9t, telefonsz\u00e1m\u00e1t, e-mail c\u00edm\u00e9t, honlap-c\u00edm\u00e9t, banksz\u00e1mlasz\u00e1m\u00e1t, vev\u0151sz\u00e1m\u00e1t (\u00fcgyf\u00e9lsz\u00e1m\u00e1t, rendel\u00e9ssz\u00e1m\u00e1t), online azonos\u00edt\u00f3j\u00e1t (vev\u0151k, sz\u00e1ll\u00edt\u00f3k list\u00e1ja, t\u00f6rzsv\u00e1s\u00e1rl\u00e1si list\u00e1k), Ezen adatkezel\u00e9s jogszer\u0171nek min\u0151s\u00fcl akkor is, ha az adatkezel\u00e9s a szerz\u0151d\u00e9s megk\u00f6t\u00e9s\u00e9t megel\u0151z\u0151en az \u00e9rintett k\u00e9r\u00e9s\u00e9re t\u00f6rt\u00e9n\u0151 l\u00e9p\u00e9sek megt\u00e9tel\u00e9hez sz\u00fcks\u00e9ges. A szem\u00e9lyes adatok c\u00edmzettjei: a T\u00e1rsas\u00e1g \u00fcgyf\u00e9lkiszolg\u00e1l\u00e1ssal kapcsolatos feladatokat ell\u00e1t\u00f3 munkav\u00e1llal\u00f3i, k\u00f6nyvel\u00e9si, ad\u00f3z\u00e1si feladatokat ell\u00e1t\u00f3 munkav\u00e1llal\u00f3i, \u00e9s adatfeldolgoz\u00f3i. A szem\u00e9lyes adatok kezel\u00e9s\u00e9nek id\u0151tartama: a szerz\u0151d\u00e9s megsz\u0171n\u00e9s\u00e9t k\u00f6vet\u0151 5 \u00e9v. <\/span><\/span><\/span><\/p>\n<p style=\"margin-bottom: 0cm; line-height: 100%;\">\u00a0<\/p>\n<p style=\"margin-bottom: 0cm; line-height: 100%;\" align=\"JUSTIFY\"><span style=\"color: #000000;\"><span style=\"font-family: Arial, serif;\"><span style=\"font-size: medium;\">(2) Az \u00e9rintettel az adatkezel\u00e9s megkezd\u00e9se el\u0151tt k\u00f6z\u00f6lni kell, hogy az adatkezel\u00e9s a szerz\u0151d\u00e9s teljes\u00edt\u00e9se jogc\u00edm\u00e9n alapul, az a t\u00e1j\u00e9koztat\u00e1s t\u00f6rt\u00e9nhet a szerz\u0151d\u00e9sben is. <\/span><\/span><\/span><\/p>\n<p style=\"margin-bottom: 0cm; line-height: 100%;\">\u00a0<\/p>\n<p style=\"margin-bottom: 0cm; line-height: 100%;\" align=\"JUSTIFY\"><span style=\"color: #000000;\"><span style=\"font-family: Arial, serif;\"><span style=\"font-size: medium;\">(3) Az \u00e9rintettet szem\u00e9lyes adatai adatfeldogoz\u00f3 r\u00e9sz\u00e9re t\u00f6rt\u00e9n\u0151 \u00e1tad\u00e1s\u00e1r\u00f3l t\u00e1j\u00e9koztatni kell. <\/span><\/span><\/span><\/p>\n<p style=\"margin-bottom: 0cm; line-height: 100%;\">\u00a0<\/p>\n<p style=\"margin-bottom: 0cm; line-height: 100%;\" align=\"JUSTIFY\"><span style=\"color: #000000;\"><span style=\"font-family: Arial, serif;\"><span style=\"font-size: medium;\"><b>2. \u00a0Jogi szem\u00e9ly \u00fcgyfelek, vev\u0151k, sz\u00e1ll\u00edt\u00f3k term\u00e9szetes szem\u00e9ly k\u00e9pvisel\u0151inek el\u00e9rhet\u0151s\u00e9gi adatai <\/b><\/span><\/span><\/span><\/p>\n<p style=\"margin-bottom: 0cm; line-height: 100%;\">\u00a0<\/p>\n<p style=\"margin-bottom: 0cm; line-height: 100%;\" align=\"JUSTIFY\"><span style=\"color: #000000;\"><span style=\"font-family: Arial, serif;\"><span style=\"font-size: medium;\">(1) A kezelhet\u0151 szem\u00e9lyes adatok k\u00f6re: a term\u00e9szetes szem\u00e9ly neve, c\u00edme, telefonsz\u00e1ma, e-mail c\u00edme, online azonos\u00edt\u00f3ja.<\/span><\/span><\/span><\/p>\n<p style=\"margin-bottom: 0cm; line-height: 100%;\" align=\"JUSTIFY\">\u00a0<\/p>\n<p style=\"margin-bottom: 0cm; line-height: 100%;\" align=\"JUSTIFY\"><span style=\"color: #000000;\"><span style=\"font-family: Arial, serif;\"><span style=\"font-size: medium;\">(2) A szem\u00e9lyes adatok kezel\u00e9s\u00e9nek c\u00e9lja: a T\u00e1rsas\u00e1g jogi szem\u00e9ly partner\u00e9vel k\u00f6t\u00f6tt szerz\u0151d\u00e9s teljes\u00edt\u00e9se, \u00fczleti kapcsolattart\u00e1s, jogalapja: az \u00e9rintett hozz\u00e1j\u00e1rul\u00e1sa.<\/span><\/span><\/span><\/p>\n<p style=\"margin-bottom: 0cm; line-height: 100%;\">\u00a0<\/p>\n<p style=\"margin-bottom: 0cm; line-height: 100%;\" align=\"JUSTIFY\"><span style=\"color: #000000;\"><span style=\"font-family: Arial, serif;\"><span style=\"font-size: medium;\">(3) A szem\u00e9lyes adatok c\u00edmzettjei, illetve a c\u00edmzettek kateg\u00f3ri\u00e1i: a T\u00e1rsas\u00e1g \u00fcgyf\u00e9lszolg\u00e1lattal kapcsolatos feladatokat ell\u00e1t\u00f3 munkav\u00e1llal\u00f3i.<\/span><\/span><\/span><\/p>\n<p style=\"margin-bottom: 0cm; line-height: 100%;\">\u00a0<\/p>\n<p style=\"margin-bottom: 0cm; line-height: 100%;\" align=\"JUSTIFY\"><span style=\"color: #000000;\"><span style=\"font-family: Arial, serif;\"><span style=\"font-size: medium;\">(4) A szem\u00e9lyes adatok t\u00e1rol\u00e1s\u00e1nak id\u0151tartama: az \u00fczleti kapcsolat, illetve az \u00e9rintett k\u00e9pvisel\u0151i min\u0151s\u00e9g\u00e9nek fenn\u00e1ll\u00e1s\u00e1t k\u00f6vet\u0151 5 \u00e9vig. <\/span><\/span><\/span><\/p>\n<p style=\"margin-bottom: 0cm; line-height: 100%;\">\u00a0<\/p>\n<p style=\"margin-bottom: 0cm; line-height: 100%;\"><span style=\"color: #000000;\"><span style=\"font-family: Arial, serif;\"><span style=\"font-size: medium;\"><b>3. \u00a0Az \u00fcgyf\u00e9lszolg\u00e1lat telefonos hangfelv\u00e9tel k\u00e9sz\u00edt\u00e9se<\/b><\/span><\/span><\/span><\/p>\n<p style=\"margin-bottom: 0cm; line-height: 100%;\">\u00a0<\/p>\n<p style=\"margin-bottom: 0cm; line-height: 100%;\" align=\"JUSTIFY\"><span style=\"color: #000000;\"><span style=\"font-family: Arial, serif;\"><span style=\"font-size: medium;\">(1) A T\u00e1rsas\u00e1g az \u00fcgyf\u00e9lszolg\u00e1lat\u00e1val t\u00f6rt\u00e9n\u0151 telefonos kommunik\u00e1ci\u00f3t az \u00e9rt\u00e9kes\u00edt\u00e9sek, szolg\u00e1ltat\u00e1sok teljes\u00edt\u00e9se, illetve az arr\u00f3l val\u00f3 t\u00e1j\u00e9koztat\u00e1s c\u00e9lj\u00e1b\u00f3l hangfelv\u00e9tellel r\u00f6gz\u00edti. Ezen adatkezel\u00e9s jogalapja az \u00e9rintett hozz\u00e1j\u00e1rul\u00e1sa.<\/span><\/span><\/span><\/p>\n<p style=\"margin-bottom: 0cm; line-height: 100%;\">\u00a0<\/p>\n<p style=\"margin-bottom: 0cm; line-height: 100%;\" align=\"JUSTIFY\"><span style=\"color: #000000;\"><span style=\"font-family: Arial, serif;\"><span style=\"font-size: medium;\">(2) A hangfelv\u00e9tel k\u00e9sz\u00edt\u00e9s\u00e9r\u0151l a h\u00edv\u00e1s elej\u00e9n t\u00e1j\u00e9koztatni kell, \u00e9s hozz\u00e1j\u00e1rul\u00e1s\u00e1t kell k\u00e9rni. <\/span><\/span><\/span><\/p>\n<p style=\"margin-bottom: 0cm; line-height: 100%;\">\u00a0<\/p>\n<p style=\"margin-bottom: 0cm; line-height: 100%;\" align=\"JUSTIFY\"><span style=\"color: #000000;\"><span style=\"font-family: Arial, serif;\"><span style=\"font-size: medium;\">(3) A telefonbesz\u00e9lget\u00e9sek r\u00f6gz\u00edt\u00e9s\u00e9n\u00e9l az al\u00e1bbi adatokat t\u00e1roljuk: telefonsz\u00e1m, a h\u00edv\u00e1s id\u0151pontja, a r\u00f6gz\u00edtett besz\u00e9lget\u00e9s hangfelv\u00e9tele, a besz\u00e9lget\u00e9s sor\u00e1n megadott szem\u00e9lyes adatok. <\/span><\/span><\/span><\/p>\n<p style=\"margin-bottom: 0cm; line-height: 100%;\">\u00a0<\/p>\n<p style=\"margin-bottom: 0cm; line-height: 100%;\" align=\"JUSTIFY\"><span style=\"color: #000000;\"><span style=\"font-family: Arial, serif;\"><span style=\"font-size: medium;\">(4) A szem\u00e9lyes adatok c\u00edmzettjei, illetve a c\u00edmzettek kateg\u00f3ri\u00e1i: a T\u00e1rsas\u00e1g \u00fcgyf\u00e9lszolg\u00e1lattal kapcsolatos feladatokat ell\u00e1t\u00f3 munkav\u00e1llal\u00f3i.<\/span><\/span><\/span><\/p>\n<p style=\"margin-bottom: 0cm; line-height: 100%;\">\u00a0<\/p>\n<p style=\"margin-bottom: 0cm; line-height: 100%;\" align=\"JUSTIFY\"><span style=\"color: #000000;\"><span style=\"font-family: Arial, serif;\"><span style=\"font-size: medium;\">(5) A telefonbesz\u00e9lget\u00e9seket 5 \u00e9vig \u0151rizz\u00fck. A r\u00f6gz\u00edtett hanganyagok telefonsz\u00e1m \u00e9s a besz\u00e9lget\u00e9s d\u00e1tuma alapj\u00e1n visszakereshet\u0151k. <\/span><\/span><\/span><\/p>\n<p style=\"margin-bottom: 0cm; line-height: 100%;\">\u00a0<\/p>\n<p style=\"margin-bottom: 0cm; line-height: 100%;\" align=\"JUSTIFY\"><span style=\"color: #000000;\"><span style=\"font-family: Arial, serif;\"><span style=\"font-size: medium;\"><b>4. \u00a0L\u00e1togat\u00f3i adatkezel\u00e9s a T\u00e1rsas\u00e1g honlapj\u00e1n \u00a0<\/b><\/span><\/span><\/span><\/p>\n<p style=\"margin-bottom: 0cm; line-height: 100%;\">\u00a0<\/p>\n<p style=\"margin-bottom: 0cm; line-height: 100%;\" align=\"JUSTIFY\"><span style=\"color: #000000;\"><span style=\"font-family: Arial, serif;\"><span style=\"font-size: medium;\">(1) \u00a0A S\u00fctik (cookie-k)<\/span><\/span><\/span><span style=\"color: #000000;\"><span style=\"font-family: Arial, serif;\"><span style=\"font-size: medium;\"><b>\u00a0<\/b><\/span><\/span><\/span><span style=\"color: #000000;\"><span style=\"font-family: Arial, serif;\"><span style=\"font-size: medium;\">r\u00f6vid adatf\u00e1jlok, melyeket a megl\u00e1togatott honlap helyez el a felhaszn\u00e1l\u00f3 sz\u00e1m\u00edt\u00f3g\u00e9p\u00e9n. A cookie c\u00e9lja, hogy az adott infokommunik\u00e1ci\u00f3s, internetes szolg\u00e1ltat\u00e1st megk\u00f6nny\u00edtse, k\u00e9nyelmesebb\u00e9 tegye. Sz\u00e1mos fajt\u00e1ja l\u00e9tezik, de \u00e1ltal\u00e1ban k\u00e9t nagy csoportba sorolhat\u00f3ak. Az egyik az ideiglenes cookie, amelyet a honlap csak egy adott munkamenet sor\u00e1n (pl.: egy internetes bankol\u00e1s biztons\u00e1gi azonos\u00edt\u00e1sa alatt) helyez el a felhaszn\u00e1l\u00f3 eszk\u00f6z\u00e9n, a m\u00e1sik fajt\u00e1ja az \u00e1lland\u00f3 cookie (pl.: egy honlap nyelvi be\u00e1ll\u00edt\u00e1sa), amely addig a sz\u00e1m\u00edt\u00f3g\u00e9pen marad, am\u00edg a felhaszn\u00e1l\u00f3 le nem t\u00f6rli azt. Az Eur\u00f3pai Bizotts\u00e1g ir\u00e1nyelvei alapj\u00e1n cookie-kat [kiv\u00e9ve, ha azok az adott szolg\u00e1ltat\u00e1s haszn\u00e1lat\u00e1hoz elengedhetetlen\u00fcl sz\u00fcks\u00e9gesek] csak a felhaszn\u00e1l\u00f3 enged\u00e9ly\u00e9vel lehet a felhaszn\u00e1l\u00f3 eszk\u00f6z\u00e9n elhelyezni.\u00a0<\/span><\/span><\/span><\/p>\n<p style=\"margin-bottom: 0cm; line-height: 100%;\">\u00a0<\/p>\n<p style=\"margin-bottom: 0cm; line-height: 100%;\" align=\"JUSTIFY\"><span style=\"color: #000000;\"><span style=\"font-family: Arial, serif;\"><span style=\"font-size: medium;\">(2) A felhaszn\u00e1l\u00f3 hozz\u00e1j\u00e1rul\u00e1s\u00e1t nem ig\u00e9nyl\u0151 s\u00fctik eset\u00e9ben a honlap els\u0151 l\u00e1togat\u00e1sa sor\u00e1n kell t\u00e1j\u00e9koztat\u00e1st ny\u00fajtani. Nem sz\u00fcks\u00e9ges, hogy a s\u00fctikre vonatkoz\u00f3 t\u00e1j\u00e9koztat\u00f3 teljes sz\u00f6vege megjelenjen a honlapon, elegend\u0151, ha a honlap \u00fczemeltet\u0151i r\u00f6viden \u00f6sszefoglalj\u00e1k a t\u00e1j\u00e9koztat\u00e1s l\u00e9nyeg\u00e9t, \u00e9s egy linken kereszt\u00fcl utalnak a teljes k\u00f6r\u0171 t\u00e1j\u00e9koztat\u00f3 el\u00e9rhet\u0151s\u00e9g\u00e9re. <\/span><\/span><\/span><\/p>\n<p style=\"margin-bottom: 0cm; line-height: 100%;\">\u00a0<\/p>\n<p style=\"margin-bottom: 0cm; line-height: 100%;\" align=\"JUSTIFY\"><span style=\"color: #000000;\"><span style=\"font-family: Arial, serif;\"><span style=\"font-size: medium;\">(3) A hozz\u00e1j\u00e1rul\u00e1st ig\u00e9nyl\u0151 s\u00fctik eset\u00e9ben a t\u00e1j\u00e9koztat\u00e1s kapcsol\u00f3dhat a honlap els\u0151 l\u00e1togat\u00e1s\u00e1hoz is abban az esetben, ha a s\u00fctik alkalmaz\u00e1s\u00e1val egy\u00fctt j\u00e1r\u00f3 adatkezel\u00e9s m\u00e1r az oldal felkeres\u00e9s\u00e9vel megkezd\u0151dik. Amennyiben a s\u00fcti alkalmaz\u00e1s\u00e1ra a felhaszn\u00e1l\u00f3 \u00e1ltal kifejezetten k\u00e9rt funkci\u00f3 ig\u00e9nybev\u00e9tel\u00e9hez kapcsol\u00f3dik, akkor a t\u00e1j\u00e9koztat\u00e1s is megjelenhet e funkci\u00f3 ig\u00e9nybev\u00e9tel\u00e9hez kapcsol\u00f3d\u00f3an. Ebben az esetben sem sz\u00fcks\u00e9ges az, hogy a s\u00fctikre vonatkoz\u00f3 t\u00e1j\u00e9koztat\u00f3 teljes sz\u00f6vege megjelenjen a honlapon, elegend\u0151 egy r\u00f6vid \u00f6sszefoglal\u00f3 a t\u00e1j\u00e9koztat\u00e1s l\u00e9nyeg\u00e9r\u0151l, \u00e9s egy linken kereszt\u00fcl utal\u00e1s a teljes k\u00f6r\u0171 t\u00e1j\u00e9koztat\u00f3 el\u00e9rhet\u0151s\u00e9g\u00e9re. <\/span><\/span><\/span><\/p>\n<p style=\"margin-bottom: 0cm; line-height: 100%;\">\u00a0<\/p>\n<p style=\"margin-bottom: 0cm; line-height: 100%;\" align=\"JUSTIFY\"><span style=\"color: #000000;\"><span style=\"font-family: Arial, serif;\"><span style=\"font-size: medium;\"><b>5. \u00a0T\u00e1j\u00e9koztat\u00e1s s\u00fctik (cookie) alkalmaz\u00e1s\u00e1r\u00f3l<\/b><\/span><\/span><\/span><\/p>\n<p style=\"margin-bottom: 0cm; line-height: 100%;\">\u00a0<\/p>\n<p style=\"margin-bottom: 0.26cm; background-image: initial; background-position: initial; background-size: initial; background-repeat: initial; background-attachment: initial; background-origin: initial; background-clip: initial; line-height: 100%;\" align=\"JUSTIFY\"><span style=\"color: #000000;\"><span style=\"font-family: Arial, serif;\"><span style=\"font-size: medium;\">(1) \u00a0Az \u00e1ltal\u00e1nos elterjedt internetes gyakorlatnak megfelel\u0151en T\u00e1rsas\u00e1gunk is haszn\u00e1l s\u00fctiket (cookie) a weboldal\u00e1n. A cookie egy kis f\u00e1jl, amely egy sor karaktert tartalmaz, \u00e9s amely akkor ker\u00fcl a l\u00e1togat\u00f3 sz\u00e1m\u00edt\u00f3g\u00e9p\u00e9re, amikor az egy webhelyet keres fel. Amikor ism\u00e9t felkeresi az adott webhelyet, a cookie-nak k\u00f6sz\u00f6nhet\u0151en a webhely k\u00e9pes felismerni a l\u00e1togat\u00f3 b\u00f6ng\u00e9sz\u0151j\u00e9t. \u00a0A cookie-k t\u00e1rolhatnak felhaszn\u00e1l\u00f3i be\u00e1ll\u00edt\u00e1sokat (pl. v\u00e1lasztott nyelv) \u00e9s egy\u00e9b inform\u00e1ci\u00f3kat is. T\u00f6bbek k\u00f6z\u00f6tt inform\u00e1ci\u00f3t gy\u0171jtenek a l\u00e1togat\u00f3r\u00f3l \u00e9s eszk\u00f6z\u00e9r\u0151l, megjegyzik a l\u00e1togat\u00f3 egy\u00e9ni be\u00e1ll\u00edt\u00e1sait, felhaszn\u00e1l\u00e1sra ker\u00fclhetnek pl. az online bev\u00e1s\u00e1rl\u00f3kosarak haszn\u00e1latakor. \u00a0A s\u00fctik \u00e1ltal\u00e1noss\u00e1gban megk\u00f6nny\u00edtik a weboldal haszn\u00e1lat\u00e1t, el\u0151seg\u00edtik, hogy a weboldal a felhaszn\u00e1l\u00f3k sz\u00e1m\u00e1ra igazi webes \u00e9lm\u00e9nyt ny\u00fajtson, \u00e9s hat\u00e9kony inform\u00e1ci\u00f3forr\u00e1st jelentsen, tov\u00e1bb\u00e1 biztos\u00edtj\u00e1k a weboldal \u00fczemeltet\u0151je r\u00e9sz\u00e9re az oldal m\u0171k\u00f6d\u00e9s\u00e9nek ellen\u0151rz\u00e9s\u00e9t, vissza\u00e9l\u00e9sek megakad\u00e1lyoz\u00e1s\u00e1t \u00e9s a weboldalon ny\u00fajtott szolg\u00e1ltat\u00e1sok zavartalan \u00e9s megfelel\u0151 sz\u00ednvonal\u00fa biztos\u00edt\u00e1s\u00e1t.<\/span><\/span><\/span><\/p>\n<p style=\"margin-bottom: 0.26cm; background-image: initial; background-position: initial; background-size: initial; background-repeat: initial; background-attachment: initial; background-origin: initial; background-clip: initial; line-height: 100%;\"><span style=\"color: #000000;\"><span style=\"font-family: Arial, serif;\"><span style=\"font-size: medium;\">(2) T\u00e1rsas\u00e1gunk honlapja a weboldal haszn\u00e1lata sor\u00e1n a l\u00e1togat\u00f3r\u00f3l, illetve az \u00e1ltala b\u00f6ng\u00e9sz\u00e9sre haszn\u00e1lt eszk\u00f6zr\u0151l az al\u00e1bbi adatokat r\u00f6gz\u00edti \u00e9s kezeli:<br \/>\u2022 az l\u00e1togat\u00f3 \u00e1ltal haszn\u00e1lt IP c\u00edm,<br \/>\u2022 a b\u00f6ng\u00e9sz\u0151 t\u00edpusa,<br \/>\u2022 a b\u00f6ng\u00e9sz\u00e9sre haszn\u00e1lt eszk\u00f6z oper\u00e1ci\u00f3s rendszer\u00e9nek jellemz\u0151i (be\u00e1ll\u00edtott nyelv),<br \/>\u2022 l\u00e1togat\u00e1s id\u0151pontja,<br \/>\u2022 a megl\u00e1togatott (al)oldal, funkci\u00f3 vagy szolg\u00e1ltat\u00e1s.<\/span><\/span><\/span><\/p>\n<p style=\"margin-bottom: 0.26cm; background-image: initial; background-position: initial; background-size: initial; background-repeat: initial; background-attachment: initial; background-origin: initial; background-clip: initial; line-height: 100%;\"><span style=\"color: #000000;\"><span style=\"font-family: Arial, serif;\"><span style=\"font-size: medium;\">(3) A s\u00fctik haszn\u00e1lat\u00e1nak elfogad\u00e1sa, enged\u00e9lyez\u00e9se nem k\u00f6telez\u0151. \u00a0Vissza\u00e1ll\u00edthatja b\u00f6ng\u00e9sz\u0151je be\u00e1ll\u00edt\u00e1sait, hogy az utas\u00edtsa el az \u00f6sszes cookie-t, vagy hogy jelezze, ha a rendszer \u00e9ppen egy cookie-t k\u00fcld. \u00a0A legt\u00f6bb b\u00f6ng\u00e9sz\u0151 ugyan alap\u00e9rtelmezettk\u00e9nt automatikusan elfogadja a s\u00fctiket, de ezek \u00e1ltal\u00e1ban megv\u00e1ltoztathat\u00f3ak annak \u00e9rdek\u00e9ben, hogy megakad\u00e1lyozhat\u00f3 legyen az automatikus elfogad\u00e1s \u00e9s minden alkalommal felaj\u00e1nlja a v\u00e1laszt\u00e1s lehet\u0151s\u00e9g\u00e9t.<\/span><\/span><\/span><\/p>\n<p style=\"margin-bottom: 0.26cm; background-image: initial; background-position: initial; background-size: initial; background-repeat: initial; background-attachment: initial; background-origin: initial; background-clip: initial; line-height: 100%;\"><span style=\"color: #000000;\"><span style=\"font-family: Arial, serif;\"><span style=\"font-size: medium;\"><b>A legn\u00e9pszer\u0171bb b\u00f6ng\u00e9sz\u0151k s\u00fcti be\u00e1ll\u00edt\u00e1sair\u00f3l az al\u00e1bbi linkeken t\u00e1j\u00e9koz\u00f3dhat<\/b><\/span><\/span><\/span><span style=\"color: #000000;\"><span style=\"font-family: Arial, serif;\"><span style=\"font-size: medium;\"><br \/>\u2022 Google Chrome:\u00a0<\/span><\/span><\/span><a href=\"https:\/\/support.google.com\/accounts\/answer\/61416?hl=hu\"><span style=\"color: #000000;\"><span style=\"font-family: Arial, serif;\"><span style=\"font-size: medium;\"><u>https:\/\/support.google.com\/accounts\/answer\/61416?hl=hu<\/u><\/span><\/span><\/span><span style=\"color: #000000;\"><span style=\"font-family: Arial, serif;\"><span style=\"font-size: medium;\"><br \/><\/span><\/span><\/span><\/a><span style=\"color: #000000;\"><span style=\"font-family: Arial, serif;\"><span style=\"font-size: medium;\">\u2022 Firefox:\u00a0<\/span><\/span><\/span><a href=\"https:\/\/support.mozilla.org\/hu\/kb\/sutik-engedelyezese-es-tiltasa-amit-weboldak-haszn\"><span style=\"color: #000000;\"><span style=\"font-family: Arial, serif;\"><span style=\"font-size: medium;\"><u>https:\/\/support.mozilla.org\/hu\/kb\/sutik-engedelyezese-es-tiltasa-amit-weboldak-haszn<\/u><\/span><\/span><\/span><span style=\"color: #000000;\"><span style=\"font-family: Arial, serif;\"><span style=\"font-size: medium;\"><br \/><\/span><\/span><\/span><\/a><span style=\"color: #000000;\"><span style=\"font-family: Arial, serif;\"><span style=\"font-size: medium;\">\u2022 Microsoft Internet Explorer 11:\u00a0<\/span><\/span><\/span><a href=\"#ie=ie-11\"><span style=\"color: #000000;\"><span style=\"font-family: Arial, serif;\"><span style=\"font-size: medium;\"><u>http:\/\/windows.microsoft.com\/hu-hu\/internet-explorer\/delete-manage-cookies#ie=ie-11<\/u><\/span><\/span><\/span><span style=\"color: #000000;\"><span style=\"font-family: Arial, serif;\"><span style=\"font-size: medium;\"><br \/><\/span><\/span><\/span><\/a><span style=\"color: #000000;\"><span style=\"font-family: Arial, serif;\"><span style=\"font-size: medium;\">\u2022 Microsoft Internet Explorer 10:\u00a0<\/span><\/span><\/span><a href=\"#ie=ie-10-win-7\"><span style=\"color: #000000;\"><span style=\"font-family: Arial, serif;\"><span style=\"font-size: medium;\"><u>http:\/\/windows.microsoft.com\/hu-hu\/internet-explorer\/delete-manage-cookies#ie=ie-10-win-7<\/u><\/span><\/span><\/span><span style=\"color: #000000;\"><span style=\"font-family: Arial, serif;\"><span style=\"font-size: medium;\"><br \/><\/span><\/span><\/span><\/a><span style=\"color: #000000;\"><span style=\"font-family: Arial, serif;\"><span style=\"font-size: medium;\">\u2022 Microsoft Internet Explorer 9:\u00a0<\/span><\/span><\/span><a href=\"#ie=ie-9\"><span style=\"color: #000000;\"><span style=\"font-family: Arial, serif;\"><span style=\"font-size: medium;\"><u>http:\/\/windows.microsoft.com\/hu-hu\/internet-explorer\/delete-manage-cookies#ie=ie-9<\/u><\/span><\/span><\/span><span style=\"color: #000000;\"><span style=\"font-family: Arial, serif;\"><span style=\"font-size: medium;\"><br \/><\/span><\/span><\/span><\/a><span style=\"color: #000000;\"><span style=\"font-family: Arial, serif;\"><span style=\"font-size: medium;\">\u2022 Microsoft Internet Explorer 8:\u00a0<\/span><\/span><\/span><a href=\"#ie=ie-8\"><span style=\"color: #000000;\"><span style=\"font-family: Arial, serif;\"><span style=\"font-size: medium;\"><u>http:\/\/windows.microsoft.com\/hu-hu\/internet-explorer\/delete-manage-cookies#ie=ie-8<\/u><\/span><\/span><\/span><span style=\"color: #000000;\"><span style=\"font-family: Arial, serif;\"><span style=\"font-size: medium;\"><br \/><\/span><\/span><\/span><\/a><span style=\"color: #000000;\"><span style=\"font-family: Arial, serif;\"><span style=\"font-size: medium;\">\u2022 Microsoft Edge:\u00a0<\/span><\/span><\/span><a href=\"http:\/\/windows.microsoft.com\/hu-hu\/windows-10\/edge-privacy-faq\"><span style=\"color: #000000;\"><span style=\"font-family: Arial, serif;\"><span style=\"font-size: medium;\"><u>http:\/\/windows.microsoft.com\/hu-hu\/windows-10\/edge-privacy-faq<\/u><\/span><\/span><\/span><span style=\"color: #000000;\"><span style=\"font-family: Arial, serif;\"><span style=\"font-size: medium;\"><br \/><\/span><\/span><\/span><\/a><span style=\"color: #000000;\"><span style=\"font-family: Arial, serif;\"><span style=\"font-size: medium;\">\u2022 Safari:\u00a0<\/span><\/span><\/span><a href=\"https:\/\/support.apple.com\/hu-hu\/HT201265\"><span style=\"color: #000000;\"><span style=\"font-family: Arial, serif;\"><span style=\"font-size: medium;\"><u>https:\/\/support.apple.com\/hu-hu\/HT201265<\/u><\/span><\/span><\/span><\/a><\/p>\n<p style=\"margin-bottom: 0.26cm; background-image: initial; background-position: initial; background-size: initial; background-repeat: initial; background-attachment: initial; background-origin: initial; background-clip: initial; line-height: 100%;\"><span style=\"color: #000000;\"><span style=\"font-family: Arial, serif;\"><span style=\"font-size: medium;\">Mindezek mellett azonban felh\u00edvjuk a figyelmet arra, hogy \u00a0el\u0151fordulhat, hogy bizonyos webhelyfunkci\u00f3k vagy -szolg\u00e1ltat\u00e1sok nem fognak megfelel\u0151en m\u0171k\u00f6dni cookie-k n\u00e9lk\u00fcl. <\/span><\/span><\/span><\/p>\n<p style=\"margin-bottom: 0cm; line-height: 100%;\">\u00a0<\/p>\n<p style=\"margin-bottom: 0cm; line-height: 100%;\" align=\"JUSTIFY\"><span style=\"color: #000000;\"><span style=\"font-family: Arial, serif;\"><span style=\"font-size: medium;\">(4) A weboldalon haszn\u00e1lt s\u00fctik \u00f6nmagukban nem alkalmasak a felhaszn\u00e1l\u00f3 szem\u00e9ly\u00e9nek beazonos\u00edt\u00e1s\u00e1ra.<\/span><\/span><\/span><\/p>\n<p style=\"margin-bottom: 0cm; line-height: 100%;\">\u00a0<\/p>\n<p style=\"margin-bottom: 0cm; line-height: 100%;\" align=\"JUSTIFY\"><span style=\"color: #000000;\"><span style=\"font-family: Arial, serif;\"><span style=\"font-size: medium;\">(5) \u00a0T\u00e1rsas\u00e1g honlapj\u00e1n alkalmazott s\u00fctik:<\/span><\/span><\/span><\/p>\n<p style=\"margin-bottom: 0cm; line-height: 100%;\">\u00a0<\/p>\n<p style=\"margin-bottom: 0cm; line-height: 100%;\" align=\"JUSTIFY\"><span style=\"color: #000000;\"><span style=\"font-family: Arial, serif;\"><span style=\"font-size: medium;\">1. Technikailag elengedhetetlen\u00fcl sz\u00fcks\u00e9ges munkamenet (session) s\u00fctik<\/span><\/span><\/span><\/p>\n<p style=\"margin-bottom: 0cm; line-height: 100%;\" align=\"JUSTIFY\"><span style=\"color: #000000;\"><span style=\"font-family: Arial, serif;\"><span style=\"font-size: medium;\">Ezek a s\u00fctik ahhoz sz\u00fcks\u00e9gesek, hogy a l\u00e1togat\u00f3k b\u00f6ng\u00e9szhess\u00e9k a weboldalt, z\u00f6kken\u0151mentesen \u00e9s teljes k\u00f6r\u0171en haszn\u00e1lhass\u00e1k annak funkci\u00f3it, a weboldalon kereszt\u00fcl el\u00e9rhet\u0151 szolg\u00e1ltat\u00e1sokat, \u00edgy &#8211; t\u00f6bbek k\u00f6z\u00f6tt- k\u00fcl\u00f6n\u00f6sen a l\u00e1togat\u00f3 \u00e1ltal az adott oldalakon v\u00e9gzett m\u0171veletek megjegyz\u00e9s\u00e9t egy l\u00e1togat\u00e1s sor\u00e1n. Ezen s\u00fctik adatkezel\u00e9s\u00e9nek id\u0151tartama kiz\u00e1r\u00f3lag a l\u00e1togat\u00f3 aktu\u00e1lis l\u00e1togat\u00e1s\u00e1ra vonatkozik, a munkamenet v\u00e9gezt\u00e9vel, illetve a b\u00f6ng\u00e9sz\u0151 bez\u00e1r\u00e1s\u00e1val a s\u00fctik e fajt\u00e1ja automatikusan t\u00f6rl\u0151dik a sz\u00e1m\u00edt\u00f3g\u00e9p\u00e9r\u0151l.<\/span><\/span><\/span><\/p>\n<p style=\"margin-bottom: 0cm; line-height: 100%;\" align=\"JUSTIFY\"><span style=\"color: #000000;\"><span style=\"font-family: Arial, serif;\"><span style=\"font-size: medium;\">A kezelt adatk\u00f6r: n\u00e9v, email-c\u00edm, postac\u00edm<\/span><\/span><\/span><\/p>\n<p style=\"margin-bottom: 0cm; line-height: 100%;\" align=\"JUSTIFY\"><span style=\"color: #000000;\"><span style=\"font-family: Arial, serif;\"><span style=\"font-size: medium;\">Ezen adatkezel\u00e9s jogalapja az elektronikus kereskedelmi szolg\u00e1ltat\u00e1sok, valamint az inform\u00e1ci\u00f3s t\u00e1rsadalmi szolg\u00e1ltat\u00e1sok egyes k\u00e9rd\u00e9seir\u0151l sz\u00f3l\u00f3 2001. CVIII. t\u00f6rv\u00e9ny (Elkertv.) 13\/A. \u00a7 (3) bekezd\u00e9se. <\/span><\/span><\/span><\/p>\n<p style=\"margin-bottom: 0cm; line-height: 100%;\" align=\"JUSTIFY\"><span style=\"color: #000000;\"><span style=\"font-family: Arial, serif;\"><span style=\"font-size: medium;\">Az adatkezel\u00e9s c\u00e9lja: a honlap megfelel\u0151 m\u0171k\u00f6d\u00e9s\u00e9nek biztos\u00edt\u00e1sa.<\/span><\/span><\/span><\/p>\n<p style=\"margin-bottom: 0cm; line-height: 100%;\">\u00a0<\/p>\n<p style=\"margin-bottom: 0cm; line-height: 100%;\" align=\"JUSTIFY\"><span style=\"color: #000000;\"><span style=\"font-family: Arial, serif;\"><span style=\"font-size: medium;\">2. Hozz\u00e1j\u00e1rul\u00e1st ig\u00e9nyl\u0151 s\u00fctik: <\/span><\/span><\/span><\/p>\n<p style=\"margin-bottom: 0cm; line-height: 100%;\" align=\"JUSTIFY\"><span style=\"color: #000000;\"><span style=\"font-family: Arial, serif;\"><span style=\"font-size: medium;\">Ezek lehet\u0151s\u00e9get biztos\u00edtanak, hogy a T\u00e1rsas\u00e1g megjegyezhesse a felhaszn\u00e1l\u00f3 honlappal kapcsolatos v\u00e1laszt\u00e1sait. A l\u00e1togat\u00f3 a szolg\u00e1ltat\u00e1s ig\u00e9nybev\u00e9tel\u00e9t megel\u0151z\u0151en \u00e9s a szolg\u00e1ltat\u00e1s ig\u00e9nybev\u00e9tele sor\u00e1n ezen adatkezel\u00e9st b\u00e1rmikor megtilthatja. \u00a0Ezek az adatok nem kapcsolhat\u00f3k \u00f6ssze az ig\u00e9nybe vev\u0151 azonos\u00edt\u00f3 adataival \u00e9s az ig\u00e9nybe vev\u0151 hozz\u00e1j\u00e1rul\u00e1sa n\u00e9lk\u00fcl nem adhat\u00f3k \u00e1t harmadik szem\u00e9ly sz\u00e1m\u00e1ra.<\/span><\/span><\/span><\/p>\n<p style=\"margin-bottom: 0cm; line-height: 100%;\">\u00a0<\/p>\n<p style=\"margin-bottom: 0cm; line-height: 100%;\" align=\"JUSTIFY\"><span style=\"color: #000000;\"> <span style=\"font-family: Arial, serif;\"><span style=\"font-size: medium;\">2.1. Haszn\u00e1latot el\u0151seg\u00edt\u0151 s\u00fctik:<\/span><\/span><\/span><\/p>\n<p style=\"margin-bottom: 0cm; line-height: 100%;\" align=\"JUSTIFY\"><span style=\"color: #000000;\"><span style=\"font-family: Arial, serif;\"><span style=\"font-size: medium;\">Az adatkezel\u00e9s jogalapja a l\u00e1togat\u00f3 hozz\u00e1j\u00e1rul\u00e1sa.<\/span><\/span><\/span><\/p>\n<p style=\"margin-bottom: 0cm; line-height: 100%;\" align=\"JUSTIFY\"><span style=\"color: #000000;\"><span style=\"font-family: Arial, serif;\"><span style=\"font-size: medium;\">Az adatkezel\u00e9s c\u00e9lja: A<\/span><\/span><\/span> <span style=\"color: #000000;\"><span style=\"font-family: Arial, serif;\"><span style=\"font-size: medium;\">szolg\u00e1ltat\u00e1s hat\u00e9konys\u00e1g\u00e1nak n\u00f6vel\u00e9se, felhaszn\u00e1l\u00f3i \u00e9lm\u00e9ny n\u00f6vel\u00e9se, a honlap haszn\u00e1lat\u00e1nak k\u00e9nyelmesebb\u00e9 t\u00e9tele. <\/span><\/span><\/span><\/p>\n<p style=\"margin-bottom: 0cm; line-height: 100%;\" align=\"JUSTIFY\"><span style=\"color: #000000;\"><span style=\"font-family: Arial, serif;\"><span style=\"font-size: medium;\">Az adatkezel\u00e9s id\u0151tartama 6 h\u00f3nap. <\/span><\/span><\/span><\/p>\n<p style=\"margin-bottom: 0cm; line-height: 100%;\">\u00a0<\/p>\n<p style=\"margin-bottom: 0cm; line-height: 100%;\" align=\"JUSTIFY\"><span style=\"color: #000000;\"><span style=\"font-family: Arial, serif;\"><span style=\"font-size: medium;\">2.2. Teljes\u00edtm\u00e9nyt biztos\u00edt\u00f3 s\u00fctik: <\/span><\/span><\/span><\/p>\n<p style=\"margin-bottom: 0cm;\"><span style=\"font-family: Arial, serif;\"><span style=\"font-size: medium;\">Google Analytics s\u00fctik \u2013 err\u0151l itt t\u00e1j\u00e9koz\u00f3dhat:<\/span><\/span><\/p>\n<p style=\"margin-bottom: 0cm; line-height: 100%;\" align=\"JUSTIFY\"><a href=\"https:\/\/developers.google.com\/analytics\/devguides\/collection\/analyticsjs\/cookie-usage\"><span style=\"color: #000000;\"><span style=\"font-family: Arial, serif;\"><span style=\"font-size: medium;\"><u>https:\/\/developers.google.com\/analytics\/devguides\/collection\/analyticsjs\/cookie-usage<\/u><\/span><\/span><\/span><\/a><\/p>\n<p style=\"margin-bottom: 0cm; line-height: 100%;\">\u00a0<\/p>\n<p style=\"margin-bottom: 0cm; line-height: 100%;\"><span style=\"font-family: Arial, serif;\"><span style=\"font-size: medium;\">Google AdWords s\u00fctik \u2013 err\u0151l itt t\u00e1j\u00e9koz\u00f3dhat:<\/span><\/span><\/p>\n<p style=\"margin-bottom: 0cm; line-height: 100%;\" align=\"JUSTIFY\"><a href=\"https:\/\/support.google.com\/adwords\/answer\/2407785?hl=hu\"><span style=\"color: #000000;\"><span style=\"font-family: Arial, serif;\"><span style=\"font-size: medium;\"><u>https:\/\/support.google.com\/adwords\/answer\/2407785?hl=hu<\/u><\/span><\/span><\/span><\/a><\/p>\n<p style=\"margin-bottom: 0cm; line-height: 100%;\" align=\"JUSTIFY\">\u00a0<\/p>\n<p style=\"margin-bottom: 0cm; line-height: 100%;\" align=\"JUSTIFY\">\u00a0<\/p>\n<p style=\"margin-bottom: 0cm; line-height: 100%;\" align=\"JUSTIFY\">\u00a0<\/p>\n<p style=\"margin-bottom: 0cm; line-height: 100%;\" align=\"JUSTIFY\">\u00a0<\/p>\n<p style=\"margin-bottom: 0cm; line-height: 100%;\" align=\"JUSTIFY\">\u00a0<\/p>\n<p style=\"margin-bottom: 0cm; line-height: 100%;\" align=\"JUSTIFY\"><span style=\"color: #000000;\"><span style=\"font-family: Arial, serif;\"><span style=\"font-size: medium;\"><b>6. Regisztr\u00e1ci\u00f3 a T\u00e1rsas\u00e1g honlapj\u00e1n<\/b><\/span><\/span><\/span><\/p>\n<p style=\"margin-bottom: 0cm; line-height: 100%;\">\u00a0<\/p>\n<p style=\"margin-bottom: 0cm; line-height: 100%;\" align=\"JUSTIFY\"><span style=\"color: #000000;\"><span style=\"font-family: Arial, serif;\"><span style=\"font-size: medium;\">(1) A honlapon a regisztr\u00e1l\u00f3 term\u00e9szetes szem\u00e9ly az erre vonatkoz\u00f3 n\u00e9gyzet bejel\u00f6l\u00e9s\u00e9vel adhatja meg hozz\u00e1j\u00e1rul\u00e1s\u00e1t szem\u00e9lyes adatai kezel\u00e9s\u00e9hez. Tilos a n\u00e9gyzet el\u0151re bejel\u00f6l\u00e9se<\/span><\/span><\/span><\/p>\n<p style=\"margin-bottom: 0cm; line-height: 100%;\">\u00a0<\/p>\n<p style=\"margin-bottom: 0cm; line-height: 100%;\"><span style=\"color: #000000;\"><span style=\"font-family: Arial, serif;\"><span style=\"font-size: medium;\">(2) A kezelhet\u0151 szem\u00e9lyes adatok k\u00f6re: a term\u00e9szetes szem\u00e9ly neve (vezet\u00e9kn\u00e9v, keresztn\u00e9v), c\u00edme, telefonsz\u00e1ma, e-mail c\u00edme, online azonos\u00edt\u00f3. <\/span><\/span><\/span><\/p>\n<p style=\"margin-bottom: 0cm; line-height: 100%;\">\u00a0<\/p>\n<p style=\"margin-bottom: 0cm; line-height: 100%;\" align=\"JUSTIFY\"><span style=\"color: #000000;\"><span style=\"font-family: Arial, serif;\"><span style=\"font-size: medium;\">(3) A szem\u00e9lyes adatok kezel\u00e9s\u00e9nek c\u00e9lja: <\/span><\/span><\/span><\/p>\n<p style=\"margin-bottom: 0cm; line-height: 100%;\"><span style=\"color: #000000;\"><span style=\"font-family: Arial, serif;\"><span style=\"font-size: medium;\">1. A honlapon ny\u00fajtott szolg\u00e1ltat\u00e1sok teljes\u00edt\u00e9se. <\/span><\/span><\/span><\/p>\n<p style=\"margin-bottom: 0cm; line-height: 100%;\" align=\"JUSTIFY\"><span style=\"color: #000000;\"><span style=\"font-family: Arial, serif;\"><span style=\"font-size: medium;\">2. Kapcsolatfelv\u00e9tel, elektronikus, telefonos, SMS, \u00e9s postai megkeres\u00e9ssel. <\/span><\/span><\/span><\/p>\n<p style=\"margin-bottom: 0cm; line-height: 100%;\"><span style=\"color: #000000;\"><span style=\"font-family: Arial, serif;\"><span style=\"font-size: medium;\">3. T\u00e1j\u00e9koztat\u00e1s a T\u00e1rsas\u00e1g term\u00e9keir\u0151l, szolg\u00e1ltat\u00e1sair\u00f3l, szerz\u0151d\u00e9si felt\u00e9teleir\u0151l, akci\u00f3ir\u00f3l. <\/span><\/span><\/span><\/p>\n<p style=\"margin-bottom: 0cm; line-height: 100%;\"><span style=\"color: #000000;\"><span style=\"font-family: Arial, serif;\"><span style=\"font-size: medium;\">4. Rekl\u00e1m-k\u00fcldem\u00e9ny a t\u00e1j\u00e9koztat\u00e1s sor\u00e1n elektronikusan \u00e9s postai \u00faton k\u00fcldhet\u0151. <\/span><\/span><\/span><\/p>\n<p style=\"margin-bottom: 0cm; line-height: 100%;\"><span style=\"color: #000000;\"><span style=\"font-family: Arial, serif;\"><span style=\"font-size: medium;\">5. A honlap haszn\u00e1lat\u00e1nak elemz\u00e9se. <\/span><\/span><\/span><\/p>\n<p style=\"margin-bottom: 0cm; line-height: 100%;\">\u00a0<\/p>\n<p style=\"margin-bottom: 0cm; line-height: 100%;\" align=\"JUSTIFY\"><span style=\"color: #000000;\"><span style=\"font-family: Arial, serif;\"><span style=\"font-size: medium;\">(4) Az adatkezel\u00e9s jogalapja az \u00e9rintett hozz\u00e1j\u00e1rul\u00e1sa.<\/span><\/span><\/span><\/p>\n<p style=\"margin-bottom: 0cm; line-height: 100%;\">\u00a0<\/p>\n<p style=\"margin-bottom: 0cm; line-height: 100%;\" align=\"JUSTIFY\"><span style=\"color: #000000;\"><span style=\"font-family: Arial, serif;\"><span style=\"font-size: medium;\">(5) A szem\u00e9lyes adatok c\u00edmzettjei, illetve a c\u00edmzettek kateg\u00f3ri\u00e1i: a T\u00e1rsas\u00e1g \u00fcgyf\u00e9lszolg\u00e1lattal, marketing tev\u00e9kenys\u00e9g\u00e9vel kapcsolatos feladatokat ell\u00e1t\u00f3 munkav\u00e1llal\u00f3i, adatfeldolgoz\u00f3k\u00e9nt a T\u00e1rsas\u00e1g IT szolg\u00e1ltat\u00f3ja t\u00e1rhelyszolg\u00e1ltat\u00e1st v\u00e9gz\u0151 munkav\u00e1llal\u00f3i.<\/span><\/span><\/span><\/p>\n<p style=\"margin-bottom: 0cm; line-height: 100%;\">\u00a0<\/p>\n<p style=\"margin-bottom: 0cm; line-height: 100%;\" align=\"JUSTIFY\"><span style=\"color: #000000;\"><span style=\"font-family: Arial, serif;\"><span style=\"font-size: medium;\">(6) A szem\u00e9lyes adatok t\u00e1rol\u00e1s\u00e1nak id\u0151tartama: a regisztr\u00e1ci\u00f3 \/ szolg\u00e1ltat\u00e1s fenn\u00e1ll\u00e1s\u00e1ig, vagy az \u00e9rintett hozz\u00e1j\u00e1rul\u00e1sa visszavon\u00e1s\u00e1ig (t\u00f6rl\u00e9si k\u00e9relm\u00e9ig).<\/span><\/span><\/span><\/p>\n<p style=\"margin-bottom: 0cm; line-height: 100%;\">\u00a0<\/p>\n<p style=\"margin-bottom: 0cm; line-height: 100%;\" align=\"JUSTIFY\"><span style=\"color: #000000;\"><span style=\"font-family: Arial, serif;\"><span style=\"font-size: medium;\"><b>7. H\u00edrlev\u00e9l szolg\u00e1ltat\u00e1shoz kapcsol\u00f3d\u00f3 adatkezel\u00e9s \u00a0<\/b><\/span><\/span><\/span><\/p>\n<p style=\"margin-bottom: 0cm; line-height: 100%;\">\u00a0<\/p>\n<p style=\"margin-bottom: 0cm; line-height: 100%;\" align=\"JUSTIFY\"><span style=\"color: #000000;\"><span style=\"font-family: Arial, serif;\"><span style=\"font-size: medium;\">(1) A honlapon a h\u00edrlev\u00e9l szolg\u00e1ltat\u00e1sra regisztr\u00e1l\u00f3 term\u00e9szetes szem\u00e9ly az erre vonatkoz\u00f3 n\u00e9gyzet bejel\u00f6l\u00e9s\u00e9vel adhatja meg hozz\u00e1j\u00e1rul\u00e1s\u00e1t szem\u00e9lyes adatai kezel\u00e9s\u00e9hez. Tilos a n\u00e9gyzet el\u0151re bejel\u00f6l\u00e9se. A h\u00edrlev\u00e9r\u0151l az \u00e9rintett a h\u00edrlev\u00e9l \u201eLeiratkoz\u00e1s\u201d alkalmaz\u00e1s\u00e1nak haszn\u00e1lat\u00e1val, vagy \u00edr\u00e1sban, vagy e-mailben tett nyilatkozattal b\u00e1rmikor leiratkozhat, amely a hozz\u00e1j\u00e1rul\u00e1s visszavon\u00e1s\u00e1t jelenti. Ilyen esetben a leiratkoz\u00f3 minden adat\u00e1t halad\u00e9ktalanul t\u00f6r\u00f6lni kell. A h\u00edrlev\u00e9l feliratkoz\u00e1s oldalon elhelyezend\u0151 t\u00e1j\u00e9koztat\u00e1s sz\u00f6veg\u00e9t jelen Szab\u00e1lyzat 7. sz\u00e1m\u00fa Mell\u00e9klete tartalmazza.<\/span><\/span><\/span><\/p>\n<p style=\"margin-bottom: 0cm; line-height: 100%;\">\u00a0<\/p>\n<p style=\"margin-bottom: 0cm; background-image: initial; background-position: initial; background-size: initial; background-repeat: initial; background-attachment: initial; background-origin: initial; background-clip: initial; line-height: 100%;\"><span style=\"color: #000000;\"><span style=\"font-family: Arial, serif;\"><span style=\"font-size: medium;\">(2) A kezelhet\u0151 szem\u00e9lyes adatok k\u00f6re: a term\u00e9szetes szem\u00e9ly neve (vezet\u00e9kn\u00e9v, keresztn\u00e9v), e-mail c\u00edme.<\/span><\/span><\/span><\/p>\n<p style=\"margin-bottom: 0cm; line-height: 100%;\">\u00a0<\/p>\n<p style=\"margin-bottom: 0cm; line-height: 100%;\" align=\"JUSTIFY\"><span style=\"color: #000000;\"><span style=\"font-family: Arial, serif;\"><span style=\"font-size: medium;\">(3) A szem\u00e9lyes adatok kezel\u00e9s\u00e9nek c\u00e9lja: <\/span><\/span><\/span><\/p>\n<p style=\"margin-bottom: 0cm; line-height: 100%;\"><span style=\"color: #000000;\"><span style=\"font-family: Arial, serif;\"><span style=\"font-size: medium;\">1. H\u00edrlev\u00e9l k\u00fcld\u00e9se a T\u00e1rsas\u00e1g term\u00e9kei, szolg\u00e1ltat\u00e1sai t\u00e1rgy\u00e1ban<\/span><\/span><\/span><\/p>\n<p style=\"margin-bottom: 0cm; line-height: 100%;\"><span style=\"color: #000000;\"><span style=\"font-family: Arial, serif;\"><span style=\"font-size: medium;\">2. Rekl\u00e1manyag k\u00fcld\u00e9se <\/span><\/span><\/span><\/p>\n<p style=\"margin-bottom: 0cm; line-height: 100%;\">\u00a0<\/p>\n<p style=\"margin-bottom: 0cm; line-height: 100%;\" align=\"JUSTIFY\"><span style=\"color: #000000;\"><span style=\"font-family: Arial, serif;\"><span style=\"font-size: medium;\">(4) Az adatkezel\u00e9s jogalapja: az \u00e9rintett hozz\u00e1j\u00e1rul\u00e1sa.<\/span><\/span><\/span><\/p>\n<p style=\"margin-bottom: 0cm; line-height: 100%;\">\u00a0<\/p>\n<p style=\"margin-bottom: 0cm; line-height: 100%;\" align=\"JUSTIFY\"><span style=\"color: #000000;\"><span style=\"font-family: Arial, serif;\"><span style=\"font-size: medium;\">(5) A szem\u00e9lyes adatok c\u00edmzettjei, illetve a c\u00edmzettek kateg\u00f3ri\u00e1i: a T\u00e1rsas\u00e1g \u00fcgyf\u00e9lszolg\u00e1lattal, marketing tev\u00e9kenys\u00e9g\u00e9vel kapcsolatos feladatokat ell\u00e1t\u00f3 munkav\u00e1llal\u00f3i, adatfeldolgoz\u00f3k\u00e9nt a T\u00e1rsas\u00e1g IT szolg\u00e1ltat\u00f3ja munkav\u00e1llal\u00f3i a t\u00e1rhelyszolg\u00e1ltat\u00e1s teljes\u00edt\u00e9se c\u00e9lj\u00e1b\u00f3l,<\/span><\/span><\/span><\/p>\n<p style=\"margin-bottom: 0cm; line-height: 100%;\">\u00a0<\/p>\n<p style=\"margin-bottom: 0cm; line-height: 100%;\" align=\"JUSTIFY\"><span style=\"color: #000000;\"><span style=\"font-family: Arial, serif;\"><span style=\"font-size: medium;\">(6) A szem\u00e9lyes adatok t\u00e1rol\u00e1s\u00e1nak id\u0151tartama: a h\u00edrlev\u00e9l-szolg\u00e1ltat\u00e1s fenn\u00e1ll\u00e1s\u00e1ig, vagy az \u00e9rintett hozz\u00e1j\u00e1rul\u00e1sa visszavon\u00e1s\u00e1ig (t\u00f6rl\u00e9si k\u00e9relm\u00e9ig).<\/span><\/span><\/span><\/p>\n<p style=\"margin-bottom: 0cm; line-height: 100%;\">\u00a0<\/p>\n<p style=\"margin-bottom: 0cm; line-height: 100%;\"><span style=\"color: #000000;\"><span style=\"font-family: Arial, serif;\"><span style=\"font-size: medium;\"><b>8. \u00a0K\u00f6z\u00f6ss\u00e9gi ir\u00e1nyelvek \/ Adatkezel\u00e9s a T\u00e1rsas\u00e1g Facebook oldal\u00e1n <\/b><\/span><\/span><\/span><\/p>\n<p style=\"margin-bottom: 0cm; line-height: 100%;\">\u00a0<\/p>\n<p style=\"margin-bottom: 0cm; line-height: 100%;\" align=\"JUSTIFY\"><span style=\"color: #000000;\"><span style=\"font-family: Arial, serif;\"><span style=\"font-size: medium;\">(1) A T\u00e1rsas\u00e1g term\u00e9kei, szolg\u00e1ltat\u00e1sai megismertet\u00e9se, n\u00e9pszer\u0171s\u00edt\u00e9se c\u00e9lj\u00e1b\u00f3l Facebook oldalt tart fenn. <\/span><\/span><\/span><\/p>\n<p style=\"margin-bottom: 0cm; line-height: 100%;\">\u00a0<\/p>\n<p style=\"margin-bottom: 0cm; line-height: 100%;\" align=\"JUSTIFY\"><span style=\"color: #000000;\"><span style=\"font-family: Arial, serif;\"><span style=\"font-size: medium;\">(2) A T\u00e1rsas\u00e1g Facebook oldalon felett k\u00e9rd\u00e9s nem min\u0151s\u00fcl hivatalosan beny\u00fajtott panasznak. \u00a0<\/span><\/span><\/span><\/p>\n<p style=\"margin-bottom: 0cm; line-height: 100%;\">\u00a0<\/p>\n<p style=\"margin-bottom: 0cm; line-height: 100%;\" align=\"JUSTIFY\"><span style=\"color: #000000;\"><span style=\"font-family: Arial, serif;\"><span style=\"font-size: medium;\">(3) A T\u00e1rsas\u00e1g Facebook oldal\u00e1n a l\u00e1togat\u00f3k \u00e1ltal k\u00f6zz\u00e9tett szem\u00e9lyes adatokat a T\u00e1rsas\u00e1g nem kezeli. <\/span><\/span><\/span><\/p>\n<p style=\"margin-bottom: 0cm; line-height: 100%;\">\u00a0<\/p>\n<p style=\"margin-bottom: 0cm; line-height: 100%;\" align=\"JUSTIFY\"><span style=\"color: #000000;\"><span style=\"font-family: Arial, serif;\"><span style=\"font-size: medium;\">(4) A l\u00e1togat\u00f3kra a\u00a0Facebook Adatv\u00e9delmi- \u00e9s Szolg\u00e1ltat\u00e1si Felt\u00e9telei ir\u00e1nyad\u00f3k. <\/span><\/span><\/span><\/p>\n<p style=\"margin-bottom: 0cm; line-height: 100%;\">\u00a0<\/p>\n<p style=\"margin-bottom: 0cm; line-height: 100%;\" align=\"JUSTIFY\"><span style=\"color: #000000;\"><span style=\"font-family: Arial, serif;\"><span style=\"font-size: medium;\">(5) Jogellenes, vagy s\u00e9rt\u0151 tartalom publik\u00e1l\u00e1sa eset\u00e9n a T\u00e1rsas\u00e1g el\u0151zetes \u00e9rtes\u00edt\u00e9s n\u00e9lk\u00fcl kiz\u00e1rhatja az \u00e9rintettet a tagok k\u00f6z\u00fcl, vagy t\u00f6r\u00f6lheti hozz\u00e1sz\u00f3l\u00e1s\u00e1t. <\/span><\/span><\/span><\/p>\n<p style=\"margin-bottom: 0cm; line-height: 100%;\">\u00a0<\/p>\n<p style=\"margin-bottom: 0cm; line-height: 100%;\" align=\"JUSTIFY\"><span style=\"color: #000000;\"><span style=\"font-family: Arial, serif;\"><span style=\"font-size: medium;\">(6) A T\u00e1rsas\u00e1g nem felel a Facebook felhaszn\u00e1l\u00f3k \u00e1ltal k\u00f6zz\u00e9tett jogszab\u00e1lyt s\u00e9rt\u0151 adattartalmak\u00e9rt, hozz\u00e1sz\u00f3l\u00e1sok\u00e9rt. A T\u00e1rsas\u00e1g nem felel semmilyen, a Facebook m\u0171k\u00f6d\u00e9s\u00e9b\u0151l ad\u00f3d\u00f3 hib\u00e1\u00e9rt, \u00fczemzavar\u00e9rt vagy a rendszer m\u0171k\u00f6d\u00e9s\u00e9nek megv\u00e1ltoztat\u00e1s\u00e1b\u00f3l fakad\u00f3 probl\u00e9m\u00e1\u00e9rt.<\/span><\/span><\/span><\/p>\n<p style=\"margin-bottom: 0cm; line-height: 100%;\">\u00a0<\/p>\n<p style=\"margin-bottom: 0cm; line-height: 100%;\" align=\"JUSTIFY\"><span style=\"color: #000000;\"><span style=\"font-family: Arial, serif;\"><span style=\"font-size: medium;\"><b>9. Adatkezel\u00e9s a T\u00e1rsas\u00e1g web\u00e1ruh\u00e1z\u00e1ban<\/b><\/span><\/span><\/span><\/p>\n<p style=\"margin-bottom: 0cm; line-height: 100%;\">\u00a0<\/p>\n<p style=\"margin-bottom: 0cm; line-height: 100%;\" align=\"JUSTIFY\"><span style=\"color: #000000;\"><span style=\"font-family: Arial, serif;\"><span style=\"font-size: medium;\">(1) A T\u00e1rsas\u00e1g \u00e1ltal m\u0171k\u00f6dtetett web\u00e1ruh\u00e1zban t\u00f6rt\u00e9n\u0151 v\u00e1s\u00e1rl\u00e1s szerz\u0151d\u00e9snek min\u0151s\u00fcl, figyelemmel az elektronikus kereskedelmi szolg\u00e1ltat\u00e1sok, valamint az inform\u00e1ci\u00f3s t\u00e1rsadalommal \u00f6sszef\u00fcgg\u0151 szolg\u00e1ltat\u00e1sok egyes k\u00e9rd\u00e9seir\u0151l sz\u00f3l\u00f3 2001. \u00e9vi CVIII. t\u00f6rv\u00e9ny 13\/A.\u00a7-\u00e1ra, \u00e9s a fogyaszt\u00f3 \u00e9s a v\u00e1llalkoz\u00e1s k\u00f6z\u00f6tti szerz\u0151d\u00e9sek r\u00e9szletes szab\u00e1lyair\u00f3l sz\u00f3l\u00f3 45\/2014. (II. 26.) Korm. rendeletre is. Web\u00e1ruh\u00e1zban t\u00f6rt\u00e9n\u0151 v\u00e1s\u00e1rl\u00e1s eset\u00e9n az adatkezel\u00e9s jogc\u00edme a szerz\u0151d\u00e9s. <\/span><\/span><\/span><\/p>\n<p style=\"margin-bottom: 0cm; line-height: 100%;\">\u00a0<\/p>\n<p style=\"margin-bottom: 0cm; background-image: initial; background-position: initial; background-size: initial; background-repeat: initial; background-attachment: initial; background-origin: initial; background-clip: initial; line-height: 100%;\" align=\"JUSTIFY\"><span style=\"color: #000000;\"><span style=\"font-family: Arial, serif;\"><span style=\"font-size: medium;\">(2) A T\u00e1rsas\u00e1g a szolg\u00e1ltat\u00f3 az inform\u00e1ci\u00f3s t\u00e1rsadalommal \u00f6sszef\u00fcgg\u0151 szolg\u00e1ltat\u00e1s ny\u00fajt\u00e1s\u00e1ra ir\u00e1nyul\u00f3 szerz\u0151d\u00e9s l\u00e9trehoz\u00e1sa, tartalm\u00e1nak meghat\u00e1roz\u00e1sa, m\u00f3dos\u00edt\u00e1sa, teljes\u00edt\u00e9s\u00e9nek figyelemmel k\u00eds\u00e9r\u00e9se, az abb\u00f3l sz\u00e1rmaz\u00f3 d\u00edjak sz\u00e1ml\u00e1z\u00e1sa, valamint az azzal kapcsolatos k\u00f6vetel\u00e9sek \u00e9rv\u00e9nyes\u00edt\u00e9se c\u00e9lj\u00e1b\u00f3l kezelheti a web\u00e1ruh\u00e1zban regisztr\u00e1l\u00f3, v\u00e1s\u00e1rl\u00f3 azonos\u00edt\u00e1s\u00e1hoz sz\u00fcks\u00e9ges term\u00e9szetes szem\u00e9lyazonos\u00edt\u00f3 adatokat \u00e9s lakc\u00edmet a 2001. \u00e9vi CVIII. t\u00f6rv\u00e9ny 13\/A.\u00a7 (1) bekezd\u00e9s jogc\u00edm\u00e9n, tov\u00e1bb\u00e1 hozz\u00e1j\u00e1rul\u00e1s jogc\u00edm\u00e9n a telefonsz\u00e1m\u00e1t, e-mail c\u00edm\u00e9t, banksz\u00e1mlasz\u00e1m\u00e1t, online azonos\u00edt\u00f3j\u00e1t. <\/span><\/span><\/span><\/p>\n<p style=\"margin-bottom: 0cm; background-image: initial; background-position: initial; background-size: initial; background-repeat: initial; background-attachment: initial; background-origin: initial; background-clip: initial; line-height: 100%;\" align=\"JUSTIFY\">\u00a0<\/p>\n<p style=\"margin-bottom: 0cm; background-image: initial; background-position: initial; background-size: initial; background-repeat: initial; background-attachment: initial; background-origin: initial; background-clip: initial; line-height: 100%;\" align=\"JUSTIFY\"><span style=\"color: #000000;\"><span style=\"font-family: Arial, serif;\"><span style=\"font-size: medium;\">(3) A T\u00e1rsas\u00e1g sz\u00e1ml\u00e1z\u00e1s c\u00e9lj\u00e1b\u00f3l kezelheti az inform\u00e1ci\u00f3s t\u00e1rsadalommal \u00f6sszef\u00fcgg\u0151 szolg\u00e1ltat\u00e1s ig\u00e9nybev\u00e9tel\u00e9vel kapcsolatos term\u00e9szetes szem\u00e9lyazonos\u00edt\u00f3 adatokat, lakc\u00edmet, valamint a szolg\u00e1ltat\u00e1s ig\u00e9nybev\u00e9tel\u00e9nek id\u0151pontj\u00e1ra, id\u0151tartam\u00e1ra \u00e9s hely\u00e9re vonatkoz\u00f3 adatokat, a 2001. \u00e9vi CVIII. t\u00f6rv\u00e9ny 13\/A.\u00a7(2) bekezd\u00e9s jogc\u00edm\u00e9n.<\/span><\/span><\/span><\/p>\n<p style=\"margin-bottom: 0cm; background-image: initial; background-position: initial; background-size: initial; background-repeat: initial; background-attachment: initial; background-origin: initial; background-clip: initial; line-height: 100%;\" align=\"JUSTIFY\">\u00a0<\/p>\n<p style=\"margin-bottom: 0cm; line-height: 100%;\" align=\"JUSTIFY\"><span style=\"color: #000000;\"><span style=\"font-family: Arial, serif;\"><span style=\"font-size: medium;\">(4) A szem\u00e9lyes adatok c\u00edmzettjei, illetve a c\u00edmzettek kateg\u00f3ri\u00e1i: a T\u00e1rsas\u00e1g \u00fcgyf\u00e9lszolg\u00e1lattal, marketing tev\u00e9kenys\u00e9g\u00e9vel \u00a0kapcsolatos feladatokat ell\u00e1t\u00f3 munkav\u00e1llal\u00f3i, adatfeldolgoz\u00f3k\u00e9nt, a T\u00e1rsas\u00e1g ad\u00f3z\u00e1si, k\u00f6nyvviteli feladatait ell\u00e1t\u00f3 v\u00e1llalkoz\u00e1s munkav\u00e1llal\u00f3i, az ad\u00f3 \u00e9s sz\u00e1mviteli k\u00f6telezetts\u00e9gek teljes\u00edt\u00e9se c\u00e9lj\u00e1b\u00f3l, \u00a0a T\u00e1rsas\u00e1g IT szolg\u00e1ltat\u00f3ja munkav\u00e1llal\u00f3i a t\u00e1rhelyszolg\u00e1ltat\u00e1s teljes\u00edt\u00e9se c\u00e9lj\u00e1b\u00f3l, a fut\u00e1rszolg\u00e1lat munkav\u00e1llal\u00f3i a sz\u00e1ll\u00edt\u00e1si adatok (n\u00e9v, c\u00edm, telefonsz\u00e1m) vonatkoz\u00e1s\u00e1ban. <\/span><\/span><\/span><\/p>\n<p style=\"margin-bottom: 0cm; line-height: 100%;\">\u00a0<\/p>\n<p style=\"margin-bottom: 0cm; line-height: 100%;\" align=\"JUSTIFY\"><span style=\"color: #000000;\"><span style=\"font-family: Arial, serif;\"><span style=\"font-size: medium;\">(5) A szem\u00e9lyes adatok kezel\u00e9s\u00e9nek id\u0151tartama: a regisztr\u00e1ci\u00f3 \/ szolg\u00e1ltat\u00e1s fenn\u00e1ll\u00e1s\u00e1ig, vagy az \u00e9rintett hozz\u00e1j\u00e1rul\u00e1sa visszavon\u00e1s\u00e1ig (t\u00f6rl\u00e9si k\u00e9relm\u00e9ig), v\u00e1s\u00e1rl\u00e1s eset\u00e9n a v\u00e1s\u00e1rl\u00e1s \u00e9v\u00e9t k\u00f6vet\u0151 5 \u00e9vig. <\/span><\/span><\/span><\/p>\n<p style=\"margin-bottom: 0cm; line-height: 100%;\">\u00a0<\/p>\n<p style=\"margin-bottom: 0cm; background-image: initial; background-position: initial; background-size: initial; background-repeat: initial; background-attachment: initial; background-origin: initial; background-clip: initial; line-height: 100%;\" align=\"JUSTIFY\"><span style=\"color: #000000;\"><span style=\"font-family: Arial, serif;\"><span style=\"font-size: medium;\"><b>10. Aj\u00e1nd\u00e9ksorsol\u00e1s szervez\u00e9s\u00e9vel kapcsolatos adatkezel\u00e9s <\/b><\/span><\/span><\/span><\/p>\n<p style=\"margin-bottom: 0cm; background-image: initial; background-position: initial; background-size: initial; background-repeat: initial; background-attachment: initial; background-origin: initial; background-clip: initial; line-height: 100%;\" align=\"JUSTIFY\">\u00a0<\/p>\n<p style=\"margin-bottom: 0cm; background-image: initial; background-position: initial; background-size: initial; background-repeat: initial; background-attachment: initial; background-origin: initial; background-clip: initial; line-height: 100%;\" align=\"JUSTIFY\"><span style=\"color: #000000;\"><span style=\"font-family: Arial, serif;\"><span style=\"font-size: medium;\">(1) Ha a t\u00e1rsas\u00e1g aj\u00e1nd\u00e9ksorsol\u00e1st (1991. \u00e9vi XXXIV. t\u00f6rv\u00e9ny 23.\u00a7) szervez, hozz\u00e1j\u00e1rul\u00e1sa alapj\u00e1n kezelheti az \u00e9rintett term\u00e9szetes szem\u00e9ly nev\u00e9t, c\u00edm\u00e9t, telefonsz\u00e1m\u00e1t, e-mail c\u00edm\u00e9t, online azonos\u00edt\u00f3j\u00e1t. A j\u00e1t\u00e9kban val\u00f3 r\u00e9szv\u00e9tel \u00f6nk\u00e9ntes. \u00a0<\/span><\/span><\/span><\/p>\n<p style=\"margin-bottom: 0cm; background-image: initial; background-position: initial; background-size: initial; background-repeat: initial; background-attachment: initial; background-origin: initial; background-clip: initial; line-height: 100%;\">\u00a0<\/p>\n<p style=\"margin-bottom: 0cm; line-height: 100%;\" align=\"JUSTIFY\"><span style=\"color: #000000;\"><span style=\"font-family: Arial, serif;\"><span style=\"font-size: medium;\">(2) A szem\u00e9lyes adatok kezel\u00e9s\u00e9nek c\u00e9lja: nyerem\u00e9nyj\u00e1t\u00e9k nyertes\u00e9nek meg\u00e1llap\u00edt\u00e1sa, \u00e9rtes\u00edt\u00e9se, a nyerem\u00e9ny megk\u00fcld\u00e9se. Az adatkezel\u00e9s jogalapja: az \u00e9rintett hozz\u00e1j\u00e1rul\u00e1sa.<\/span><\/span><\/span><\/p>\n<p style=\"margin-bottom: 0cm; line-height: 100%;\">\u00a0<\/p>\n<p style=\"margin-bottom: 0cm; line-height: 100%;\" align=\"JUSTIFY\"><span style=\"color: #000000;\"><span style=\"font-family: Arial, serif;\"><span style=\"font-size: medium;\">(3) A szem\u00e9lyes adatok c\u00edmzettjei, illetve a c\u00edmzettek kateg\u00f3ri\u00e1i: a T\u00e1rsas\u00e1g \u00fcgyf\u00e9lszolg\u00e1lattal kapcsolatos feladatokat ell\u00e1t\u00f3 munkav\u00e1llal\u00f3i, adatfeldolgoz\u00f3k\u00e9nt a T\u00e1rsas\u00e1g IT szolg\u00e1ltat\u00f3ja szerverszolg\u00e1ltat\u00e1st v\u00e9gz\u0151 munkav\u00e1llal\u00f3i, fut\u00e1rszolg\u00e1lat munkav\u00e1llal\u00f3i. <\/span><\/span><\/span><\/p>\n<p style=\"margin-bottom: 0cm; line-height: 100%;\">\u00a0<\/p>\n<p style=\"margin-bottom: 0cm; line-height: 100%;\" align=\"JUSTIFY\"><span style=\"color: #000000;\"><span style=\"font-family: Arial, serif;\"><span style=\"font-size: medium;\">(4) A szem\u00e9lyes adatok t\u00e1rol\u00e1s\u00e1nak id\u0151tartama: az aj\u00e1nd\u00e9ksorol\u00e1s v\u00e9gelsz\u00e1mol\u00e1s\u00e1ig. <\/span><\/span><\/span><\/p>\n<p style=\"margin-bottom: 0cm; line-height: 100%;\">\u00a0<\/p>\n<p style=\"margin-bottom: 0cm; background-image: initial; background-position: initial; background-size: initial; background-repeat: initial; background-attachment: initial; background-origin: initial; background-clip: initial; line-height: 100%;\"><span style=\"color: #000000;\"><span style=\"font-family: Arial, serif;\"><span style=\"font-size: medium;\"><b>11. \u00a0Direkt marketing c\u00e9l\u00fa adatkezel\u00e9s <\/b><\/span><\/span><\/span><\/p>\n<p style=\"margin-bottom: 0cm; background-image: initial; background-position: initial; background-size: initial; background-repeat: initial; background-attachment: initial; background-origin: initial; background-clip: initial; line-height: 100%;\">\u00a0<\/p>\n<p style=\"margin-bottom: 0cm; line-height: 100%;\" align=\"JUSTIFY\"><span style=\"color: #000000;\"><span style=\"font-family: Arial, serif;\"><span style=\"font-size: medium;\">(1) Ha k\u00fcl\u00f6n t\u00f6rv\u00e9ny elt\u00e9r\u0151en nem rendelkezik, rekl\u00e1m term\u00e9szetes szem\u00e9lynek, mint rekl\u00e1m c\u00edmzettj\u00e9nek k\u00f6zvetlen megkeres\u00e9se m\u00f3dszer\u00e9vel (k\u00f6zvetlen \u00fczletszerz\u00e9s), \u00edgy k\u00fcl\u00f6n\u00f6sen elektronikus levelez\u00e9s vagy azzal egyen\u00e9rt\u00e9k\u0171 m\u00e1s egy\u00e9ni kommunik\u00e1ci\u00f3s eszk\u00f6z \u00fatj\u00e1n &#8211; a 2008. \u00e9vi XLVIII. t\u00f6rv\u00e9nyben meghat\u00e1rozott kiv\u00e9tellel &#8211; kiz\u00e1r\u00f3lag akkor k\u00f6z\u00f6lhet\u0151, ha ahhoz a rekl\u00e1m c\u00edmzettje el\u0151zetesen egy\u00e9rtelm\u0171en \u00e9s kifejezetten hozz\u00e1j\u00e1rult. <\/span><\/span><\/span><\/p>\n<p style=\"margin-bottom: 0cm; line-height: 100%;\">\u00a0<\/p>\n<p style=\"margin-bottom: 0cm; line-height: 100%;\" align=\"JUSTIFY\"><span style=\"color: #000000;\"><span style=\"font-family: Arial, serif;\"><span style=\"font-size: medium;\">(2) A T\u00e1rsas\u00e1g \u00e1ltal rekl\u00e1m-c\u00edmzetti megkeres\u00e9s c\u00e9lj\u00e1ra kezelhet\u0151 szem\u00e9lyes adatok k\u00f6re: a term\u00e9szetes szem\u00e9ly neve, c\u00edme, telefonsz\u00e1ma, e-mail c\u00edme, online azonos\u00edt\u00f3. <\/span><\/span><\/span><\/p>\n<p style=\"margin-bottom: 0cm; line-height: 100%;\" align=\"JUSTIFY\">\u00a0<\/p>\n<p style=\"margin-bottom: 0cm; line-height: 100%;\" align=\"JUSTIFY\"><span style=\"color: #000000;\"><span style=\"font-family: Arial, serif;\"><span style=\"font-size: medium;\">(3) A szem\u00e9lyes adatok kezel\u00e9s\u00e9nek c\u00e9lja a T\u00e1rsas\u00e1g tev\u00e9kenys\u00e9g\u00e9hez kapcsol\u00f3d\u00f3 direkt marketing tev\u00e9kenys\u00e9g folytat\u00e1sa, azaz rekl\u00e1mkiadv\u00e1nyok, h\u00edrlevelek, aktu\u00e1lis aj\u00e1nlatok nyomtatott (postai) vagy elektronikus form\u00e1ban (e-mail) t\u00f6rt\u00e9n\u0151 rendszeres vagy id\u0151szakonk\u00e9nti megk\u00fcld\u00e9se a regisztr\u00e1ci\u00f3kor megadott el\u00e9rhet\u0151s\u00e9gekre. <\/span><\/span><\/span><\/p>\n<p style=\"margin-bottom: 0cm; line-height: 100%;\">\u00a0<\/p>\n<p style=\"margin-bottom: 0cm; line-height: 100%;\" align=\"JUSTIFY\"><span style=\"color: #000000;\"><span style=\"font-family: Arial, serif;\"><span style=\"font-size: medium;\">(4) Az adatkezel\u00e9s jogalapja: az \u00e9rintett hozz\u00e1j\u00e1rul\u00e1sa.<\/span><\/span><\/span><\/p>\n<p style=\"margin-bottom: 0cm; line-height: 100%;\">\u00a0<\/p>\n<p style=\"margin-bottom: 0cm; line-height: 100%;\" align=\"JUSTIFY\"><span style=\"color: #000000;\"><span style=\"font-family: Arial, serif;\"><span style=\"font-size: medium;\">(5) A szem\u00e9lyes adatok c\u00edmzettjei, illetve a c\u00edmzettek kateg\u00f3ri\u00e1i: a T\u00e1rsas\u00e1g \u00fcgyf\u00e9lszolg\u00e1lattal kapcsolatos feladatokat ell\u00e1t\u00f3 munkav\u00e1llal\u00f3i, adatfeldolgoz\u00f3k\u00e9nt a T\u00e1rsas\u00e1g IT szolg\u00e1ltat\u00f3ja szerverszolg\u00e1ltat\u00e1st v\u00e9gz\u0151 munkav\u00e1llal\u00f3i, postai k\u00e9zbes\u00edt\u00e9s eset\u00e9n a Posta munkav\u00e1llal\u00f3i. <\/span><\/span><\/span><\/p>\n<p style=\"margin-bottom: 0cm; line-height: 100%;\">\u00a0<\/p>\n<p style=\"margin-bottom: 0cm; line-height: 100%;\" align=\"JUSTIFY\"><span style=\"color: #000000;\"><span style=\"font-family: Arial, serif;\"><span style=\"font-size: medium;\">(6) A szem\u00e9lyes adatok t\u00e1rol\u00e1s\u00e1nak id\u0151tartama: a hozz\u00e1j\u00e1rul\u00e1s visszavon\u00e1s\u00e1ig.<\/span><\/span><\/span><\/p>\n<p style=\"margin-bottom: 0.42cm; line-height: 100%;\"><br \/><br \/><\/p>\n<p style=\"margin-bottom: 0cm; line-height: 100%;\" align=\"CENTER\"><span style=\"color: #000000;\"><span style=\"font-family: Arial, serif;\"><span style=\"font-size: medium;\"><b>IV. FEJEZET <\/b><\/span><\/span><\/span><\/p>\n<p style=\"margin-bottom: 0cm; line-height: 100%;\" align=\"CENTER\"><span style=\"color: #000000;\"><span style=\"font-family: Arial, serif;\"><span style=\"font-size: medium;\"><b>JOGI K\u00d6TELEZETTS\u00c9GEN ALAPUL\u00d3 ADATKEZEL\u00c9SEK<\/b><\/span><\/span><\/span><\/p>\n<p style=\"margin-bottom: 0cm; line-height: 100%;\">\u00a0<\/p>\n<p style=\"margin-bottom: 0cm; line-height: 100%;\" align=\"JUSTIFY\"><span style=\"color: #000000;\"><span style=\"font-family: Arial, serif;\"><span style=\"font-size: medium;\"><b>1. Adatkezel\u00e9s ad\u00f3- \u00e9s sz\u00e1mviteli k\u00f6telezetts\u00e9gek teljes\u00edt\u00e9se c\u00e9lj\u00e1b\u00f3l <\/b><\/span><\/span><\/span><\/p>\n<p style=\"margin-bottom: 0cm; line-height: 100%;\">\u00a0<\/p>\n<p style=\"margin-bottom: 0cm; line-height: 100%;\" align=\"JUSTIFY\"><span style=\"color: #000000;\"><span style=\"font-family: Arial, serif;\"><span style=\"font-size: medium;\">(1) A T\u00e1rsas\u00e1g jogi k\u00f6telezetts\u00e9g teljes\u00edt\u00e9se jogc\u00edm\u00e9n, t\u00f6rv\u00e9nyben el\u0151\u00edrt ad\u00f3 \u00e9s sz\u00e1mviteli k\u00f6telezetts\u00e9gek teljes\u00edt\u00e9se (k\u00f6nyvel\u00e9s, ad\u00f3z\u00e1s) c\u00e9lj\u00e1b\u00f3l kezeli a vev\u0151k\u00e9nt, sz\u00e1ll\u00edt\u00f3k\u00e9nt vele \u00fczleti kapcsolatba l\u00e9p\u0151 term\u00e9szetes szem\u00e9lyek t\u00f6rv\u00e9nyben meghat\u00e1rozott adatait. A kezelt adatok az \u00e1ltal\u00e1nos forgalmi ad\u00f3r\u00f3l sz\u00f3l\u00f3 2017. \u00e9vi CXXVII. tv. 169.\u00a7, \u00e9s 202.\u00a7-a alapj\u00e1n k\u00fcl\u00f6n\u00f6sen: ad\u00f3sz\u00e1m, n\u00e9v, c\u00edm, ad\u00f3z\u00e1si st\u00e1tusz, a sz\u00e1mvitelr\u0151l sz\u00f3l\u00f3 2000. \u00e9vi C. t\u00f6rv\u00e9ny 167.\u00a7-a alapj\u00e1n: n\u00e9v, c\u00edm, a gazdas\u00e1gi m\u0171veletet elrendel\u0151 szem\u00e9ly vagy szervezet megjel\u00f6l\u00e9se, az utalv\u00e1nyoz\u00f3 \u00e9s a rendelkez\u00e9s v\u00e9grehajt\u00e1s\u00e1t igazol\u00f3 szem\u00e9ly, valamint a szervezett\u0151l f\u00fcgg\u0151en az ellen\u0151r al\u00e1\u00edr\u00e1sa; a k\u00e9szletmozg\u00e1sok bizonylatain \u00e9s a p\u00e9nzkezel\u00e9si bizonylatokon az \u00e1tvev\u0151, az ellennyugt\u00e1kon a befizet\u0151 al\u00e1\u00edr\u00e1sa, a szem\u00e9lyi j\u00f6vedelemad\u00f3r\u00f3l sz\u00f3l\u00f3 1995. \u00e9vi CXVII. t\u00f6rv\u00e9ny alapj\u00e1n: v\u00e1llalkoz\u00f3i igazolv\u00e1ny sz\u00e1ma, \u0151stermel\u0151i igazolv\u00e1ny sz\u00e1ma, ad\u00f3azonos\u00edt\u00f3 jel. <\/span><\/span><\/span><\/p>\n<p style=\"margin-bottom: 0cm; line-height: 100%;\">\u00a0<\/p>\n<p style=\"margin-bottom: 0.04cm; line-height: 100%;\" align=\"JUSTIFY\"><span style=\"color: #000000;\"><span style=\"font-family: Arial, serif;\"><span style=\"font-size: medium;\">(2) A szem\u00e9lyes adatok t\u00e1rol\u00e1s\u00e1nak id\u0151tartama a jogalapot ad\u00f3 jogviszony megsz\u0171n\u00e9s\u00e9t k\u00f6vet\u0151 8 \u00e9v. <\/span><\/span><\/span><\/p>\n<p style=\"margin-bottom: 0cm; line-height: 100%;\">\u00a0<\/p>\n<p style=\"margin-bottom: 0.04cm; line-height: 100%;\" align=\"JUSTIFY\"><span style=\"color: #000000;\"><span style=\"font-family: Arial, serif;\"><span style=\"font-size: medium;\">(3) A szem\u00e9lyes adatok c\u00edmzettjei: a T\u00e1rsas\u00e1g ad\u00f3z\u00e1si, k\u00f6nyvviteli, b\u00e9rsz\u00e1mfejt\u00e9si, t\u00e1rsadalombiztos\u00edt\u00e1si feladatait ell\u00e1t\u00f3 munkav\u00e1llal\u00f3i \u00e9s adatfeldolgoz\u00f3i. <\/span><\/span><\/span><\/p>\n<p style=\"margin-bottom: 0cm; line-height: 100%;\">\u00a0<\/p>\n<p style=\"margin-bottom: 0cm; line-height: 100%;\" align=\"JUSTIFY\"><span style=\"color: #000000;\"><span style=\"font-family: Arial, serif;\"><span style=\"font-size: medium;\"><b>2. \u00a0Kifizet\u0151i adatkezel\u00e9s <\/b><\/span><\/span><\/span><\/p>\n<p style=\"margin-bottom: 0cm; line-height: 100%;\">\u00a0<\/p>\n<p style=\"margin-bottom: 0cm; line-height: 100%;\" align=\"JUSTIFY\"><span style=\"color: #000000;\"><span style=\"font-family: Arial, serif;\"><span style=\"font-size: medium;\">(1) A T\u00e1rsas\u00e1g jogi k\u00f6telezetts\u00e9g teljes\u00edt\u00e9se jogc\u00edm\u00e9n, t\u00f6rv\u00e9nyben el\u0151\u00edrt ad\u00f3 \u00e9s j\u00e1rul\u00e9kk\u00f6telezetts\u00e9gek teljes\u00edt\u00e9se (ad\u00f3-, ad\u00f3el\u0151leg, j\u00e1rul\u00e9kok meg\u00e1llap\u00edt\u00e1sa, b\u00e9rsz\u00e1mfejt\u00e9s, t\u00e1rsadalombiztos\u00edt\u00e1si, nyugd\u00edj \u00fcgyint\u00e9z\u00e9s) c\u00e9lj\u00e1b\u00f3l kezeli azon \u00e9rintettek \u2013 munkav\u00e1llal\u00f3k, csal\u00e1dtagjaik, foglalkoztatottak, egy\u00e9b juttat\u00e1sban r\u00e9szes\u00fcl\u0151k \u2013 ad\u00f3t\u00f6rv\u00e9nyekben el\u0151\u00edrt szem\u00e9lyes adatait, akikkel kifizet\u0151i (2017:CL. t\u00f6rv\u00e9ny az ad\u00f3z\u00e1s rendj\u00e9r\u0151l (Art.) 7.\u00a7 31.) kapcsolatban \u00e1ll. A kezelt adatok k\u00f6r\u00e9t az Art. 50.\u00a7-a hat\u00e1rozza meg, k\u00fcl\u00f6n is kiemelve ebb\u0151l: a term\u00e9szetes szem\u00e9ly term\u00e9szetes szem\u00e9lyazonos\u00edt\u00f3 adatait (ide\u00e9rtve az el\u0151z\u0151 nevet \u00e9s a titulust is), nem\u00e9t, \u00e1llampolg\u00e1rs\u00e1g\u00e1t, a term\u00e9szetes szem\u00e9ly ad\u00f3azonos\u00edt\u00f3 jel\u00e9t, t\u00e1rsadalombiztos\u00edt\u00e1si azonos\u00edt\u00f3 jel\u00e9t (TAJ sz\u00e1m). Amennyiben az ad\u00f3t\u00f6rv\u00e9nyek ehhez jogk\u00f6vetkezm\u00e9nyt f\u0171znek, a T\u00e1rsas\u00e1g kezelheti a munkav\u00e1llal\u00f3k eg\u00e9szs\u00e9g\u00fcgyi (Szja tv. 40.\u00a7) \u00e9s szakszervezeti (Szja 47.\u00a7(2) b.\/) tags\u00e1gra vonatkoz\u00f3 adatokat ad\u00f3 \u00e9s j\u00e1rul\u00e9kk\u00f6telezetts\u00e9gek teljes\u00edt\u00e9s (b\u00e9rsz\u00e1mfejt\u00e9s, t\u00e1rsadalombiztos\u00edt\u00e1si \u00fcgyint\u00e9z\u00e9s) c\u00e9lj\u00e1b\u00f3l.<\/span><\/span><\/span><\/p>\n<p style=\"margin-bottom: 0cm; line-height: 100%;\">\u00a0<\/p>\n<p style=\"margin-bottom: 0.04cm; line-height: 100%;\" align=\"JUSTIFY\"><span style=\"color: #000000;\"><span style=\"font-family: Arial, serif;\"><span style=\"font-size: medium;\">(2) A szem\u00e9lyes adatok t\u00e1rol\u00e1s\u00e1nak id\u0151tartama a jogalapot ad\u00f3 jogviszony megsz\u0171n\u00e9s\u00e9t k\u00f6vet\u0151 8 \u00e9v. <\/span><\/span><\/span><\/p>\n<p style=\"margin-bottom: 0cm; line-height: 100%;\">\u00a0<\/p>\n<p style=\"margin-bottom: 0.04cm; line-height: 100%;\" align=\"JUSTIFY\"><span style=\"color: #000000;\"><span style=\"font-family: Arial, serif;\"><span style=\"font-size: medium;\">(3) A szem\u00e9lyes adatok c\u00edmzettjei: a T\u00e1rsas\u00e1g ad\u00f3z\u00e1si, b\u00e9rsz\u00e1mfejt\u00e9si, t\u00e1rsadalombiztos\u00edt\u00e1si (kifizet\u0151i) feladatait ell\u00e1t\u00f3 munkav\u00e1llal\u00f3i \u00e9s adatfeldolgoz\u00f3i. <\/span><\/span><\/span><\/p>\n<p style=\"margin-bottom: 0cm; line-height: 100%;\">\u00a0<\/p>\n<p style=\"margin-bottom: 0cm; line-height: 100%;\" align=\"JUSTIFY\"><span style=\"color: #000000;\"><span style=\"font-family: Arial, serif;\"><span style=\"font-size: medium;\"><b>3. A Lev\u00e9lt\u00e1ri t\u00f6rv\u00e9ny szerint maradand\u00f3 \u00e9rt\u00e9k\u0171 iratokra vonatkoz\u00f3 adatkezel\u00e9s <\/b><\/span><\/span><\/span><\/p>\n<p style=\"margin-bottom: 0cm; line-height: 100%;\">\u00a0<\/p>\n<p style=\"margin-bottom: 0cm; line-height: 100%;\" align=\"JUSTIFY\"><span style=\"color: #000000;\"><span style=\"font-family: Arial, serif;\"><span style=\"font-size: medium;\">(1) A T\u00e1rsas\u00e1g jogi k\u00f6telezetts\u00e9ge teljes\u00edt\u00e9se jogc\u00edm\u00e9n kezeli a k\u00f6ziratokr\u00f3l, a k\u00f6zlev\u00e9lt\u00e1rakr\u00f3l \u00e9s a mag\u00e1nlev\u00e9lt\u00e1ri anyag v\u00e9delm\u00e9r\u0151l sz\u00f3l\u00f3 1995. \u00e9vi LXVI. t\u00f6rv\u00e9ny (Lev\u00e9lt\u00e1ri t\u00f6rv\u00e9ny) szerint maradand\u00f3 \u00e9rt\u00e9k\u0171nek min\u0151s\u00fcl\u0151 iratait abb\u00f3l a c\u00e9lb\u00f3l, hogy a T\u00e1rsas\u00e1g iratt\u00e1ri anyag\u00e1nak maradand\u00f3 \u00e9rt\u00e9k\u0171 r\u00e9sze \u00e9ps\u00e9gben \u00e9s haszn\u00e1lhat\u00f3 \u00e1llapotban a j\u00f6v\u0151 nemzed\u00e9kei sz\u00e1m\u00e1ra is fennmaradjon. Az adatt\u00e1rol\u00e1s ideje: a k\u00f6zlev\u00e9lt\u00e1r r\u00e9sz\u00e9re t\u00f6rt\u00e9n\u0151 \u00e1tad\u00e1sig. <\/span><\/span><\/span><\/p>\n<p style=\"margin-bottom: 0cm; line-height: 100%;\">\u00a0<\/p>\n<p style=\"margin-bottom: 0cm; line-height: 100%;\" align=\"JUSTIFY\"><span style=\"color: #000000;\"><span style=\"font-family: Arial, serif;\"><span style=\"font-size: medium;\">(2) A szem\u00e9lyes adatok c\u00edmzettjeire \u00e9s az adatkezel\u00e9s egy\u00e9b k\u00e9rd\u00e9seire a Lev\u00e9lt\u00e1ri t\u00f6rv\u00e9ny ir\u00e1nyad\u00f3.<\/span><\/span><\/span><\/p>\n<p style=\"margin-bottom: 0cm; line-height: 100%;\">\u00a0<\/p>\n<p style=\"margin-bottom: 0.04cm; line-height: 100%;\" align=\"JUSTIFY\"><span style=\"color: #000000;\"><span style=\"font-family: Arial, serif;\"><span style=\"font-size: medium;\"><b>4. \u00a0Adatkezel\u00e9s p\u00e9nzmos\u00e1s elleni k\u00f6telezetts\u00e9gek teljes\u00edt\u00e9se c\u00e9lj\u00e1b\u00f3l<\/b><\/span><\/span><\/span><\/p>\n<p style=\"margin-bottom: 0cm; line-height: 100%;\">\u00a0<\/p>\n<p style=\"margin-bottom: 0.04cm; line-height: 100%;\" align=\"JUSTIFY\"><span style=\"color: #000000;\"><span style=\"font-family: Arial, serif;\"><span style=\"font-size: medium;\">(1) A T\u00e1rsas\u00e1g jogi k\u00f6telezetts\u00e9g teljes\u00edt\u00e9se jogc\u00edm\u00e9n, p\u00e9nzmos\u00e1s \u00e9s terrorizmus-finansz\u00edroz\u00e1sa megel\u0151z\u00e9se \u00e9s megakad\u00e1lyoz\u00e1sa c\u00e9lj\u00e1b\u00f3l kezeli \u00fcgyfelei, ezek k\u00e9pvisel\u0151i, \u00e9s a t\u00e9nyleges tulajdonosoknak a p\u00e9nzmos\u00e1s \u00e9s a terrorizmus finansz\u00edroz\u00e1sa megel\u0151z\u00e9s\u00e9r\u0151l \u00e9s megakad\u00e1lyoz\u00e1s\u00e1r\u00f3l sz\u00f3l\u00f3 2017. \u00e9vi LIII. t\u00f6rv\u00e9nyben (Pmt.) \u00a0meghat\u00e1rozott adatait: <\/span><\/span><\/span><span style=\"color: #000000;\"><span style=\"font-family: Arial, serif;\"><span style=\"font-size: medium;\"><i>a)<\/i><\/span><\/span><\/span><span style=\"color: #000000;\"><span style=\"font-family: Arial, serif;\"><span style=\"font-size: medium;\">\u00a0term\u00e9szetes szem\u00e9ly <\/span><\/span><\/span><span style=\"color: #000000;\"><span style=\"font-family: Arial, serif;\"><span style=\"font-size: medium;\"><i>a)<\/i><\/span><\/span><\/span><span style=\"color: #000000;\"><span style=\"font-family: Arial, serif;\"><span style=\"font-size: medium;\">\u00a0csal\u00e1di \u00e9s ut\u00f3nev\u00e9t, <\/span><\/span><\/span><span style=\"color: #000000;\"><span style=\"font-family: Arial, serif;\"><span style=\"font-size: medium;\"><i>b)<\/i><\/span><\/span><\/span><span style=\"color: #000000;\"><span style=\"font-family: Arial, serif;\"><span style=\"font-size: medium;\">\u00a0sz\u00fclet\u00e9si csal\u00e1di \u00e9s ut\u00f3nev\u00e9t, <\/span><\/span><\/span><span style=\"color: #000000;\"><span style=\"font-family: Arial, serif;\"><span style=\"font-size: medium;\"><i>c)<\/i><\/span><\/span><\/span><span style=\"color: #000000;\"><span style=\"font-family: Arial, serif;\"><span style=\"font-size: medium;\">\u00a0\u00e1llampolg\u00e1rs\u00e1g\u00e1t, <\/span><\/span><\/span><span style=\"color: #000000;\"><span style=\"font-family: Arial, serif;\"><span style=\"font-size: medium;\"><i>d)<\/i><\/span><\/span><\/span><span style=\"color: #000000;\"><span style=\"font-family: Arial, serif;\"><span style=\"font-size: medium;\">\u00a0sz\u00fclet\u00e9si hely\u00e9t, idej\u00e9t, <\/span><\/span><\/span><span style=\"color: #000000;\"><span style=\"font-family: Arial, serif;\"><span style=\"font-size: medium;\"><i>e)<\/i><\/span><\/span><\/span><span style=\"color: #000000;\"><span style=\"font-family: Arial, serif;\"><span style=\"font-size: medium;\">\u00a0anyja sz\u00fclet\u00e9si nev\u00e9t, <\/span><\/span><\/span><span style=\"color: #000000;\"><span style=\"font-family: Arial, serif;\"><span style=\"font-size: medium;\"><i>f)<\/i><\/span><\/span><\/span><span style=\"color: #000000;\"><span style=\"font-family: Arial, serif;\"><span style=\"font-size: medium;\">\u00a0lakc\u00edm\u00e9t, ennek hi\u00e1ny\u00e1ban tart\u00f3zkod\u00e1si hely\u00e9t, <\/span><\/span><\/span><span style=\"color: #000000;\"><span style=\"font-family: Arial, serif;\"><span style=\"font-size: medium;\"><i>g)<\/i><\/span><\/span><\/span><span style=\"color: #000000;\"><span style=\"font-family: Arial, serif;\"><span style=\"font-size: medium;\">\u00a0azonos\u00edt\u00f3 okm\u00e1ny\u00e1nak t\u00edpus\u00e1t \u00e9s sz\u00e1m\u00e1t; lakc\u00edmet igazol\u00f3 hat\u00f3s\u00e1gi igazolv\u00e1nya sz\u00e1m\u00e1t, \u00a0a bemutatott okiratok m\u00e1solat\u00e1t. (7.\u00a7).<\/span><\/span><\/span><\/p>\n<p style=\"margin-bottom: 0cm; line-height: 100%;\">\u00a0<\/p>\n<p style=\"margin-bottom: 0.04cm; line-height: 100%;\" align=\"JUSTIFY\"><span style=\"color: #000000;\"><span style=\"font-family: Arial, serif;\"><span style=\"font-size: medium;\">(2) A szem\u00e9lyes adatok c\u00edmzettjei: a T\u00e1rsas\u00e1g \u00fcgyf\u00e9lkiszolg\u00e1l\u00e1ssal kapcsolatos feladatokat ell\u00e1t\u00f3 munkav\u00e1llal\u00f3i, a T\u00e1rsas\u00e1g vezet\u0151je \u00e9s a T\u00e1rsas\u00e1g Pmt. szerinti kijel\u00f6lt szem\u00e9lye. <\/span><\/span><\/span><\/p>\n<p style=\"margin-bottom: 0cm; line-height: 100%;\">\u00a0<\/p>\n<p style=\"margin-bottom: 0.04cm; line-height: 100%;\" align=\"JUSTIFY\"><span style=\"color: #000000;\"><span style=\"font-family: Arial, serif;\"><span style=\"font-size: medium;\">(3) A szem\u00e9lyes adatok t\u00e1rol\u00e1s\u00e1nak id\u0151tartama: az \u00fczleti kapcsolat megsz\u0171n\u00e9s\u00e9t\u0151l, illetve az \u00fcgyleti megb\u00edz\u00e1s teljes\u00edt\u00e9s\u00e9t\u0151l sz\u00e1m\u00edtott 8 \u00e9v. (Pmt. 56.\u00a7 (2))<\/span><\/span><\/span><\/p>\n<p style=\"margin-bottom: 0.42cm; line-height: 100%;\"><span style=\"font-family: Times New Roman, serif;\"><span style=\"font-size: medium;\"><br \/><\/span><\/span><br \/><br \/><\/p>\n<p style=\"margin-bottom: 0cm; line-height: 100%;\" align=\"CENTER\"><span style=\"color: #000000;\"><span style=\"font-family: Arial, serif;\"><span style=\"font-size: medium;\"><b>V. FEJEZET<\/b><\/span><\/span><\/span><\/p>\n<p style=\"margin-bottom: 0cm; line-height: 100%;\" align=\"CENTER\"><span style=\"color: #000000;\"><span style=\"font-family: Arial, serif;\"><span style=\"font-size: medium;\"><b>\u00d6SSZEFOGLAL\u00d3 T\u00c1J\u00c9KOZTAT\u00c1S AZ \u00c9RINTETT JOGAIR\u00d3L<\/b><\/span><\/span><\/span><\/p>\n<p style=\"margin-bottom: 0cm; line-height: 100%;\">\u00a0<\/p>\n<p style=\"margin-bottom: 0cm; line-height: 100%;\" align=\"JUSTIFY\"><span style=\"color: #000000;\"><span style=\"font-family: Arial, serif;\"><span style=\"font-size: medium;\">E fejezetben az \u00e1ttekinthet\u0151s\u00e9g \u00e9s \u00e1tl\u00e1that\u00f3s\u00e1g kedv\u00e9\u00e9rt r\u00f6viden \u00f6sszefoglaljuk az \u00e9rintett jogait, amelyek gyakorl\u00e1s\u00e1ra vonatkoz\u00f3 r\u00e9szletes t\u00e1j\u00e9koztat\u00e1st a k\u00f6vetkez\u0151 fejezetben adjuk meg. <\/span><\/span><\/span><\/p>\n<p style=\"margin-bottom: 0cm; line-height: 100%;\">\u00a0<\/p>\n<p style=\"margin-bottom: 0cm; line-height: 100%;\" align=\"JUSTIFY\"><span style=\"color: #000000;\"><span style=\"font-family: Arial, serif;\"><span style=\"font-size: medium;\"><b>El\u0151zetes t\u00e1j\u00e9koz\u00f3d\u00e1shoz val\u00f3 jog<\/b><\/span><\/span><\/span><\/p>\n<p style=\"margin-bottom: 0cm; line-height: 100%;\" align=\"JUSTIFY\"><span style=\"color: #000000;\"><span style=\"font-family: Arial, serif;\"><span style=\"font-size: medium;\">Az \u00e9rintett jogosult arra, hogy az adatkezel\u00e9ssel \u00f6sszef\u00fcgg\u0151 t\u00e9nyekr\u0151l \u00e9s inform\u00e1ci\u00f3kr\u00f3l az adatkezel\u00e9s megkezd\u00e9s\u00e9t megel\u0151z\u0151en t\u00e1j\u00e9koztat\u00e1st kapjon.<\/span><\/span><\/span><\/p>\n<p style=\"margin-bottom: 0cm; line-height: 100%;\" align=\"JUSTIFY\"><span style=\"color: #000000;\"><span style=\"font-family: Arial, serif;\"><span style=\"font-size: medium;\">(Rendelet 13-14. cikk)<\/span><\/span><\/span><\/p>\n<p style=\"margin-bottom: 0cm; line-height: 100%;\" align=\"JUSTIFY\"><span style=\"color: #000000;\"><span style=\"font-family: Arial, serif;\"><span style=\"font-size: medium;\">A r\u00e9szletszab\u00e1lyokr\u00f3l a k\u00f6vetkez\u0151 fejezetben adunk t\u00e1j\u00e9koztat\u00e1st.<\/span><\/span><\/span><\/p>\n<p style=\"margin-bottom: 0cm; line-height: 100%;\">\u00a0<\/p>\n<p style=\"margin-bottom: 0cm; line-height: 100%;\" align=\"JUSTIFY\"><span style=\"color: #000000;\"><span style=\"font-family: Arial, serif;\"><span style=\"font-size: medium;\"><b>Az \u00e9rintett hozz\u00e1f\u00e9r\u00e9si joga<\/b><\/span><\/span><\/span><\/p>\n<p style=\"margin-bottom: 0cm; line-height: 100%;\" align=\"JUSTIFY\"><span style=\"color: #000000;\"><span style=\"font-family: Arial, serif;\"><span style=\"font-size: medium;\">Az \u00e9rintett jogosult arra, hogy az Adatkezel\u0151t\u0151l visszajelz\u00e9st kapjon arra vonatkoz\u00f3an, hogy szem\u00e9lyes adatainak kezel\u00e9se folyamatban van-e, \u00e9s ha ilyen adatkezel\u00e9s folyamatban van, jogosult arra, hogy a szem\u00e9lyes adatokhoz \u00e9s a Rendeletben meghat\u00e1rozott kapcsol\u00f3d\u00f3 inform\u00e1ci\u00f3khoz hozz\u00e1f\u00e9r\u00e9st kapjon. <\/span><\/span><\/span><\/p>\n<p style=\"margin-bottom: 0cm; line-height: 100%;\" align=\"JUSTIFY\"><span style=\"color: #000000;\"><span style=\"font-family: Arial, serif;\"><span style=\"font-size: medium;\">(Rendelet 15. cikk). <\/span><\/span><\/span><\/p>\n<p style=\"margin-bottom: 0cm; line-height: 100%;\" align=\"JUSTIFY\"><span style=\"color: #000000;\"><span style=\"font-family: Arial, serif;\"><span style=\"font-size: medium;\">A r\u00e9szletszab\u00e1lyokr\u00f3l a k\u00f6vetkez\u0151 fejezetben adunk t\u00e1j\u00e9koztat\u00e1st.<\/span><\/span><\/span><\/p>\n<p style=\"margin-bottom: 0cm; line-height: 100%;\">\u00a0<\/p>\n<p style=\"margin-bottom: 0cm; line-height: 100%;\" align=\"JUSTIFY\"><span style=\"color: #000000;\"><span style=\"font-family: Arial, serif;\"><span style=\"font-size: medium;\"><b>A helyesb\u00edt\u00e9shez val\u00f3 jog<\/b><\/span><\/span><\/span><\/p>\n<p style=\"margin-bottom: 0cm; line-height: 100%;\" align=\"JUSTIFY\"><span style=\"color: #000000;\"><span style=\"font-family: Arial, serif;\"><span style=\"font-size: medium;\">Az \u00e9rintett jogosult arra, hogy k\u00e9r\u00e9s\u00e9re az Adatkezel\u0151 indokolatlan k\u00e9sedelem n\u00e9lk\u00fcl helyesb\u00edtse a r\u00e1 vonatkoz\u00f3 pontatlan szem\u00e9lyes adatokat. Figyelembe v\u00e9ve az adatkezel\u00e9s c\u00e9lj\u00e1t, az \u00e9rintett jogosult arra, hogy k\u00e9rje a hi\u00e1nyos szem\u00e9lyes adatok \u2013 egyebek mellett kieg\u00e9sz\u00edt\u0151 nyilatkozat \u00fatj\u00e1n t\u00f6rt\u00e9n\u0151 \u2013 kieg\u00e9sz\u00edt\u00e9s\u00e9t. <\/span><\/span><\/span><\/p>\n<p style=\"margin-bottom: 0cm; line-height: 100%;\" align=\"JUSTIFY\"><span style=\"color: #000000;\"><span style=\"font-family: Arial, serif;\"><span style=\"font-size: medium;\">(Rendelet 16. cikk).<\/span><\/span><\/span><\/p>\n<p style=\"margin-bottom: 0cm; line-height: 100%;\">\u00a0<\/p>\n<p style=\"margin-bottom: 0cm; line-height: 100%;\" align=\"JUSTIFY\"><span style=\"color: #000000;\"><span style=\"font-family: Arial, serif;\"><span style=\"font-size: medium;\"><b>A t\u00f6rl\u00e9shez val\u00f3 jog (\u201eaz elfeledtet\u00e9shez val\u00f3 jog\u201d)<\/b><\/span><\/span><\/span><\/p>\n<p style=\"margin-bottom: 0cm; line-height: 100%;\" align=\"JUSTIFY\"><span style=\"color: #000000;\"><span style=\"font-family: Arial, serif;\"><span style=\"font-size: medium;\">1. Az \u00e9rintett jogosult arra, hogy k\u00e9r\u00e9s\u00e9re az Adatkezel\u0151 indokolatlan k\u00e9sedelem n\u00e9lk\u00fcl t\u00f6r\u00f6lje a r\u00e1 vonatkoz\u00f3 szem\u00e9lyes adatokat, az Adatkezel\u0151 pedig k\u00f6teles arra, hogy az \u00e9rintettre vonatkoz\u00f3 szem\u00e9lyes adatokat indokolatlan k\u00e9sedelem n\u00e9lk\u00fcl t\u00f6r\u00f6lje, ha a Rendeletben meghat\u00e1rozott indokok valamelyike fenn\u00e1ll. <\/span><\/span><\/span><\/p>\n<p style=\"margin-bottom: 0cm; line-height: 100%;\" align=\"JUSTIFY\"><span style=\"color: #000000;\"><span style=\"font-family: Arial, serif;\"><span style=\"font-size: medium;\">(Rendelet 17. cikk)<\/span><\/span><\/span><\/p>\n<p style=\"margin-bottom: 0cm; line-height: 100%;\" align=\"JUSTIFY\"><span style=\"color: #000000;\"><span style=\"font-family: Arial, serif;\"><span style=\"font-size: medium;\">A r\u00e9szletszab\u00e1lyokr\u00f3l a k\u00f6vetkez\u0151 fejezetben adunk t\u00e1j\u00e9koztat\u00e1st.<\/span><\/span><\/span><\/p>\n<p style=\"margin-bottom: 0cm; line-height: 100%;\">\u00a0<\/p>\n<p style=\"margin-bottom: 0cm; line-height: 100%;\" align=\"JUSTIFY\"><span style=\"color: #000000;\"><span style=\"font-family: Arial, serif;\"><span style=\"font-size: medium;\"><b>Az adatkezel\u00e9s korl\u00e1toz\u00e1s\u00e1hoz val\u00f3 jog<\/b><\/span><\/span><\/span><\/p>\n<p style=\"margin-bottom: 0cm; line-height: 100%;\" align=\"JUSTIFY\"><span style=\"color: #000000;\"><span style=\"font-family: Arial, serif;\"><span style=\"font-size: medium;\">Az \u00e9rintett jogosult arra, hogy k\u00e9r\u00e9s\u00e9re az Adatkezel\u0151 korl\u00e1tozza az adatkezel\u00e9st ha a Rendeletben meghat\u00e1rozott felt\u00e9telek teljes\u00fclnek. <\/span><\/span><\/span><\/p>\n<p style=\"margin-bottom: 0cm; line-height: 100%;\" align=\"JUSTIFY\"><span style=\"color: #000000;\"><span style=\"font-family: Arial, serif;\"><span style=\"font-size: medium;\">(Rendelet 18. cikk)<\/span><\/span><\/span><\/p>\n<p style=\"margin-bottom: 0cm; line-height: 100%;\" align=\"JUSTIFY\"><span style=\"color: #000000;\"><span style=\"font-family: Arial, serif;\"><span style=\"font-size: medium;\">A r\u00e9szletszab\u00e1lyokr\u00f3l a k\u00f6vetkez\u0151 fejezetben adunk t\u00e1j\u00e9koztat\u00e1st.<\/span><\/span><\/span><\/p>\n<p style=\"margin-bottom: 0cm; line-height: 100%;\">\u00a0<\/p>\n<p style=\"margin-bottom: 0cm; line-height: 100%;\" align=\"JUSTIFY\"><span style=\"color: #000000;\"><span style=\"font-family: Arial, serif;\"><span style=\"font-size: medium;\"><b>A szem\u00e9lyes adatok helyesb\u00edt\u00e9s\u00e9hez vagy t\u00f6rl\u00e9s\u00e9hez, illetve az adatkezel\u00e9s korl\u00e1toz\u00e1s\u00e1hoz kapcsol\u00f3d\u00f3 \u00e9rtes\u00edt\u00e9si k\u00f6telezetts\u00e9g<\/b><\/span><\/span><\/span><\/p>\n<p style=\"margin-bottom: 0cm; line-height: 100%;\" align=\"JUSTIFY\"><span style=\"color: #000000;\"><span style=\"font-family: Arial, serif;\"><span style=\"font-size: medium;\">Az Adatkezel\u0151 minden olyan c\u00edmzettet t\u00e1j\u00e9koztat valamennyi helyesb\u00edt\u00e9sr\u0151l, t\u00f6rl\u00e9sr\u0151l vagy adatkezel\u00e9s-korl\u00e1toz\u00e1sr\u00f3l, akivel, illetve amellyel a szem\u00e9lyes adatot k\u00f6z\u00f6lt\u00e9k, kiv\u00e9ve, ha ez lehetetlennek bizonyul, vagy ar\u00e1nytalanul nagy er\u0151fesz\u00edt\u00e9st ig\u00e9nyel. Az \u00e9rintettet k\u00e9r\u00e9s\u00e9re az Adatkezel\u0151 t\u00e1j\u00e9koztatja e c\u00edmzettekr\u0151l.<\/span><\/span><\/span><\/p>\n<p style=\"margin-bottom: 0cm; line-height: 100%;\" align=\"JUSTIFY\"><span style=\"color: #000000;\"><span style=\"font-family: Arial, serif;\"><span style=\"font-size: medium;\">(Rendelet 19. cikk)<\/span><\/span><\/span><\/p>\n<p style=\"margin-bottom: 0cm; line-height: 100%;\">\u00a0<\/p>\n<p style=\"margin-bottom: 0cm; line-height: 100%;\" align=\"JUSTIFY\"><span style=\"color: #000000;\"><span style=\"font-family: Arial, serif;\"><span style=\"font-size: medium;\"><b>Az adathordozhat\u00f3s\u00e1ghoz val\u00f3 jog<\/b><\/span><\/span><\/span><\/p>\n<p style=\"margin-bottom: 0cm; line-height: 100%;\" align=\"JUSTIFY\"><span style=\"color: #000000;\"><span style=\"font-family: Arial, serif;\"><span style=\"font-size: medium;\">A Rendeletben \u00edrt felt\u00e9telekkel az \u00e9rintett jogosult arra, hogy a r\u00e1 vonatkoz\u00f3, \u00e1ltala egy Adatkezel\u0151 rendelkez\u00e9s\u00e9re bocs\u00e1tott szem\u00e9lyes adatokat tagolt, sz\u00e9les k\u00f6rben haszn\u00e1lt, g\u00e9ppel olvashat\u00f3 form\u00e1tumban megkapja, tov\u00e1bb\u00e1 jogosult arra, hogy ezeket az adatokat egy m\u00e1sik Adatkezel\u0151nek tov\u00e1bb\u00edtsa an\u00e9lk\u00fcl, hogy ezt akad\u00e1lyozn\u00e1 az az Adatkezel\u0151, amelynek a szem\u00e9lyes adatokat a rendelkez\u00e9s\u00e9re bocs\u00e1totta.<\/span><\/span><\/span><\/p>\n<p style=\"margin-bottom: 0cm; line-height: 100%;\" align=\"JUSTIFY\"><span style=\"color: #000000;\"><span style=\"font-family: Arial, serif;\"><span style=\"font-size: medium;\">(Rendelet 20. cikk) <\/span><\/span><\/span><\/p>\n<p style=\"margin-bottom: 0cm; line-height: 100%;\" align=\"JUSTIFY\"><span style=\"color: #000000;\"><span style=\"font-family: Arial, serif;\"><span style=\"font-size: medium;\">A r\u00e9szletszab\u00e1lyokr\u00f3l a k\u00f6vetkez\u0151 fejezetben adunk t\u00e1j\u00e9koztat\u00e1st.<\/span><\/span><\/span><\/p>\n<p style=\"margin-bottom: 0cm; line-height: 100%;\">\u00a0<\/p>\n<p style=\"margin-bottom: 0cm; line-height: 100%;\" align=\"JUSTIFY\"><span style=\"color: #000000;\"><span style=\"font-family: Arial, serif;\"><span style=\"font-size: medium;\"><b>A tiltakoz\u00e1shoz val\u00f3 jog<\/b><\/span><\/span><\/span><\/p>\n<p style=\"margin-bottom: 0cm; line-height: 100%;\" align=\"JUSTIFY\"><span style=\"color: #000000;\"><span style=\"font-family: Arial, serif;\"><span style=\"font-size: medium;\">Az \u00e9rintett jogosult arra, hogy a saj\u00e1t helyzet\u00e9vel kapcsolatos okokb\u00f3l b\u00e1rmikor tiltakozzon szem\u00e9lyes adatainak a Rendelet 6. cikk (1) bekezd\u00e9s\u00e9nek e) pontj\u00e1n (az adatkezel\u00e9s k\u00f6z\u00e9rdek\u0171 vagy az Adatkezel\u0151re ruh\u00e1zott k\u00f6zhatalmi jogos\u00edtv\u00e1ny gyakorl\u00e1s\u00e1nak keret\u00e9ben v\u00e9gzett feladat v\u00e9grehajt\u00e1s\u00e1hoz sz\u00fcks\u00e9ges) vagy f) pontj\u00e1n (az adatkezel\u00e9s az Adatkezel\u0151 vagy egy harmadik f\u00e9l jogos \u00e9rdekeinek \u00e9rv\u00e9nyes\u00edt\u00e9s\u00e9hez sz\u00fcks\u00e9g.<\/span><\/span><\/span><\/p>\n<p style=\"margin-bottom: 0cm; line-height: 100%;\" align=\"JUSTIFY\"><span style=\"color: #000000;\"><span style=\"font-family: Arial, serif;\"><span style=\"font-size: medium;\">(Rendelet 21. cikk)<\/span><\/span><\/span><\/p>\n<p style=\"margin-bottom: 0cm; line-height: 100%;\" align=\"JUSTIFY\"><span style=\"color: #000000;\"><span style=\"font-family: Arial, serif;\"><span style=\"font-size: medium;\">A r\u00e9szletszab\u00e1lyokr\u00f3l a k\u00f6vetkez\u0151 fejezetben adunk t\u00e1j\u00e9koztat\u00e1st.<\/span><\/span><\/span><\/p>\n<p style=\"margin-bottom: 0cm; line-height: 100%;\">\u00a0<\/p>\n<p style=\"margin-bottom: 0cm; line-height: 100%;\" align=\"JUSTIFY\"><span style=\"color: #000000;\"><span style=\"font-family: Arial, serif;\"><span style=\"font-size: medium;\"><b>Automatiz\u00e1lt d\u00f6nt\u00e9shozatal egyedi \u00fcgyekben, bele\u00e9rtve a profilalkot\u00e1st<\/b><\/span><\/span><\/span><\/p>\n<p style=\"margin-bottom: 0cm; line-height: 100%;\" align=\"JUSTIFY\"><span style=\"color: #000000;\"><span style=\"font-family: Arial, serif;\"><span style=\"font-size: medium;\">Az \u00e9rintett jogosult arra, hogy ne terjedjen ki r\u00e1 az olyan, kiz\u00e1r\u00f3lag automatiz\u00e1lt adatkezel\u00e9sen \u2013 ide\u00e9rtve a profilalkot\u00e1st is \u2013 alapul\u00f3 d\u00f6nt\u00e9s hat\u00e1lya, amely r\u00e1 n\u00e9zve joghat\u00e1ssal j\u00e1rna vagy \u0151t hasonl\u00f3k\u00e9ppen jelent\u0151s m\u00e9rt\u00e9kben \u00e9rinten\u00e9.<\/span><\/span><\/span><\/p>\n<p style=\"margin-bottom: 0cm; line-height: 100%;\" align=\"JUSTIFY\"><span style=\"color: #000000;\"><span style=\"font-family: Arial, serif;\"><span style=\"font-size: medium;\">(Rendelet 22. cikk)<\/span><\/span><\/span><\/p>\n<p style=\"margin-bottom: 0cm; line-height: 100%;\" align=\"JUSTIFY\"><span style=\"color: #000000;\"><span style=\"font-family: Arial, serif;\"><span style=\"font-size: medium;\">A r\u00e9szletszab\u00e1lyokr\u00f3l a k\u00f6vetkez\u0151 fejezetben adunk t\u00e1j\u00e9koztat\u00e1st.<\/span><\/span><\/span><\/p>\n<p style=\"margin-bottom: 0cm; line-height: 100%;\">\u00a0<\/p>\n<p style=\"margin-bottom: 0cm; line-height: 100%;\" align=\"JUSTIFY\"><span style=\"color: #000000;\"><span style=\"font-family: Arial, serif;\"><span style=\"font-size: medium;\"><b>Korl\u00e1toz\u00e1sok<\/b><\/span><\/span><\/span><\/p>\n<p style=\"margin-bottom: 0cm; line-height: 100%;\" align=\"JUSTIFY\"><span style=\"color: #000000;\"><span style=\"font-family: Arial, serif;\"><span style=\"font-size: medium;\">Az Adatkezel\u0151re vagy adatfeldolgoz\u00f3ra alkalmazand\u00f3 uni\u00f3s vagy tag\u00e1llami jog jogalkot\u00e1si int\u00e9zked\u00e9sekkel korl\u00e1tozhatja a 12\u201322. cikkben \u00e9s a 34. cikkben foglalt, valamint a 12\u201322. cikkben meghat\u00e1rozott jogokkal \u00e9s k\u00f6telezetts\u00e9gekkel \u00f6sszhangban <\/span><\/span><\/span><\/p>\n<p style=\"margin-bottom: 0cm; line-height: 100%;\" align=\"JUSTIFY\"><span style=\"color: #000000;\"><span style=\"font-family: Arial, serif;\"><span style=\"font-size: medium;\">(Rendelet 23. cikk)<\/span><\/span><\/span><\/p>\n<p style=\"margin-bottom: 0cm; line-height: 100%;\" align=\"JUSTIFY\"><span style=\"color: #000000;\"><span style=\"font-family: Arial, serif;\"><span style=\"font-size: medium;\">A r\u00e9szletszab\u00e1lyokr\u00f3l a k\u00f6vetkez\u0151 fejezetben adunk t\u00e1j\u00e9koztat\u00e1st.<\/span><\/span><\/span><\/p>\n<p style=\"margin-bottom: 0cm; line-height: 100%;\">\u00a0<\/p>\n<p style=\"margin-bottom: 0cm; line-height: 100%;\" align=\"JUSTIFY\"><span style=\"color: #000000;\"><span style=\"font-family: Arial, serif;\"><span style=\"font-size: medium;\"><b>Az \u00e9rintett t\u00e1j\u00e9koztat\u00e1sa az adatv\u00e9delmi incidensr\u0151l<\/b><\/span><\/span><\/span><\/p>\n<p style=\"margin-bottom: 0cm; line-height: 100%;\" align=\"JUSTIFY\"><span style=\"color: #000000;\"><span style=\"font-family: Arial, serif;\"><span style=\"font-size: medium;\">Ha az adatv\u00e9delmi incidens val\u00f3sz\u00edn\u0171s\u00edthet\u0151en magas kock\u00e1zattal j\u00e1r a term\u00e9szetes szem\u00e9lyek jogaira \u00e9s szabads\u00e1gaira n\u00e9zve, az Adatkezel\u0151 indokolatlan k\u00e9sedelem n\u00e9lk\u00fcl t\u00e1j\u00e9koztatja az \u00e9rintettet az adatv\u00e9delmi incidensr\u0151l.<\/span><\/span><\/span><\/p>\n<p style=\"margin-bottom: 0cm; line-height: 100%;\" align=\"JUSTIFY\"><span style=\"color: #000000;\"><span style=\"font-family: Arial, serif;\"><span style=\"font-size: medium;\">(Rendelet 34. cikk)<\/span><\/span><\/span><\/p>\n<p style=\"margin-bottom: 0cm; line-height: 100%;\" align=\"JUSTIFY\"><span style=\"color: #000000;\"><span style=\"font-family: Arial, serif;\"><span style=\"font-size: medium;\">A r\u00e9szletszab\u00e1lyokr\u00f3l a k\u00f6vetkez\u0151 fejezetben adunk t\u00e1j\u00e9koztat\u00e1st.<\/span><\/span><\/span><\/p>\n<p style=\"margin-bottom: 0cm; line-height: 100%;\">\u00a0<\/p>\n<p style=\"margin-bottom: 0cm; line-height: 100%;\"><span style=\"color: #000000;\"><span style=\"font-family: Arial, serif;\"><span style=\"font-size: medium;\"><b>A fel\u00fcgyeleti hat\u00f3s\u00e1gn\u00e1l t\u00f6rt\u00e9n\u0151 panaszt\u00e9telhez val\u00f3 jog (hat\u00f3s\u00e1gi jogorvoslathoz val\u00f3 jog)<\/b><\/span><\/span><\/span><\/p>\n<p style=\"margin-bottom: 0cm; line-height: 100%;\">\u00a0<\/p>\n<p style=\"margin-bottom: 0cm; line-height: 100%;\"><span style=\"color: #000000;\"><span style=\"font-family: Arial, serif;\"><span style=\"font-size: medium;\">Az \u00e9rintett jogosult arra, hogy panaszt tegyen egy fel\u00fcgyeleti hat\u00f3s\u00e1gn\u00e1l \u2013 k\u00fcl\u00f6n\u00f6sen a szok\u00e1sos tart\u00f3zkod\u00e1si helye, a munkahelye vagy a felt\u00e9telezett jogs\u00e9rt\u00e9s helye szerinti tag\u00e1llamban \u2013, ha az \u00e9rintett meg\u00edt\u00e9l\u00e9se szerint a r\u00e1 vonatkoz\u00f3 szem\u00e9lyes adatok kezel\u00e9se megs\u00e9rti a Rendeletet.<\/span><\/span><\/span><\/p>\n<p style=\"margin-bottom: 0cm; line-height: 100%;\"><span style=\"color: #000000;\"><span style=\"font-family: Arial, serif;\"><span style=\"font-size: medium;\">(Rendelet 77. cikk)<\/span><\/span><\/span><\/p>\n<p style=\"margin-bottom: 0cm; line-height: 100%;\"><span style=\"color: #000000;\"><span style=\"font-family: Arial, serif;\"><span style=\"font-size: medium;\">A r\u00e9szletszab\u00e1lyokr\u00f3l a k\u00f6vetkez\u0151 fejezetben adunk t\u00e1j\u00e9koztat\u00e1st.<\/span><\/span><\/span><\/p>\n<p style=\"margin-bottom: 0cm; line-height: 100%;\">\u00a0<\/p>\n<p style=\"margin-bottom: 0cm; line-height: 100%;\"><span style=\"color: #000000;\"><span style=\"font-family: Arial, serif;\"><span style=\"font-size: medium;\"><b>A fel\u00fcgyeleti hat\u00f3s\u00e1ggal szembeni hat\u00e9kony b\u00edr\u00f3s\u00e1gi jogorvoslathoz val\u00f3 jog<\/b><\/span><\/span><\/span><\/p>\n<p style=\"margin-bottom: 0cm; line-height: 100%;\">\u00a0<\/p>\n<p style=\"margin-bottom: 0cm; line-height: 100%;\" align=\"JUSTIFY\"><span style=\"color: #000000;\"><span style=\"font-family: Arial, serif;\"><span style=\"font-size: medium;\">Minden term\u00e9szetes \u00e9s jogi szem\u00e9ly jogosult a hat\u00e9kony b\u00edr\u00f3s\u00e1gi jogorvoslatra a fel\u00fcgyeleti hat\u00f3s\u00e1g r\u00e1 vonatkoz\u00f3, jogilag k\u00f6telez\u0151 erej\u0171 d\u00f6nt\u00e9s\u00e9vel szemben, vagy ha a fel\u00fcgyeleti hat\u00f3s\u00e1g nem foglalkozik a panasszal, vagy h\u00e1rom h\u00f3napon bel\u00fcl nem t\u00e1j\u00e9koztatja az \u00e9rintettet a beny\u00fajtott panasszal kapcsolatos elj\u00e1r\u00e1si fejlem\u00e9nyekr\u0151l vagy annak eredm\u00e9ny\u00e9r\u0151l.<\/span><\/span><\/span><\/p>\n<p style=\"margin-bottom: 0cm; line-height: 100%;\"><span style=\"color: #000000;\"><span style=\"font-family: Arial, serif;\"><span style=\"font-size: medium;\">(Rendelet 78. cikk)<\/span><\/span><\/span><\/p>\n<p style=\"margin-bottom: 0cm; line-height: 100%;\"><span style=\"color: #000000;\"><span style=\"font-family: Arial, serif;\"><span style=\"font-size: medium;\">A r\u00e9szletszab\u00e1lyokr\u00f3l a k\u00f6vetkez\u0151 fejezetben adunk t\u00e1j\u00e9koztat\u00e1st.<\/span><\/span><\/span><\/p>\n<p style=\"margin-bottom: 0cm; line-height: 100%;\">\u00a0<\/p>\n<p style=\"margin-bottom: 0cm; line-height: 100%;\"><span style=\"color: #000000;\"><span style=\"font-family: Arial, serif;\"><span style=\"font-size: medium;\"><b>Az adatkezel\u0151vel vagy az adatfeldolgoz\u00f3val szembeni hat\u00e9kony b\u00edr\u00f3s\u00e1gi jogorvoslathoz val\u00f3 jog<\/b><\/span><\/span><\/span><\/p>\n<p style=\"margin-bottom: 0cm; line-height: 100%;\">\u00a0<\/p>\n<p style=\"margin-bottom: 0cm; line-height: 100%;\"><span style=\"color: #000000;\"><span style=\"font-family: Arial, serif;\"><span style=\"font-size: medium;\">Minden \u00e9rintett hat\u00e9kony b\u00edr\u00f3s\u00e1gi jogorvoslatra jogosult, ha meg\u00edt\u00e9l\u00e9se szerint a szem\u00e9lyes adatainak e rendeletnek nem megfelel\u0151 kezel\u00e9se k\u00f6vetkezt\u00e9ben megs\u00e9rtett\u00e9k az e rendelet szerinti jogait.<\/span><\/span><\/span><\/p>\n<p style=\"margin-bottom: 0cm; line-height: 100%;\"><span style=\"color: #000000;\"><span style=\"font-family: Arial, serif;\"><span style=\"font-size: medium;\">(Rendelet 79. cikk)<\/span><\/span><\/span><\/p>\n<p style=\"margin-bottom: 0cm; line-height: 100%;\"><span style=\"color: #000000;\"><span style=\"font-family: Arial, serif;\"><span style=\"font-size: medium;\">A r\u00e9szletszab\u00e1lyokr\u00f3l a k\u00f6vetkez\u0151 fejezetben adunk t\u00e1j\u00e9koztat\u00e1st.<\/span><\/span><\/span><\/p>\n<p style=\"margin-bottom: 0.42cm; line-height: 100%;\"><br \/><br \/><\/p>\n<p style=\"margin-bottom: 0cm; line-height: 100%;\" align=\"CENTER\"><span style=\"color: #000000;\"><span style=\"font-family: Arial, serif;\"><span style=\"font-size: medium;\"><b>VI. FEJEZET<\/b><\/span><\/span><\/span><\/p>\n<p style=\"margin-bottom: 0cm; line-height: 100%;\" align=\"CENTER\"><span style=\"color: #000000;\"><span style=\"font-family: Arial, serif;\"><span style=\"font-size: medium;\"><b>R\u00c9SZLETES T\u00c1J\u00c9KOZTAT\u00c1S AZ \u00c9RINTETT JOGAIR\u00d3L<\/b><\/span><\/span><\/span><\/p>\n<p style=\"margin-bottom: 0cm; line-height: 100%;\">\u00a0<\/p>\n<p style=\"margin-bottom: 0cm; line-height: 100%;\" align=\"JUSTIFY\"><span style=\"color: #000000;\"><span style=\"font-family: Arial, serif;\"><span style=\"font-size: medium;\"><b>El\u0151zetes t\u00e1j\u00e9koz\u00f3d\u00e1shoz val\u00f3 jog<\/b><\/span><\/span><\/span><\/p>\n<p style=\"margin-bottom: 0cm; line-height: 100%;\" align=\"JUSTIFY\"><span style=\"color: #000000;\"><span style=\"font-family: Arial, serif;\"><span style=\"font-size: medium;\">Az \u00e9rintett jogosult arra, hogy az adatkezel\u00e9ssel \u00f6sszef\u00fcgg\u0151 t\u00e9nyekr\u0151l \u00e9s inform\u00e1ci\u00f3kr\u00f3l az adatkezel\u00e9s megkezd\u00e9s\u00e9t megel\u0151z\u0151en t\u00e1j\u00e9koztat\u00e1st kapjon <\/span><\/span><\/span><\/p>\n<p style=\"margin-bottom: 0.42cm; line-height: 100%;\"><br \/><br \/><\/p>\n<p style=\"margin-bottom: 0cm; line-height: 100%;\" align=\"JUSTIFY\"><span style=\"color: #000000;\"><span style=\"font-family: Arial, serif;\"><span style=\"font-size: medium;\"><b>A) Rendelkez\u00e9sre bocs\u00e1tand\u00f3 inform\u00e1ci\u00f3k, ha a szem\u00e9lyes adatokat az \u00e9rintett\u0151l gy\u0171jtik<\/b><\/span><\/span><\/span><\/p>\n<p style=\"margin-bottom: 0cm; line-height: 100%;\">\u00a0<\/p>\n<p style=\"margin-bottom: 0cm; line-height: 100%;\" align=\"JUSTIFY\"><span style=\"color: #000000;\"><span style=\"font-family: Arial, serif;\"><span style=\"font-size: medium;\">1. Ha az \u00e9rintettre vonatkoz\u00f3 szem\u00e9lyes adatokat az \u00e9rintett\u0151l gy\u0171jtik, az adatkezel\u0151 a szem\u00e9lyes adatok megszerz\u00e9s\u00e9nek id\u0151pontj\u00e1ban az \u00e9rintett rendelkez\u00e9s\u00e9re bocs\u00e1tja a k\u00f6vetkez\u0151 inform\u00e1ci\u00f3k mindegyik\u00e9t:<\/span><\/span><\/span><\/p>\n<p style=\"margin-bottom: 0cm; line-height: 100%;\" align=\"JUSTIFY\"><span style=\"color: #000000;\"><span style=\"font-family: Arial, serif;\"><span style=\"font-size: medium;\">a) az adatkezel\u0151nek \u00e9s \u2013 ha van ilyen \u2013 az adatkezel\u0151 k\u00e9pvisel\u0151j\u00e9nek a kil\u00e9te \u00e9s el\u00e9rhet\u0151s\u00e9gei;<\/span><\/span><\/span><\/p>\n<p style=\"margin-bottom: 0cm; line-height: 100%;\" align=\"JUSTIFY\"><span style=\"color: #000000;\"><span style=\"font-family: Arial, serif;\"><span style=\"font-size: medium;\">b) az adatv\u00e9delmi tisztvisel\u0151 el\u00e9rhet\u0151s\u00e9gei, ha van ilyen;<\/span><\/span><\/span><\/p>\n<p style=\"margin-bottom: 0cm; line-height: 100%;\" align=\"JUSTIFY\"><span style=\"color: #000000;\"><span style=\"font-family: Arial, serif;\"><span style=\"font-size: medium;\">c) a szem\u00e9lyes adatok tervezett kezel\u00e9s\u00e9nek c\u00e9lja, valamint az adatkezel\u00e9s jogalapja;<\/span><\/span><\/span><\/p>\n<p style=\"margin-bottom: 0cm; line-height: 100%;\" align=\"JUSTIFY\"><span style=\"color: #000000;\"><span style=\"font-family: Arial, serif;\"><span style=\"font-size: medium;\">d) a Rendelet 6. cikk (1) bekezd\u00e9s\u00e9nek f) pontj\u00e1n (jogos \u00e9rdek \u00e9rv\u00e9nyes\u00edt\u00e9s) alapul\u00f3 adatkezel\u00e9s eset\u00e9n, az adatkezel\u0151 vagy harmadik f\u00e9l jogos \u00e9rdekei;<\/span><\/span><\/span><\/p>\n<p style=\"margin-bottom: 0cm; line-height: 100%;\" align=\"JUSTIFY\"><span style=\"color: #000000;\"><span style=\"font-family: Arial, serif;\"><span style=\"font-size: medium;\">e) adott esetben a szem\u00e9lyes adatok c\u00edmzettjei, illetve a c\u00edmzettek kateg\u00f3ri\u00e1i, ha van ilyen;<\/span><\/span><\/span><\/p>\n<p style=\"margin-bottom: 0cm; line-height: 100%;\" align=\"JUSTIFY\"><span style=\"color: #000000;\"><span style=\"font-family: Arial, serif;\"><span style=\"font-size: medium;\">f) adott esetben annak t\u00e9nye, hogy az adatkezel\u0151 harmadik orsz\u00e1gba vagy nemzetk\u00f6zi szervezet r\u00e9sz\u00e9re k\u00edv\u00e1nja tov\u00e1bb\u00edtani a szem\u00e9lyes adatokat, tov\u00e1bb\u00e1 a Bizotts\u00e1g megfelel\u0151s\u00e9gi hat\u00e1rozat\u00e1nak l\u00e9te vagy annak hi\u00e1nya, vagy a Rendelet 46. cikkben, a 47. cikkben vagy a 49. cikk (1) bekezd\u00e9s\u00e9nek m\u00e1sodik albekezd\u00e9s\u00e9ben eml\u00edtett adattov\u00e1bb\u00edt\u00e1s eset\u00e9n a megfelel\u0151 \u00e9s alkalmas garanci\u00e1k megjel\u00f6l\u00e9se, valamint az azok m\u00e1solat\u00e1nak megszerz\u00e9s\u00e9re szolg\u00e1l\u00f3 m\u00f3dokra vagy az azok el\u00e9rhet\u0151s\u00e9g\u00e9re val\u00f3 hivatkoz\u00e1s.<\/span><\/span><\/span><\/p>\n<p style=\"margin-bottom: 0cm; line-height: 100%;\" align=\"JUSTIFY\"><span style=\"color: #000000;\"><span style=\"font-family: Arial, serif;\"><span style=\"font-size: medium;\">2. \u00a0\u00a0Az 1. pontban eml\u00edtett inform\u00e1ci\u00f3k mellett az adatkezel\u0151 a szem\u00e9lyes adatok megszerz\u00e9s\u00e9nek id\u0151pontj\u00e1ban, annak \u00e9rdek\u00e9ben, hogy a tisztess\u00e9ges \u00e9s \u00e1tl\u00e1that\u00f3 adatkezel\u00e9st biztos\u00edtsa, az \u00e9rintettet a k\u00f6vetkez\u0151 kieg\u00e9sz\u00edt\u0151 inform\u00e1ci\u00f3kr\u00f3l t\u00e1j\u00e9koztatja:<\/span><\/span><\/span><\/p>\n<p style=\"margin-bottom: 0cm; line-height: 100%;\" align=\"JUSTIFY\"><span style=\"color: #000000;\"><span style=\"font-family: Arial, serif;\"><span style=\"font-size: medium;\">a) a szem\u00e9lyes adatok t\u00e1rol\u00e1s\u00e1nak id\u0151tartam\u00e1r\u00f3l, vagy ha ez nem lehets\u00e9ges, ezen id\u0151tartam meghat\u00e1roz\u00e1s\u00e1nak szempontjair\u00f3l;<\/span><\/span><\/span><\/p>\n<p style=\"margin-bottom: 0cm; line-height: 100%;\" align=\"JUSTIFY\"><span style=\"color: #000000;\"><span style=\"font-family: Arial, serif;\"><span style=\"font-size: medium;\">b) az \u00e9rintett azon jog\u00e1r\u00f3l, hogy k\u00e9relmezheti az adatkezel\u0151t\u0151l a r\u00e1 vonatkoz\u00f3 szem\u00e9lyes adatokhoz val\u00f3 hozz\u00e1f\u00e9r\u00e9st, azok helyesb\u00edt\u00e9s\u00e9t, t\u00f6rl\u00e9s\u00e9t vagy kezel\u00e9s\u00e9nek korl\u00e1toz\u00e1s\u00e1t, \u00e9s tiltakozhat az ilyen szem\u00e9lyes adatok kezel\u00e9se ellen, valamint az \u00e9rintett adathordozhat\u00f3s\u00e1ghoz val\u00f3 jog\u00e1r\u00f3l;<\/span><\/span><\/span><\/p>\n<p style=\"margin-bottom: 0cm; line-height: 100%;\" align=\"JUSTIFY\"><span style=\"color: #000000;\"><span style=\"font-family: Arial, serif;\"><span style=\"font-size: medium;\">c) a Rendelet 6. cikk (1) bekezd\u00e9s\u00e9nek a) pontj\u00e1n (az \u00e9rintett hozz\u00e1j\u00e1rul\u00e1sa) vagy a 9. cikk (2) bekezd\u00e9s\u00e9nek a) pontj\u00e1n (az \u00e9rintett hozz\u00e1j\u00e1rul\u00e1sa) alapul\u00f3 adatkezel\u00e9s eset\u00e9n a hozz\u00e1j\u00e1rul\u00e1s b\u00e1rmely id\u0151pontban t\u00f6rt\u00e9n\u0151 visszavon\u00e1s\u00e1hoz val\u00f3 jog, amely nem \u00e9rinti a visszavon\u00e1s el\u0151tt a hozz\u00e1j\u00e1rul\u00e1s alapj\u00e1n v\u00e9grehajtott adatkezel\u00e9s jogszer\u0171s\u00e9g\u00e9t;<\/span><\/span><\/span><\/p>\n<p style=\"margin-bottom: 0cm; line-height: 100%;\" align=\"JUSTIFY\"><span style=\"color: #000000;\"><span style=\"font-family: Arial, serif;\"><span style=\"font-size: medium;\">d) a fel\u00fcgyeleti hat\u00f3s\u00e1ghoz c\u00edmzett panasz beny\u00fajt\u00e1s\u00e1nak jog\u00e1r\u00f3l;<\/span><\/span><\/span><\/p>\n<p style=\"margin-bottom: 0cm; line-height: 100%;\" align=\"JUSTIFY\"><span style=\"color: #000000;\"><span style=\"font-family: Arial, serif;\"><span style=\"font-size: medium;\">e) arr\u00f3l, hogy a szem\u00e9lyes adat szolg\u00e1ltat\u00e1sa jogszab\u00e1lyon vagy szerz\u0151d\u00e9ses k\u00f6telezetts\u00e9gen alapul vagy szerz\u0151d\u00e9s k\u00f6t\u00e9s\u00e9nek el\u0151felt\u00e9tele-e, valamint hogy az \u00e9rintett k\u00f6teles-e a szem\u00e9lyes adatokat megadni, tov\u00e1bb\u00e1 hogy milyen lehets\u00e9ges k\u00f6vetkezm\u00e9nyeikkel j\u00e1rhat az adatszolg\u00e1ltat\u00e1s elmarad\u00e1sa;<\/span><\/span><\/span><\/p>\n<p style=\"margin-bottom: 0cm; line-height: 100%;\" align=\"JUSTIFY\"><span style=\"color: #000000;\"><span style=\"font-family: Arial, serif;\"><span style=\"font-size: medium;\">f) a Rendelet 22. cikk (1) \u00e9s (4) bekezd\u00e9s\u00e9ben eml\u00edtett automatiz\u00e1lt d\u00f6nt\u00e9shozatal t\u00e9nye, ide\u00e9rtve a profilalkot\u00e1st is, valamint legal\u00e1bb ezekben az esetekben az alkalmazott logik\u00e1ra \u00e9s arra vonatkoz\u00f3an \u00e9rthet\u0151 inform\u00e1ci\u00f3k, hogy az ilyen adatkezel\u00e9s milyen jelent\u0151s\u00e9ggel, \u00e9s az \u00e9rintettre n\u00e9zve milyen v\u00e1rhat\u00f3 k\u00f6vetkezm\u00e9nyekkel b\u00edr.<\/span><\/span><\/span><\/p>\n<p style=\"margin-bottom: 0cm; line-height: 100%;\" align=\"JUSTIFY\"><span style=\"color: #000000;\"><span style=\"font-family: Arial, serif;\"><span style=\"font-size: medium;\">3. \u00a0Ha az adatkezel\u0151 a szem\u00e9lyes adatokon a gy\u0171jt\u00e9s\u00fck c\u00e9lj\u00e1t\u00f3l elt\u00e9r\u0151 c\u00e9lb\u00f3l tov\u00e1bbi adatkezel\u00e9st k\u00edv\u00e1n v\u00e9gezni, a tov\u00e1bbi adatkezel\u00e9st megel\u0151z\u0151en t\u00e1j\u00e9koztatnia kell az \u00e9rintettet err\u0151l az elt\u00e9r\u0151 c\u00e9lr\u00f3l \u00e9s a (2) bekezd\u00e9sben eml\u00edtett minden relev\u00e1ns kieg\u00e9sz\u00edt\u0151 inform\u00e1ci\u00f3r\u00f3l.<\/span><\/span><\/span><\/p>\n<p style=\"margin-bottom: 0cm; line-height: 100%;\" align=\"JUSTIFY\"><span style=\"color: #000000;\"><span style=\"font-family: Arial, serif;\"><span style=\"font-size: medium;\">4. \u00a0\u00a0Az 1-3. pontok nem alkalmazand\u00f3, ha \u00e9s amilyen m\u00e9rt\u00e9kben az \u00e9rintett m\u00e1r rendelkezik az inform\u00e1ci\u00f3kkal.<\/span><\/span><\/span><\/p>\n<p style=\"margin-bottom: 0cm; line-height: 100%;\" align=\"JUSTIFY\"><span style=\"color: #000000;\"><span style=\"font-family: Arial, serif;\"><span style=\"font-size: medium;\">(Rendelet 13. cikk)<\/span><\/span><\/span><\/p>\n<p style=\"margin-bottom: 0cm; line-height: 100%;\">\u00a0<\/p>\n<p style=\"margin-bottom: 0cm; line-height: 100%;\" align=\"JUSTIFY\"><span style=\"color: #000000;\"><span style=\"font-family: Arial, serif;\"><span style=\"font-size: medium;\"><b>B) \u00a0Rendelkez\u00e9sre bocs\u00e1tand\u00f3 inform\u00e1ci\u00f3k, ha a szem\u00e9lyes adatokat nem az \u00e9rintett\u0151l szerezt\u00e9k meg<\/b><\/span><\/span><\/span><\/p>\n<p style=\"margin-bottom: 0cm; line-height: 100%;\">\u00a0<\/p>\n<p style=\"margin-bottom: 0cm; line-height: 100%;\" align=\"JUSTIFY\"><span style=\"color: #000000;\"><span style=\"font-family: Arial, serif;\"><span style=\"font-size: medium;\">1. Ha a szem\u00e9lyes adatokat nem az \u00e9rintett\u0151l szerezt\u00e9k meg, az adatkezel\u0151 az \u00e9rintett rendelkez\u00e9s\u00e9re bocs\u00e1tja a k\u00f6vetkez\u0151 inform\u00e1ci\u00f3kat:<\/span><\/span><\/span><\/p>\n<p style=\"margin-bottom: 0cm; line-height: 100%;\" align=\"JUSTIFY\"><span style=\"color: #000000;\"><span style=\"font-family: Arial, serif;\"><span style=\"font-size: medium;\">a) az adatkezel\u0151nek \u00e9s \u2013 ha van ilyen \u2013 az adatkezel\u0151 k\u00e9pvisel\u0151j\u00e9nek a kil\u00e9te \u00e9s el\u00e9rhet\u0151s\u00e9gei;<\/span><\/span><\/span><\/p>\n<p style=\"margin-bottom: 0cm; line-height: 100%;\" align=\"JUSTIFY\"><span style=\"color: #000000;\"><span style=\"font-family: Arial, serif;\"><span style=\"font-size: medium;\">b) az adatv\u00e9delmi tisztvisel\u0151 el\u00e9rhet\u0151s\u00e9gei, ha van ilyen;<\/span><\/span><\/span><\/p>\n<p style=\"margin-bottom: 0cm; line-height: 100%;\" align=\"JUSTIFY\"><span style=\"color: #000000;\"><span style=\"font-family: Arial, serif;\"><span style=\"font-size: medium;\">c) a szem\u00e9lyes adatok tervezett kezel\u00e9s\u00e9nek c\u00e9lja, valamint az adatkezel\u00e9s jogalapja;<\/span><\/span><\/span><\/p>\n<p style=\"margin-bottom: 0cm; line-height: 100%;\" align=\"JUSTIFY\"><span style=\"color: #000000;\"><span style=\"font-family: Arial, serif;\"><span style=\"font-size: medium;\">d) az \u00e9rintett szem\u00e9lyes adatok kateg\u00f3ri\u00e1i;<\/span><\/span><\/span><\/p>\n<p style=\"margin-bottom: 0cm; line-height: 100%;\" align=\"JUSTIFY\"><span style=\"color: #000000;\"><span style=\"font-family: Arial, serif;\"><span style=\"font-size: medium;\">e) a szem\u00e9lyes adatok c\u00edmzettjei, illetve a c\u00edmzettek kateg\u00f3ri\u00e1i, ha van ilyen;<\/span><\/span><\/span><\/p>\n<p style=\"margin-bottom: 0cm; line-height: 100%;\" align=\"JUSTIFY\"><span style=\"color: #000000;\"><span style=\"font-family: Arial, serif;\"><span style=\"font-size: medium;\">f) adott esetben annak t\u00e9nye, hogy az adatkezel\u0151 valamely harmadik orsz\u00e1gbeli c\u00edmzett vagy valamely nemzetk\u00f6zi szervezet r\u00e9sz\u00e9re k\u00edv\u00e1nja tov\u00e1bb\u00edtani a szem\u00e9lyes adatokat, tov\u00e1bb\u00e1 a Bizotts\u00e1g megfelel\u0151s\u00e9gi hat\u00e1rozat\u00e1nak l\u00e9te vagy annak hi\u00e1nya, vagy a Rendelet 46. cikkben, a 47. cikkben vagy a 49. cikk (1) bekezd\u00e9s\u00e9nek m\u00e1sodik albekezd\u00e9s\u00e9ben eml\u00edtett adattov\u00e1bb\u00edt\u00e1s eset\u00e9n a megfelel\u0151 \u00e9s alkalmas garanci\u00e1k megjel\u00f6l\u00e9se, valamint az ezek m\u00e1solat\u00e1nak megszerz\u00e9s\u00e9re szolg\u00e1l\u00f3 m\u00f3dokra vagy az el\u00e9rhet\u0151s\u00e9g\u00fckre val\u00f3 hivatkoz\u00e1s.<\/span><\/span><\/span><\/p>\n<p style=\"margin-bottom: 0cm; line-height: 100%;\" align=\"JUSTIFY\"><span style=\"color: #000000;\"><span style=\"font-family: Arial, serif;\"><span style=\"font-size: medium;\">2. \u00a0\u00a0Az 1. pontban eml\u00edtett inform\u00e1ci\u00f3k mellett az adatkezel\u0151 az \u00e9rintett rendelkez\u00e9s\u00e9re bocs\u00e1tja az \u00e9rintettre n\u00e9zve tisztess\u00e9ges \u00e9s \u00e1tl\u00e1that\u00f3 adatkezel\u00e9s biztos\u00edt\u00e1s\u00e1hoz sz\u00fcks\u00e9ges k\u00f6vetkez\u0151 kieg\u00e9sz\u00edt\u0151 inform\u00e1ci\u00f3kat:<\/span><\/span><\/span><\/p>\n<p style=\"margin-bottom: 0cm; line-height: 100%;\" align=\"JUSTIFY\"><span style=\"color: #000000;\"><span style=\"font-family: Arial, serif;\"><span style=\"font-size: medium;\">a) a szem\u00e9lyes adatok t\u00e1rol\u00e1s\u00e1nak id\u0151tartama, vagy ha ez nem lehets\u00e9ges, ezen id\u0151tartam meghat\u00e1roz\u00e1s\u00e1nak szempontjai;<\/span><\/span><\/span><\/p>\n<p style=\"margin-bottom: 0cm; line-height: 100%;\" align=\"JUSTIFY\"><span style=\"color: #000000;\"><span style=\"font-family: Arial, serif;\"><span style=\"font-size: medium;\">b) ha az adatkezel\u00e9s a Rendelet 6. cikk (1) bekezd\u00e9s\u00e9nek f) pontj\u00e1n (jogos \u00e9rdek) alapul, az adatkezel\u0151 vagy harmadik f\u00e9l jogos \u00e9rdekeir\u0151l;<\/span><\/span><\/span><\/p>\n<p style=\"margin-bottom: 0cm; line-height: 100%;\" align=\"JUSTIFY\"><span style=\"color: #000000;\"><span style=\"font-family: Arial, serif;\"><span style=\"font-size: medium;\">c) az \u00e9rintett azon joga, hogy k\u00e9relmezheti az adatkezel\u0151t\u0151l a r\u00e1 vonatkoz\u00f3 szem\u00e9lyes adatokhoz val\u00f3 hozz\u00e1f\u00e9r\u00e9st, azok helyesb\u00edt\u00e9s\u00e9t, t\u00f6rl\u00e9s\u00e9t vagy kezel\u00e9s\u00e9nek korl\u00e1toz\u00e1s\u00e1t, \u00e9s tiltakozhat a szem\u00e9lyes adatok kezel\u00e9se ellen, valamint az \u00e9rintett adathordozhat\u00f3s\u00e1ghoz val\u00f3 joga;<\/span><\/span><\/span><\/p>\n<p style=\"margin-bottom: 0cm; line-height: 100%;\" align=\"JUSTIFY\"><span style=\"color: #000000;\"><span style=\"font-family: Arial, serif;\"><span style=\"font-size: medium;\">d) a Rendelet 6. cikk (1) bekezd\u00e9s\u00e9nek a) pontj\u00e1n (az \u00e9rintett hozz\u00e1j\u00e1rul\u00e1sa) vagy a 9. cikk (2) bekezd\u00e9s\u00e9nek a) pontj\u00e1n (az \u00e9rintett hozz\u00e1j\u00e1rul\u00e1sa) \u00a0alapul\u00f3 adatkezel\u00e9s eset\u00e9n a hozz\u00e1j\u00e1rul\u00e1s b\u00e1rmely id\u0151pontban val\u00f3 visszavon\u00e1s\u00e1hoz val\u00f3 jog, amely nem \u00e9rinti a visszavon\u00e1s el\u0151tt a hozz\u00e1j\u00e1rul\u00e1s alapj\u00e1n v\u00e9grehajtott adatkezel\u00e9s jogszer\u0171s\u00e9g\u00e9t;<\/span><\/span><\/span><\/p>\n<p style=\"margin-bottom: 0cm; line-height: 100%;\" align=\"JUSTIFY\"><span style=\"color: #000000;\"><span style=\"font-family: Arial, serif;\"><span style=\"font-size: medium;\">e) a valamely fel\u00fcgyeleti hat\u00f3s\u00e1ghoz c\u00edmzett panasz beny\u00fajt\u00e1s\u00e1nak joga;<\/span><\/span><\/span><\/p>\n<p style=\"margin-bottom: 0cm; line-height: 100%;\" align=\"JUSTIFY\"><span style=\"color: #000000;\"><span style=\"font-family: Arial, serif;\"><span style=\"font-size: medium;\">f) a szem\u00e9lyes adatok forr\u00e1sa \u00e9s adott esetben az, hogy az adatok nyilv\u00e1nosan hozz\u00e1f\u00e9rhet\u0151 forr\u00e1sokb\u00f3l sz\u00e1rmaznak-e; \u00e9s<\/span><\/span><\/span><\/p>\n<p style=\"margin-bottom: 0cm; line-height: 100%;\" align=\"JUSTIFY\"><span style=\"color: #000000;\"><span style=\"font-family: Arial, serif;\"><span style=\"font-size: medium;\">g) a Rendelet 22. cikk (1) \u00e9s (4) bekezd\u00e9s\u00e9ben eml\u00edtett automatiz\u00e1lt d\u00f6nt\u00e9shozatal t\u00e9nye, ide\u00e9rtve a profilalkot\u00e1st is, valamint legal\u00e1bb ezekben az esetekben az alkalmazott logik\u00e1ra \u00e9s arra vonatkoz\u00f3 \u00e9rthet\u0151 inform\u00e1ci\u00f3k, hogy az ilyen adatkezel\u00e9s milyen jelent\u0151s\u00e9ggel, \u00e9s az \u00e9rintettre n\u00e9zve milyen v\u00e1rhat\u00f3 k\u00f6vetkezm\u00e9nyekkel b\u00edr.<\/span><\/span><\/span><\/p>\n<p style=\"margin-bottom: 0cm; line-height: 100%;\" align=\"JUSTIFY\"><span style=\"color: #000000;\"><span style=\"font-family: Arial, serif;\"><span style=\"font-size: medium;\">3. \u00a0\u00a0\u00a0Az adatkezel\u0151 az 1. \u00e9s 2. pont szerinti t\u00e1j\u00e9koztat\u00e1st az al\u00e1bbiak szerint adja meg:<\/span><\/span><\/span><\/p>\n<p style=\"margin-bottom: 0cm; line-height: 100%;\" align=\"JUSTIFY\"><span style=\"color: #000000;\"><span style=\"font-family: Arial, serif;\"><span style=\"font-size: medium;\">a) a szem\u00e9lyes adatok kezel\u00e9s\u00e9nek konkr\u00e9t k\u00f6r\u00fclm\u00e9nyeit tekintetbe v\u00e9ve, a szem\u00e9lyes adatok megszerz\u00e9s\u00e9t\u0151l sz\u00e1m\u00edtott \u00e9szszer\u0171 hat\u00e1rid\u0151n, de legk\u00e9s\u0151bb egy h\u00f3napon bel\u00fcl;<\/span><\/span><\/span><\/p>\n<p style=\"margin-bottom: 0cm; line-height: 100%;\" align=\"JUSTIFY\"><span style=\"color: #000000;\"><span style=\"font-family: Arial, serif;\"><span style=\"font-size: medium;\">b) ha a szem\u00e9lyes adatokat az \u00e9rintettel val\u00f3 kapcsolattart\u00e1s c\u00e9lj\u00e1ra haszn\u00e1lj\u00e1k, legal\u00e1bb az \u00e9rintettel val\u00f3 els\u0151 kapcsolatfelv\u00e9tel alkalm\u00e1val; vagy<\/span><\/span><\/span><\/p>\n<p style=\"margin-bottom: 0cm; line-height: 100%;\" align=\"JUSTIFY\"><span style=\"color: #000000;\"><span style=\"font-family: Arial, serif;\"><span style=\"font-size: medium;\">c) ha v\u00e1rhat\u00f3an m\u00e1s c\u00edmzettel is k\u00f6zlik az adatokat, legk\u00e9s\u0151bb a szem\u00e9lyes adatok els\u0151 alkalommal val\u00f3 k\u00f6zl\u00e9sekor.<\/span><\/span><\/span><\/p>\n<p style=\"margin-bottom: 0cm; line-height: 100%;\" align=\"JUSTIFY\"><span style=\"color: #000000;\"><span style=\"font-family: Arial, serif;\"><span style=\"font-size: medium;\">4. \u00a0Ha az adatkezel\u0151 a szem\u00e9lyes adatokon a megszerz\u00e9s\u00fck c\u00e9lj\u00e1t\u00f3l elt\u00e9r\u0151 c\u00e9lb\u00f3l tov\u00e1bbi adatkezel\u00e9st k\u00edv\u00e1n v\u00e9gezni, a tov\u00e1bbi adatkezel\u00e9st megel\u0151z\u0151en t\u00e1j\u00e9koztatnia kell az \u00e9rintettet err\u0151l az elt\u00e9r\u0151 c\u00e9lr\u00f3l \u00e9s a 2. pontban eml\u00edtett minden relev\u00e1ns kieg\u00e9sz\u00edt\u0151 inform\u00e1ci\u00f3r\u00f3l.<\/span><\/span><\/span><\/p>\n<p style=\"margin-bottom: 0cm; line-height: 100%;\" align=\"JUSTIFY\"><span style=\"color: #000000;\"><span style=\"font-family: Arial, serif;\"><span style=\"font-size: medium;\">5. \u00a0Az 1-5. pontot nem kell alkalmazni, ha \u00e9s amilyen m\u00e9rt\u00e9kben:<\/span><\/span><\/span><\/p>\n<p style=\"margin-bottom: 0cm; line-height: 100%;\" align=\"JUSTIFY\"><span style=\"color: #000000;\"><span style=\"font-family: Arial, serif;\"><span style=\"font-size: medium;\">a) az \u00e9rintett m\u00e1r rendelkezik az inform\u00e1ci\u00f3kkal;<\/span><\/span><\/span><\/p>\n<p style=\"margin-bottom: 0cm; line-height: 100%;\" align=\"JUSTIFY\"><span style=\"color: #000000;\"><span style=\"font-family: Arial, serif;\"><span style=\"font-size: medium;\">b) a sz\u00f3ban forg\u00f3 inform\u00e1ci\u00f3k rendelkez\u00e9sre bocs\u00e1t\u00e1sa lehetetlennek bizonyul, vagy ar\u00e1nytalanul nagy er\u0151fesz\u00edt\u00e9st ig\u00e9nyelne, k\u00fcl\u00f6n\u00f6sen a k\u00f6z\u00e9rdek\u0171 archiv\u00e1l\u00e1s c\u00e9lj\u00e1b\u00f3l, tudom\u00e1nyos \u00e9s t\u00f6rt\u00e9nelmi kutat\u00e1si c\u00e9lb\u00f3l vagy statisztikai c\u00e9lb\u00f3l, a Rendelet 89. cikk (1) bekezd\u00e9s\u00e9ben foglalt felt\u00e9telek \u00e9s garanci\u00e1k figyelembev\u00e9tel\u00e9vel v\u00e9gzett adatkezel\u00e9s eset\u00e9ben, vagy amennyiben az e cikk (1) bekezd\u00e9s\u00e9ben eml\u00edtett k\u00f6telezetts\u00e9g val\u00f3sz\u00edn\u0171s\u00edthet\u0151en lehetetlenn\u00e9 tenn\u00e9 vagy komolyan vesz\u00e9lyeztetn\u00e9 ezen adatkezel\u00e9s c\u00e9ljainak el\u00e9r\u00e9s\u00e9t. Ilyen esetekben az adatkezel\u0151nek megfelel\u0151 int\u00e9zked\u00e9seket kell hoznia \u2013 az inform\u00e1ci\u00f3k nyilv\u00e1nosan el\u00e9rhet\u0151v\u00e9 t\u00e9tel\u00e9t is ide\u00e9rtve \u2013 az \u00e9rintett jogainak, szabads\u00e1gainak \u00e9s jogos \u00e9rdekeinek v\u00e9delme \u00e9rdek\u00e9ben;<\/span><\/span><\/span><\/p>\n<p style=\"margin-bottom: 0cm; line-height: 100%;\" align=\"JUSTIFY\"><span style=\"color: #000000;\"><span style=\"font-family: Arial, serif;\"><span style=\"font-size: medium;\">c) az adat megszerz\u00e9s\u00e9t vagy k\u00f6zl\u00e9s\u00e9t kifejezetten el\u0151\u00edrja az adatkezel\u0151re alkalmazand\u00f3 uni\u00f3s vagy tag\u00e1llami jog, amely az \u00e9rintett jogos \u00e9rdekeinek v\u00e9delm\u00e9t szolg\u00e1l\u00f3 megfelel\u0151 int\u00e9zked\u00e9sekr\u0151l rendelkezik; vagy<\/span><\/span><\/span><\/p>\n<p style=\"margin-bottom: 0cm; line-height: 100%;\" align=\"JUSTIFY\"><span style=\"color: #000000;\"><span style=\"font-family: Arial, serif;\"><span style=\"font-size: medium;\">d) a szem\u00e9lyes adatoknak valamely uni\u00f3s vagy tag\u00e1llami jogban el\u0151\u00edrt szakmai titoktart\u00e1si k\u00f6telezetts\u00e9g alapj\u00e1n, ide\u00e9rtve a jogszab\u00e1lyon alapul\u00f3 titoktart\u00e1si k\u00f6telezetts\u00e9get is, bizalmasnak kell maradnia.<\/span><\/span><\/span><\/p>\n<p style=\"margin-bottom: 0cm; line-height: 100%;\" align=\"JUSTIFY\"><span style=\"color: #000000;\"><span style=\"font-family: Arial, serif;\"><span style=\"font-size: medium;\">(Rendelet 14. cikk)<\/span><\/span><\/span><\/p>\n<p style=\"margin-bottom: 0cm; line-height: 100%;\">\u00a0<\/p>\n<p style=\"margin-bottom: 0cm; line-height: 100%;\" align=\"JUSTIFY\"><span style=\"color: #000000;\"><span style=\"font-family: Arial, serif;\"><span style=\"font-size: medium;\"><b>Az \u00e9rintett hozz\u00e1f\u00e9r\u00e9si joga<\/b><\/span><\/span><\/span><\/p>\n<p style=\"margin-bottom: 0cm; line-height: 100%;\">\u00a0<\/p>\n<p style=\"margin-bottom: 0cm; line-height: 100%;\" align=\"JUSTIFY\"><span style=\"color: #000000;\"><span style=\"font-family: Arial, serif;\"><span style=\"font-size: medium;\">1. Az \u00e9rintett jogosult arra, hogy az Adatkezel\u0151t\u0151l visszajelz\u00e9st kapjon arra vonatkoz\u00f3an, hogy szem\u00e9lyes adatainak kezel\u00e9se folyamatban van-e, \u00e9s ha ilyen adatkezel\u00e9s folyamatban van, jogosult arra, hogy a szem\u00e9lyes adatokhoz \u00e9s a k\u00f6vetkez\u0151 inform\u00e1ci\u00f3khoz hozz\u00e1f\u00e9r\u00e9st kapjon:<\/span><\/span><\/span><\/p>\n<p style=\"margin-bottom: 0cm; line-height: 100%;\" align=\"JUSTIFY\"><span style=\"color: #000000;\"><span style=\"font-family: Arial, serif;\"><span style=\"font-size: medium;\">a) az adatkezel\u00e9s c\u00e9ljai;<\/span><\/span><\/span><\/p>\n<p style=\"margin-bottom: 0cm; line-height: 100%;\" align=\"JUSTIFY\"><span style=\"color: #000000;\"><span style=\"font-family: Arial, serif;\"><span style=\"font-size: medium;\">b) az \u00e9rintett szem\u00e9lyes adatok kateg\u00f3ri\u00e1i;<\/span><\/span><\/span><\/p>\n<p style=\"margin-bottom: 0cm; line-height: 100%;\" align=\"JUSTIFY\"><span style=\"color: #000000;\"><span style=\"font-family: Arial, serif;\"><span style=\"font-size: medium;\">c) \u00a0azon c\u00edmzettek vagy c\u00edmzettek kateg\u00f3ri\u00e1i, akikkel, illetve amelyekkel a szem\u00e9lyes adatokat k\u00f6z\u00f6lt\u00e9k vagy k\u00f6z\u00f6lni fogj\u00e1k, ide\u00e9rtve k\u00fcl\u00f6n\u00f6sen a harmadik orsz\u00e1gbeli c\u00edmzetteket, illetve a nemzetk\u00f6zi szervezeteket;<\/span><\/span><\/span><\/p>\n<p style=\"margin-bottom: 0cm; line-height: 100%;\" align=\"JUSTIFY\"><span style=\"color: #000000;\"><span style=\"font-family: Arial, serif;\"><span style=\"font-size: medium;\">d) adott esetben a szem\u00e9lyes adatok t\u00e1rol\u00e1s\u00e1nak tervezett id\u0151tartama, vagy ha ez nem lehets\u00e9ges, ezen id\u0151tartam meghat\u00e1roz\u00e1s\u00e1nak szempontjai;<\/span><\/span><\/span><\/p>\n<p style=\"margin-bottom: 0cm; line-height: 100%;\" align=\"JUSTIFY\"><span style=\"color: #000000;\"><span style=\"font-family: Arial, serif;\"><span style=\"font-size: medium;\">e) az \u00e9rintett azon joga, hogy k\u00e9relmezheti az Adatkezel\u0151t\u0151l a r\u00e1 vonatkoz\u00f3 szem\u00e9lyes adatok helyesb\u00edt\u00e9s\u00e9t, t\u00f6rl\u00e9s\u00e9t vagy kezel\u00e9s\u00e9nek korl\u00e1toz\u00e1s\u00e1t, \u00e9s tiltakozhat az ilyen szem\u00e9lyes adatok kezel\u00e9se ellen;<\/span><\/span><\/span><\/p>\n<p style=\"margin-bottom: 0cm; line-height: 100%;\" align=\"JUSTIFY\"><span style=\"color: #000000;\"><span style=\"font-family: Arial, serif;\"><span style=\"font-size: medium;\">f) a valamely fel\u00fcgyeleti hat\u00f3s\u00e1ghoz c\u00edmzett panasz beny\u00fajt\u00e1s\u00e1nak joga;<\/span><\/span><\/span><\/p>\n<p style=\"margin-bottom: 0cm; line-height: 100%;\" align=\"JUSTIFY\"><span style=\"color: #000000;\"><span style=\"font-family: Arial, serif;\"><span style=\"font-size: medium;\">g) ha az adatokat nem az \u00e9rintett\u0151l gy\u0171jt\u00f6tt\u00e9k, a forr\u00e1sukra vonatkoz\u00f3 minden el\u00e9rhet\u0151 inform\u00e1ci\u00f3;<\/span><\/span><\/span><\/p>\n<p style=\"margin-bottom: 0cm; line-height: 100%;\" align=\"JUSTIFY\"><span style=\"color: #000000;\"><span style=\"font-family: Arial, serif;\"><span style=\"font-size: medium;\">h) a Rendelet 22. cikk (1) \u00e9s (4) bekezd\u00e9s\u00e9ben eml\u00edtett automatiz\u00e1lt d\u00f6nt\u00e9shozatal t\u00e9nye, ide\u00e9rtve a profilalkot\u00e1st is, valamint legal\u00e1bb ezekben az esetekben az alkalmazott logik\u00e1ra \u00e9s arra vonatkoz\u00f3 \u00e9rthet\u0151 inform\u00e1ci\u00f3k, hogy az ilyen adatkezel\u00e9s milyen jelent\u0151s\u00e9ggel b\u00edr, \u00e9s az \u00e9rintettre n\u00e9zve milyen v\u00e1rhat\u00f3 k\u00f6vetkezm\u00e9nyekkel j\u00e1r.<\/span><\/span><\/span><\/p>\n<p style=\"margin-bottom: 0cm; line-height: 100%;\">\u00a0<\/p>\n<p style=\"margin-bottom: 0cm; line-height: 100%;\" align=\"JUSTIFY\"><span style=\"color: #000000;\"><span style=\"font-family: Arial, serif;\"><span style=\"font-size: medium;\">2. Ha szem\u00e9lyes adatoknak harmadik orsz\u00e1gba vagy nemzetk\u00f6zi szervezet r\u00e9sz\u00e9re t\u00f6rt\u00e9n\u0151 tov\u00e1bb\u00edt\u00e1s\u00e1ra ker\u00fcl sor, az \u00e9rintett jogosult arra, hogy t\u00e1j\u00e9koztat\u00e1st kapjon a tov\u00e1bb\u00edt\u00e1sra vonatkoz\u00f3an a Rendelet 46. cikk szerinti megfelel\u0151 garanci\u00e1kr\u00f3l.<\/span><\/span><\/span><\/p>\n<p style=\"margin-bottom: 0cm; line-height: 100%;\">\u00a0<\/p>\n<p style=\"margin-bottom: 0cm; line-height: 100%;\" align=\"JUSTIFY\"><span style=\"color: #000000;\"><span style=\"font-family: Arial, serif;\"><span style=\"font-size: medium;\">3. Az Adatkezel\u0151 az adatkezel\u00e9s t\u00e1rgy\u00e1t k\u00e9pez\u0151 szem\u00e9lyes adatok m\u00e1solat\u00e1t az \u00e9rintett rendelkez\u00e9s\u00e9re bocs\u00e1tja. Az \u00e9rintett \u00e1ltal k\u00e9rt tov\u00e1bbi m\u00e1solatok\u00e9rt az Adatkezel\u0151 az adminisztrat\u00edv k\u00f6lts\u00e9geken alapul\u00f3, \u00e9sszer\u0171 m\u00e9rt\u00e9k\u0171 d\u00edjat sz\u00e1m\u00edthat fel. Ha az \u00e9rintett elektronikus \u00faton ny\u00fajtotta be a k\u00e9relmet, az inform\u00e1ci\u00f3kat sz\u00e9les k\u00f6rben haszn\u00e1lt elektronikus form\u00e1tumban kell rendelkez\u00e9sre bocs\u00e1tani, kiv\u00e9ve, ha az \u00e9rintett m\u00e1sk\u00e9nt k\u00e9ri. A m\u00e1solat ig\u00e9nyl\u00e9s\u00e9re vonatkoz\u00f3 jog nem \u00e9rintheti h\u00e1tr\u00e1nyosan m\u00e1sok jogait \u00e9s szabads\u00e1gait.<\/span><\/span><\/span><\/p>\n<p style=\"margin-bottom: 0cm; line-height: 100%;\" align=\"JUSTIFY\"><span style=\"color: #000000;\"><span style=\"font-family: Arial, serif;\"><span style=\"font-size: medium;\">(Rendelet 15. cikk)<\/span><\/span><\/span><\/p>\n<p style=\"margin-bottom: 0cm; line-height: 100%;\">\u00a0<\/p>\n<p style=\"margin-bottom: 0cm; line-height: 100%;\" align=\"JUSTIFY\"><span style=\"color: #000000;\"><span style=\"font-family: Arial, serif;\"><span style=\"font-size: medium;\"><b>A t\u00f6rl\u00e9shez val\u00f3 jog (\u201eaz elfeledtet\u00e9shez val\u00f3 jog\u201d)<\/b><\/span><\/span><\/span><\/p>\n<p style=\"margin-bottom: 0cm; line-height: 100%;\">\u00a0<\/p>\n<p style=\"margin-bottom: 0cm; line-height: 100%;\" align=\"JUSTIFY\"><span style=\"color: #000000;\"><span style=\"font-family: Arial, serif;\"><span style=\"font-size: medium;\">1. Az \u00e9rintett jogosult arra, hogy k\u00e9r\u00e9s\u00e9re az Adatkezel\u0151 indokolatlan k\u00e9sedelem n\u00e9lk\u00fcl t\u00f6r\u00f6lje a r\u00e1 vonatkoz\u00f3 szem\u00e9lyes adatokat, az Adatkezel\u0151 pedig k\u00f6teles arra, hogy az \u00e9rintettre vonatkoz\u00f3 szem\u00e9lyes adatokat indokolatlan k\u00e9sedelem n\u00e9lk\u00fcl t\u00f6r\u00f6lje, ha az al\u00e1bbi indokok valamelyike fenn\u00e1ll:<\/span><\/span><\/span><\/p>\n<p style=\"margin-bottom: 0cm; line-height: 100%;\" align=\"JUSTIFY\"><span style=\"color: #000000;\"><span style=\"font-family: Arial, serif;\"><span style=\"font-size: medium;\">a) a szem\u00e9lyes adatokra m\u00e1r nincs sz\u00fcks\u00e9g abb\u00f3l a c\u00e9lb\u00f3l, amelyb\u0151l azokat gy\u0171jt\u00f6tt\u00e9k vagy m\u00e1s m\u00f3don kezelt\u00e9k;<\/span><\/span><\/span><\/p>\n<p style=\"margin-bottom: 0cm; line-height: 100%;\" align=\"JUSTIFY\"><span style=\"color: #000000;\"><span style=\"font-family: Arial, serif;\"><span style=\"font-size: medium;\">b) az \u00e9rintett visszavonja a Rendelet 6. cikk (1) bekezd\u00e9s\u00e9nek a) pontja vagy a 9. cikk (2) bekezd\u00e9s\u00e9nek a) pontja \u00e9rtelm\u00e9ben az adatkezel\u00e9s alapj\u00e1t k\u00e9pez\u0151 hozz\u00e1j\u00e1rul\u00e1s\u00e1t, \u00e9s az adatkezel\u00e9snek nincs m\u00e1s jogalapja;<\/span><\/span><\/span><\/p>\n<p style=\"margin-bottom: 0cm; line-height: 100%;\" align=\"JUSTIFY\"><span style=\"color: #000000;\"><span style=\"font-family: Arial, serif;\"><span style=\"font-size: medium;\">c) az \u00e9rintett a Rendelet 21. cikk (1) bekezd\u00e9se alapj\u00e1n tiltakozik az adatkezel\u00e9se ellen, \u00e9s nincs els\u0151bbs\u00e9get \u00e9lvez\u0151 jogszer\u0171 ok az adatkezel\u00e9sre, vagy az \u00e9rintett a 21. cikk (2) bekezd\u00e9se alapj\u00e1n tiltakozik az adatkezel\u00e9s ellen;<\/span><\/span><\/span><\/p>\n<p style=\"margin-bottom: 0cm; line-height: 100%;\" align=\"JUSTIFY\"><span style=\"color: #000000;\"><span style=\"font-family: Arial, serif;\"><span style=\"font-size: medium;\">d) a szem\u00e9lyes adatokat jogellenesen kezelt\u00e9k;<\/span><\/span><\/span><\/p>\n<p style=\"margin-bottom: 0cm; line-height: 100%;\" align=\"JUSTIFY\"><span style=\"color: #000000;\"><span style=\"font-family: Arial, serif;\"><span style=\"font-size: medium;\">e) a szem\u00e9lyes adatokat az Adatkezel\u0151re alkalmazand\u00f3 uni\u00f3s vagy tag\u00e1llami jogban el\u0151\u00edrt jogi k\u00f6telezetts\u00e9g teljes\u00edt\u00e9s\u00e9hez t\u00f6r\u00f6lni kell;<\/span><\/span><\/span><\/p>\n<p style=\"margin-bottom: 0cm; line-height: 100%;\" align=\"JUSTIFY\"><span style=\"color: #000000;\"><span style=\"font-family: Arial, serif;\"><span style=\"font-size: medium;\">f) a szem\u00e9lyes adatok gy\u0171jt\u00e9s\u00e9re a Rendelet 8. cikk (1) bekezd\u00e9s\u00e9ben eml\u00edtett, inform\u00e1ci\u00f3s t\u00e1rsadalommal \u00f6sszef\u00fcgg\u0151 szolg\u00e1ltat\u00e1sok k\u00edn\u00e1l\u00e1s\u00e1val kapcsolatosan ker\u00fclt sor.<\/span><\/span><\/span><\/p>\n<p style=\"margin-bottom: 0cm; line-height: 100%;\">\u00a0<\/p>\n<p style=\"margin-bottom: 0cm; line-height: 100%;\" align=\"JUSTIFY\"><span style=\"color: #000000;\"><span style=\"font-family: Arial, serif;\"><span style=\"font-size: medium;\">2. \u00a0\u00a0Ha az Adatkezel\u0151 nyilv\u00e1noss\u00e1gra hozta a szem\u00e9lyes adatot, \u00e9s az el\u0151bbi 1. pont \u00e9rtelm\u00e9ben azt t\u00f6r\u00f6lni k\u00f6teles, az el\u00e9rhet\u0151 technol\u00f3gia \u00e9s a megval\u00f3s\u00edt\u00e1s k\u00f6lts\u00e9geinek figyelembev\u00e9tel\u00e9vel megteszi az \u00e9sszer\u0171en elv\u00e1rhat\u00f3 l\u00e9p\u00e9seket \u2013 ide\u00e9rtve technikai int\u00e9zked\u00e9seket \u2013 annak \u00e9rdek\u00e9ben, hogy t\u00e1j\u00e9koztassa az adatokat kezel\u0151 Adatkezel\u0151ket, hogy az \u00e9rintett k\u00e9relmezte t\u0151l\u00fck a sz\u00f3ban forg\u00f3 szem\u00e9lyes adatokra mutat\u00f3 linkek vagy e szem\u00e9lyes adatok m\u00e1solat\u00e1nak, illetve m\u00e1sodp\u00e9ld\u00e1ny\u00e1nak t\u00f6rl\u00e9s\u00e9t.<\/span><\/span><\/span><\/p>\n<p style=\"margin-bottom: 0cm; line-height: 100%;\">\u00a0<\/p>\n<p style=\"margin-bottom: 0cm; line-height: 100%;\" align=\"JUSTIFY\"><span style=\"color: #000000;\"><span style=\"font-family: Arial, serif;\"><span style=\"font-size: medium;\">3. \u00a0\u00a0Az 1. \u00e9s 2. pont nem alkalmazand\u00f3, amennyiben az adatkezel\u00e9s sz\u00fcks\u00e9ges:<\/span><\/span><\/span><\/p>\n<p style=\"margin-bottom: 0cm; line-height: 100%;\" align=\"JUSTIFY\"><span style=\"color: #000000;\"><span style=\"font-family: Arial, serif;\"><span style=\"font-size: medium;\">a) a v\u00e9lem\u00e9nynyilv\u00e1n\u00edt\u00e1s szabads\u00e1g\u00e1hoz \u00e9s a t\u00e1j\u00e9koz\u00f3d\u00e1shoz val\u00f3 jog gyakorl\u00e1sa c\u00e9lj\u00e1b\u00f3l;<\/span><\/span><\/span><\/p>\n<p style=\"margin-bottom: 0cm; line-height: 100%;\" align=\"JUSTIFY\"><span style=\"color: #000000;\"><span style=\"font-family: Arial, serif;\"><span style=\"font-size: medium;\">b) a szem\u00e9lyes adatok kezel\u00e9s\u00e9t el\u0151\u00edr\u00f3, az Adatkezel\u0151re alkalmazand\u00f3 uni\u00f3s vagy tag\u00e1llami jog szerinti k\u00f6telezetts\u00e9g teljes\u00edt\u00e9se, illetve k\u00f6z\u00e9rdekb\u0151l vagy az Adatkezel\u0151re ruh\u00e1zott k\u00f6zhatalmi jogos\u00edtv\u00e1ny gyakorl\u00e1sa keret\u00e9ben v\u00e9gzett feladat v\u00e9grehajt\u00e1sa c\u00e9lj\u00e1b\u00f3l;<\/span><\/span><\/span><\/p>\n<p style=\"margin-bottom: 0cm; line-height: 100%;\" align=\"JUSTIFY\"><span style=\"color: #000000;\"><span style=\"font-family: Arial, serif;\"><span style=\"font-size: medium;\">c) a Rendelet 9. cikk (2) bekezd\u00e9se h) \u00e9s i) pontj\u00e1nak, valamint a 9. cikk (3) bekezd\u00e9s\u00e9nek megfelel\u0151en a n\u00e9peg\u00e9szs\u00e9g\u00fcgy ter\u00fclet\u00e9t \u00e9rint\u0151 k\u00f6z\u00e9rdek alapj\u00e1n;<\/span><\/span><\/span><\/p>\n<p style=\"margin-bottom: 0cm; line-height: 100%;\" align=\"JUSTIFY\"><span style=\"color: #000000;\"><span style=\"font-family: Arial, serif;\"><span style=\"font-size: medium;\">d) a Rendelet 89. cikk (1) bekezd\u00e9s\u00e9vel \u00f6sszhangban a k\u00f6z\u00e9rdek\u0171 archiv\u00e1l\u00e1s c\u00e9lj\u00e1b\u00f3l, tudom\u00e1nyos \u00e9s t\u00f6rt\u00e9nelmi kutat\u00e1si c\u00e9lb\u00f3l vagy statisztikai c\u00e9lb\u00f3l, amennyiben az 1. pontban eml\u00edtett jog val\u00f3sz\u00edn\u0171s\u00edthet\u0151en lehetetlenn\u00e9 tenn\u00e9 vagy komolyan vesz\u00e9lyeztetn\u00e9 ezt az adatkezel\u00e9st; vagy<\/span><\/span><\/span><\/p>\n<p style=\"margin-bottom: 0cm; line-height: 100%;\" align=\"JUSTIFY\"><span style=\"color: #000000;\"><span style=\"font-family: Arial, serif;\"><span style=\"font-size: medium;\">e) jogi ig\u00e9nyek el\u0151terjeszt\u00e9s\u00e9hez, \u00e9rv\u00e9nyes\u00edt\u00e9s\u00e9hez, illetve v\u00e9delm\u00e9hez.<\/span><\/span><\/span><\/p>\n<p style=\"margin-bottom: 0cm; line-height: 100%;\" align=\"JUSTIFY\"><span style=\"color: #000000;\"><span style=\"font-family: Arial, serif;\"><span style=\"font-size: medium;\">(Rendelet 17. cikk)<\/span><\/span><\/span><\/p>\n<p style=\"margin-bottom: 0cm; line-height: 100%;\">\u00a0<\/p>\n<p style=\"margin-bottom: 0cm; line-height: 100%;\" align=\"JUSTIFY\"><span style=\"color: #000000;\"><span style=\"font-family: Arial, serif;\"><span style=\"font-size: medium;\"><b>Az adatkezel\u00e9s korl\u00e1toz\u00e1s\u00e1hoz val\u00f3 jog<\/b><\/span><\/span><\/span><\/p>\n<p style=\"margin-bottom: 0cm; line-height: 100%;\">\u00a0<\/p>\n<p style=\"margin-bottom: 0cm; line-height: 100%;\" align=\"JUSTIFY\"><span style=\"color: #000000;\"><span style=\"font-family: Arial, serif;\"><span style=\"font-size: medium;\">1. Az \u00e9rintett jogosult arra, hogy k\u00e9r\u00e9s\u00e9re az Adatkezel\u0151 korl\u00e1tozza az adatkezel\u00e9st, ha az al\u00e1bbiak valamelyike teljes\u00fcl:<\/span><\/span><\/span><\/p>\n<p style=\"margin-bottom: 0cm; line-height: 100%;\" align=\"JUSTIFY\"><span style=\"color: #000000;\"><span style=\"font-family: Arial, serif;\"><span style=\"font-size: medium;\">a) az \u00e9rintett vitatja a szem\u00e9lyes adatok pontoss\u00e1g\u00e1t, ez esetben a korl\u00e1toz\u00e1s arra az id\u0151tartamra vonatkozik, amely lehet\u0151v\u00e9 teszi, hogy az Adatkezel\u0151 ellen\u0151rizze a szem\u00e9lyes adatok pontoss\u00e1g\u00e1t;<\/span><\/span><\/span><\/p>\n<p style=\"margin-bottom: 0cm; line-height: 100%;\" align=\"JUSTIFY\"><span style=\"color: #000000;\"><span style=\"font-family: Arial, serif;\"><span style=\"font-size: medium;\">b) az adatkezel\u00e9s jogellenes, \u00e9s az \u00e9rintett ellenzi az adatok t\u00f6rl\u00e9s\u00e9t, \u00e9s ehelyett k\u00e9ri azok felhaszn\u00e1l\u00e1s\u00e1nak korl\u00e1toz\u00e1s\u00e1t;<\/span><\/span><\/span><\/p>\n<p style=\"margin-bottom: 0cm; line-height: 100%;\" align=\"JUSTIFY\"><span style=\"color: #000000;\"><span style=\"font-family: Arial, serif;\"><span style=\"font-size: medium;\">c) az Adatkezel\u0151nek m\u00e1r nincs sz\u00fcks\u00e9ge a szem\u00e9lyes adatokra adatkezel\u00e9s c\u00e9lj\u00e1b\u00f3l, de az \u00e9rintett ig\u00e9nyli azokat jogi ig\u00e9nyek el\u0151terjeszt\u00e9s\u00e9hez, \u00e9rv\u00e9nyes\u00edt\u00e9s\u00e9hez vagy v\u00e9delm\u00e9hez; vagy<\/span><\/span><\/span><\/p>\n<p style=\"margin-bottom: 0cm; line-height: 100%;\" align=\"JUSTIFY\"><span style=\"color: #000000;\"><span style=\"font-family: Arial, serif;\"><span style=\"font-size: medium;\">d) az \u00e9rintett a Rendelet 21. cikk (1) bekezd\u00e9se szerint tiltakozott az adatkezel\u00e9s ellen; ez esetben a korl\u00e1toz\u00e1s arra az id\u0151tartamra vonatkozik, am\u00edg meg\u00e1llap\u00edt\u00e1sra nem ker\u00fcl, hogy az Adatkezel\u0151 jogos indokai els\u0151bbs\u00e9get \u00e9lveznek-e az \u00e9rintett jogos indokaival szemben.<\/span><\/span><\/span><\/p>\n<p style=\"margin-bottom: 0cm; line-height: 100%;\">\u00a0<\/p>\n<p style=\"margin-bottom: 0cm; line-height: 100%;\" align=\"JUSTIFY\"><span style=\"color: #000000;\"><span style=\"font-family: Arial, serif;\"><span style=\"font-size: medium;\">2. \u00a0Ha az adatkezel\u00e9s az 1. pont alapj\u00e1n korl\u00e1toz\u00e1s al\u00e1 esik, az ilyen szem\u00e9lyes adatokat a t\u00e1rol\u00e1s kiv\u00e9tel\u00e9vel csak az \u00e9rintett hozz\u00e1j\u00e1rul\u00e1s\u00e1val, vagy jogi ig\u00e9nyek el\u0151terjeszt\u00e9s\u00e9hez, \u00e9rv\u00e9nyes\u00edt\u00e9s\u00e9hez vagy v\u00e9delm\u00e9hez, vagy m\u00e1s term\u00e9szetes vagy jogi szem\u00e9ly jogainak v\u00e9delme \u00e9rdek\u00e9ben, vagy az Uni\u00f3, illetve valamely tag\u00e1llam fontos k\u00f6z\u00e9rdek\u00e9b\u0151l lehet kezelni.<\/span><\/span><\/span><\/p>\n<p style=\"margin-bottom: 0cm; line-height: 100%;\">\u00a0<\/p>\n<p style=\"margin-bottom: 0cm; line-height: 100%;\" align=\"JUSTIFY\"><span style=\"color: #000000;\"><span style=\"font-family: Arial, serif;\"><span style=\"font-size: medium;\">3. \u00a0Az Adatkezel\u0151 az \u00e9rintettet, akinek a k\u00e9r\u00e9s\u00e9re az 1. pont alapj\u00e1n korl\u00e1tozt\u00e1k az adatkezel\u00e9st, az adatkezel\u00e9s korl\u00e1toz\u00e1s\u00e1nak felold\u00e1s\u00e1r\u00f3l el\u0151zetesen t\u00e1j\u00e9koztatja.<\/span><\/span><\/span><\/p>\n<p style=\"margin-bottom: 0cm; line-height: 100%;\" align=\"JUSTIFY\"><span style=\"color: #000000;\"><span style=\"font-family: Arial, serif;\"><span style=\"font-size: medium;\">(Rendelet 18. cikk)<\/span><\/span><\/span><\/p>\n<p style=\"margin-bottom: 0cm; line-height: 100%;\">\u00a0<\/p>\n<p style=\"margin-bottom: 0cm; line-height: 100%;\" align=\"JUSTIFY\"><span style=\"color: #000000;\"><span style=\"font-family: Arial, serif;\"><span style=\"font-size: medium;\"><b>Az adathordozhat\u00f3s\u00e1ghoz val\u00f3 jog<\/b><\/span><\/span><\/span><\/p>\n<p style=\"margin-bottom: 0cm; line-height: 100%;\">\u00a0<\/p>\n<p style=\"margin-bottom: 0cm; line-height: 100%;\" align=\"JUSTIFY\"><span style=\"color: #000000;\"><span style=\"font-family: Arial, serif;\"><span style=\"font-size: medium;\">1. Az \u00e9rintett jogosult arra, hogy a r\u00e1 vonatkoz\u00f3, \u00e1ltala egy Adatkezel\u0151 rendelkez\u00e9s\u00e9re bocs\u00e1tott szem\u00e9lyes adatokat tagolt, sz\u00e9les k\u00f6rben haszn\u00e1lt, g\u00e9ppel olvashat\u00f3 form\u00e1tumban megkapja, tov\u00e1bb\u00e1 jogosult arra, hogy ezeket az adatokat egy m\u00e1sik Adatkezel\u0151nek tov\u00e1bb\u00edtsa an\u00e9lk\u00fcl, hogy ezt akad\u00e1lyozn\u00e1 az az Adatkezel\u0151, amelynek a szem\u00e9lyes adatokat a rendelkez\u00e9s\u00e9re bocs\u00e1totta, ha:<\/span><\/span><\/span><\/p>\n<p style=\"margin-bottom: 0cm; line-height: 100%;\" align=\"JUSTIFY\"><span style=\"color: #000000;\"><span style=\"font-family: Arial, serif;\"><span style=\"font-size: medium;\">a) az adatkezel\u00e9s a Rendelet 6. cikk (1) bekezd\u00e9s\u00e9nek a) pontja vagy a 9. cikk (2) bekezd\u00e9s\u00e9nek a) pontja szerinti hozz\u00e1j\u00e1rul\u00e1son, vagy a 6. cikk (1) bekezd\u00e9s\u00e9nek b) pontja szerinti szerz\u0151d\u00e9sen alapul; \u00e9s<\/span><\/span><\/span><\/p>\n<p style=\"margin-bottom: 0cm; line-height: 100%;\" align=\"JUSTIFY\"><span style=\"color: #000000;\"><span style=\"font-family: Arial, serif;\"><span style=\"font-size: medium;\">b) az adatkezel\u00e9s automatiz\u00e1lt m\u00f3don t\u00f6rt\u00e9nik.<\/span><\/span><\/span><\/p>\n<p style=\"margin-bottom: 0cm; line-height: 100%;\">\u00a0<\/p>\n<p style=\"margin-bottom: 0cm; line-height: 100%;\" align=\"JUSTIFY\"><span style=\"color: #000000;\"><span style=\"font-family: Arial, serif;\"><span style=\"font-size: medium;\">2. \u00a0Az adatok hordozhat\u00f3s\u00e1g\u00e1hoz val\u00f3 jog 1. pont szerinti gyakorl\u00e1sa sor\u00e1n az \u00e9rintett jogosult arra, hogy \u2013 ha ez technikailag megval\u00f3s\u00edthat\u00f3 \u2013 k\u00e9rje a szem\u00e9lyes adatok Adatkezel\u0151k k\u00f6z\u00f6tti k\u00f6zvetlen tov\u00e1bb\u00edt\u00e1s\u00e1t.<\/span><\/span><\/span><\/p>\n<p style=\"margin-bottom: 0cm; line-height: 100%;\">\u00a0<\/p>\n<p style=\"margin-bottom: 0cm; line-height: 100%;\" align=\"JUSTIFY\"><span style=\"color: #000000;\"><span style=\"font-family: Arial, serif;\"><span style=\"font-size: medium;\">3. E jog jog gyakorl\u00e1sa nem s\u00e9rtheti a Rendelet 17. cikk\u00e9t. Az eml\u00edtett jog nem alkalmazand\u00f3 abban az esetben, ha az adatkezel\u00e9s k\u00f6z\u00e9rdek\u0171 vagy az Adatkezel\u0151re ruh\u00e1zott k\u00f6zhatalmi jogos\u00edtv\u00e1nyai gyakorl\u00e1s\u00e1nak keret\u00e9ben v\u00e9gzett feladat v\u00e9grehajt\u00e1s\u00e1hoz sz\u00fcks\u00e9ges.<\/span><\/span><\/span><\/p>\n<p style=\"margin-bottom: 0cm; line-height: 100%;\">\u00a0<\/p>\n<p style=\"margin-bottom: 0cm; line-height: 100%;\" align=\"JUSTIFY\"><span style=\"color: #000000;\"><span style=\"font-family: Arial, serif;\"><span style=\"font-size: medium;\">4. Az 1. pontban eml\u00edtett jog nem \u00e9rintheti h\u00e1tr\u00e1nyosan m\u00e1sok jogait \u00e9s szabads\u00e1gait.<\/span><\/span><\/span><\/p>\n<p style=\"margin-bottom: 0cm; line-height: 100%;\" align=\"JUSTIFY\"><span style=\"color: #000000;\"><span style=\"font-family: Arial, serif;\"><span style=\"font-size: medium;\">(Rendelet 20. cikk) <\/span><\/span><\/span><\/p>\n<p style=\"margin-bottom: 0cm; line-height: 100%;\">\u00a0<\/p>\n<p style=\"margin-bottom: 0cm; line-height: 100%;\" align=\"JUSTIFY\"><span style=\"color: #000000;\"><span style=\"font-family: Arial, serif;\"><span style=\"font-size: medium;\"><b>A tiltakoz\u00e1shoz val\u00f3 jog<\/b><\/span><\/span><\/span><\/p>\n<p style=\"margin-bottom: 0cm; line-height: 100%;\">\u00a0<\/p>\n<p style=\"margin-bottom: 0cm; line-height: 100%;\" align=\"JUSTIFY\"><span style=\"color: #000000;\"><span style=\"font-family: Arial, serif;\"><span style=\"font-size: medium;\">1. Az \u00e9rintett jogosult arra, hogy a saj\u00e1t helyzet\u00e9vel kapcsolatos okokb\u00f3l b\u00e1rmikor tiltakozzon szem\u00e9lyes adatainak a Rendelet 6. cikk (1) bekezd\u00e9s\u00e9nek e) pontj\u00e1n (az adatkezel\u00e9s k\u00f6z\u00e9rdek\u0171 vagy az Adatkezel\u0151re ruh\u00e1zott k\u00f6zhatalmi jogos\u00edtv\u00e1ny gyakorl\u00e1s\u00e1nak keret\u00e9ben v\u00e9gzett feladat v\u00e9grehajt\u00e1s\u00e1hoz sz\u00fcks\u00e9ges) vagy f) pontj\u00e1n (az adatkezel\u00e9s az Adatkezel\u0151 vagy egy harmadik f\u00e9l jogos \u00e9rdekeinek \u00e9rv\u00e9nyes\u00edt\u00e9s\u00e9hez sz\u00fcks\u00e9ges) \u00a0alapul\u00f3 kezel\u00e9se ellen, ide\u00e9rtve az eml\u00edtett rendelkez\u00e9seken alapul\u00f3 profilalkot\u00e1st is. Ebben az esetben az Adatkezel\u0151 a szem\u00e9lyes adatokat nem kezelheti tov\u00e1bb, kiv\u00e9ve, ha az Adatkezel\u0151 bizony\u00edtja, hogy az adatkezel\u00e9st olyan k\u00e9nyszer\u00edt\u0151 erej\u0171 jogos okok indokolj\u00e1k, amelyek els\u0151bbs\u00e9get \u00e9lveznek az \u00e9rintett \u00e9rdekeivel, jogaival \u00e9s szabads\u00e1gaival szemben, vagy amelyek jogi ig\u00e9nyek el\u0151terjeszt\u00e9s\u00e9hez, \u00e9rv\u00e9nyes\u00edt\u00e9s\u00e9hez vagy v\u00e9delm\u00e9hez kapcsol\u00f3dnak.<\/span><\/span><\/span><\/p>\n<p style=\"margin-bottom: 0cm; line-height: 100%;\" align=\"JUSTIFY\">\u00a0<\/p>\n<p style=\"margin-bottom: 0cm; line-height: 100%;\" align=\"JUSTIFY\"><span style=\"color: #000000;\"><span style=\"font-family: Arial, serif;\"><span style=\"font-size: medium;\">2. Ha a szem\u00e9lyes adatok kezel\u00e9se k\u00f6zvetlen \u00fczletszerz\u00e9s \u00e9rdek\u00e9ben t\u00f6rt\u00e9nik, az \u00e9rintett jogosult arra, hogy b\u00e1rmikor tiltakozzon a r\u00e1 vonatkoz\u00f3 szem\u00e9lyes adatok e c\u00e9lb\u00f3l t\u00f6rt\u00e9n\u0151 kezel\u00e9se ellen, ide\u00e9rtve a profilalkot\u00e1st is, amennyiben az a k\u00f6zvetlen \u00fczletszerz\u00e9shez kapcsol\u00f3dik.<\/span><\/span><\/span><\/p>\n<p style=\"margin-bottom: 0cm; line-height: 100%;\">\u00a0<\/p>\n<p style=\"margin-bottom: 0cm; line-height: 100%;\" align=\"JUSTIFY\"><span style=\"color: #000000;\"><span style=\"font-family: Arial, serif;\"><span style=\"font-size: medium;\">3. Ha az \u00e9rintett tiltakozik a szem\u00e9lyes adatok k\u00f6zvetlen \u00fczletszerz\u00e9s \u00e9rdek\u00e9ben t\u00f6rt\u00e9n\u0151 kezel\u00e9se ellen, akkor a szem\u00e9lyes adatok a tov\u00e1bbiakban e c\u00e9lb\u00f3l nem kezelhet\u0151k.<\/span><\/span><\/span><\/p>\n<p style=\"margin-bottom: 0cm; line-height: 100%;\" align=\"JUSTIFY\"><span style=\"color: #000000;\"><span style=\"font-family: Arial, serif;\"><span style=\"font-size: medium;\">4. \u00a0\u00a0Az 1. \u00e9s 2. pontokban eml\u00edtett jogra legk\u00e9s\u0151bb az \u00e9rintettel val\u00f3 els\u0151 kapcsolatfelv\u00e9tel sor\u00e1n kifejezetten fel kell h\u00edvni annak figyelm\u00e9t, \u00e9s az erre vonatkoz\u00f3 t\u00e1j\u00e9koztat\u00e1st egy\u00e9rtelm\u0171en \u00e9s minden m\u00e1s inform\u00e1ci\u00f3t\u00f3l elk\u00fcl\u00f6n\u00edtve kell megjelen\u00edteni.<\/span><\/span><\/span><\/p>\n<p style=\"margin-bottom: 0cm; line-height: 100%;\">\u00a0<\/p>\n<p style=\"margin-bottom: 0cm; line-height: 100%;\" align=\"JUSTIFY\"><span style=\"color: #000000;\"><span style=\"font-family: Arial, serif;\"><span style=\"font-size: medium;\">5. \u00a0\u00a0Az inform\u00e1ci\u00f3s t\u00e1rsadalommal \u00f6sszef\u00fcgg\u0151 szolg\u00e1ltat\u00e1sok ig\u00e9nybev\u00e9tel\u00e9hez kapcsol\u00f3d\u00f3an \u00e9s a 2002\/58\/EK ir\u00e1nyelvt\u0151l elt\u00e9rve az \u00e9rintett a tiltakoz\u00e1shoz val\u00f3 jogot m\u0171szaki el\u0151\u00edr\u00e1sokon alapul\u00f3 automatiz\u00e1lt eszk\u00f6z\u00f6kkel is gyakorolhatja.<\/span><\/span><\/span><\/p>\n<p style=\"margin-bottom: 0cm; line-height: 100%;\">\u00a0<\/p>\n<p style=\"margin-bottom: 0cm; line-height: 100%;\" align=\"JUSTIFY\"><span style=\"color: #000000;\"><span style=\"font-family: Arial, serif;\"><span style=\"font-size: medium;\">6. \u00a0Ha a szem\u00e9lyes adatok kezel\u00e9s\u00e9re a Rendelet 89. cikk (1) bekezd\u00e9s\u00e9nek megfelel\u0151en tudom\u00e1nyos \u00e9s t\u00f6rt\u00e9nelmi kutat\u00e1si c\u00e9lb\u00f3l vagy statisztikai c\u00e9lb\u00f3l ker\u00fcl sor, az \u00e9rintett jogosult arra, hogy a saj\u00e1t helyzet\u00e9vel kapcsolatos okokb\u00f3l tiltakozhasson a r\u00e1 vonatkoz\u00f3 szem\u00e9lyes adatok kezel\u00e9se ellen, kiv\u00e9ve, ha az adatkezel\u00e9sre k\u00f6z\u00e9rdek\u0171 okb\u00f3l v\u00e9gzett feladat v\u00e9grehajt\u00e1sa \u00e9rdek\u00e9ben van sz\u00fcks\u00e9g.<\/span><\/span><\/span><\/p>\n<p style=\"margin-bottom: 0cm; line-height: 100%;\" align=\"JUSTIFY\"><span style=\"color: #000000;\"><span style=\"font-family: Arial, serif;\"><span style=\"font-size: medium;\">(Rendelet 21. cikk)<\/span><\/span><\/span><\/p>\n<p style=\"margin-bottom: 0cm; line-height: 100%;\">\u00a0<\/p>\n<p style=\"margin-bottom: 0cm; line-height: 100%;\" align=\"JUSTIFY\"><span style=\"color: #000000;\"><span style=\"font-family: Arial, serif;\"><span style=\"font-size: medium;\"><b>Automatiz\u00e1lt d\u00f6nt\u00e9shozatal egyedi \u00fcgyekben, bele\u00e9rtve a profilalkot\u00e1st<\/b><\/span><\/span><\/span><\/p>\n<p style=\"margin-bottom: 0cm; line-height: 100%;\">\u00a0<\/p>\n<p style=\"margin-bottom: 0cm; line-height: 100%;\" align=\"JUSTIFY\"><span style=\"color: #000000;\"><span style=\"font-family: Arial, serif;\"><span style=\"font-size: medium;\">1. Az \u00e9rintett jogosult arra, hogy ne terjedjen ki r\u00e1 az olyan, kiz\u00e1r\u00f3lag automatiz\u00e1lt adatkezel\u00e9sen \u2013 ide\u00e9rtve a profilalkot\u00e1st is \u2013 alapul\u00f3 d\u00f6nt\u00e9s hat\u00e1lya, amely r\u00e1 n\u00e9zve joghat\u00e1ssal j\u00e1rna vagy \u0151t hasonl\u00f3k\u00e9ppen jelent\u0151s m\u00e9rt\u00e9kben \u00e9rinten\u00e9.<\/span><\/span><\/span><\/p>\n<p style=\"margin-bottom: 0cm; line-height: 100%;\">\u00a0<\/p>\n<p style=\"margin-bottom: 0cm; line-height: 100%;\" align=\"JUSTIFY\"><span style=\"color: #000000;\"><span style=\"font-family: Arial, serif;\"><span style=\"font-size: medium;\">2. Az 1. pont nem alkalmazand\u00f3 abban az esetben, ha a d\u00f6nt\u00e9s:<\/span><\/span><\/span><\/p>\n<p style=\"margin-bottom: 0cm; line-height: 100%;\" align=\"JUSTIFY\"><span style=\"color: #000000;\"><span style=\"font-family: Arial, serif;\"><span style=\"font-size: medium;\">a) az \u00e9rintett \u00e9s az Adatkezel\u0151 k\u00f6z\u00f6tti szerz\u0151d\u00e9s megk\u00f6t\u00e9se vagy teljes\u00edt\u00e9se \u00e9rdek\u00e9ben sz\u00fcks\u00e9ges;<\/span><\/span><\/span><\/p>\n<p style=\"margin-bottom: 0cm; line-height: 100%;\" align=\"JUSTIFY\"><span style=\"color: #000000;\"><span style=\"font-family: Arial, serif;\"><span style=\"font-size: medium;\">b) meghozatal\u00e1t az Adatkezel\u0151re alkalmazand\u00f3 olyan uni\u00f3s vagy tag\u00e1llami jog teszi lehet\u0151v\u00e9, amely az \u00e9rintett jogainak \u00e9s szabads\u00e1gainak, valamint jogos \u00e9rdekeinek v\u00e9delm\u00e9t szolg\u00e1l\u00f3 megfelel\u0151 int\u00e9zked\u00e9seket is meg\u00e1llap\u00edt; vagy<\/span><\/span><\/span><\/p>\n<p style=\"margin-bottom: 0cm; line-height: 100%;\" align=\"JUSTIFY\"><span style=\"color: #000000;\"><span style=\"font-family: Arial, serif;\"><span style=\"font-size: medium;\">c) az \u00e9rintett kifejezett hozz\u00e1j\u00e1rul\u00e1s\u00e1n alapul.<\/span><\/span><\/span><\/p>\n<p style=\"margin-bottom: 0cm; line-height: 100%;\">\u00a0<\/p>\n<p style=\"margin-bottom: 0cm; line-height: 100%;\" align=\"JUSTIFY\"><span style=\"color: #000000;\"><span style=\"font-family: Arial, serif;\"><span style=\"font-size: medium;\">3. A 2. pont a) \u00e9s c) pontj\u00e1ban eml\u00edtett esetekben az Adatkezel\u0151 k\u00f6teles megfelel\u0151 int\u00e9zked\u00e9seket tenni az \u00e9rintett jogainak, szabads\u00e1gainak \u00e9s jogos \u00e9rdekeinek v\u00e9delme \u00e9rdek\u00e9ben, ide\u00e9rtve az \u00e9rintettnek legal\u00e1bb azt a jog\u00e1t, hogy az Adatkezel\u0151 r\u00e9sz\u00e9r\u0151l emberi beavatkoz\u00e1st k\u00e9rjen, \u00e1ll\u00e1spontj\u00e1t kifejezze, \u00e9s a d\u00f6nt\u00e9ssel szemben kifog\u00e1st ny\u00fajtson be.<\/span><\/span><\/span><\/p>\n<p style=\"margin-bottom: 0cm; line-height: 100%;\">\u00a0<\/p>\n<p style=\"margin-bottom: 0cm; line-height: 100%;\" align=\"JUSTIFY\"><span style=\"color: #000000;\"><span style=\"font-family: Arial, serif;\"><span style=\"font-size: medium;\">4. \u00a0A 2. pontban eml\u00edtett d\u00f6nt\u00e9sek nem alapulhatnak a szem\u00e9lyes adatoknak a Rendelet 9. cikk (1) bekezd\u00e9s\u00e9ben eml\u00edtett k\u00fcl\u00f6nleges kateg\u00f3ri\u00e1in, kiv\u00e9ve, ha a 9. cikk (2) bekezd\u00e9s\u00e9nek a) vagy g) pontja alkalmazand\u00f3, \u00e9s az \u00e9rintett jogainak, szabads\u00e1gainak \u00e9s jogos \u00e9rdekeinek v\u00e9delme \u00e9rdek\u00e9ben megfelel\u0151 int\u00e9zked\u00e9sek megt\u00e9tel\u00e9re ker\u00fclt sor.<\/span><\/span><\/span><\/p>\n<p style=\"margin-bottom: 0cm; line-height: 100%;\" align=\"JUSTIFY\"><span style=\"color: #000000;\"><span style=\"font-family: Arial, serif;\"><span style=\"font-size: medium;\">(Rendelet 22. cikk)<\/span><\/span><\/span><\/p>\n<p style=\"margin-bottom: 0cm; line-height: 100%;\">\u00a0<\/p>\n<p style=\"margin-bottom: 0cm; line-height: 100%;\" align=\"JUSTIFY\"><span style=\"color: #000000;\"><span style=\"font-family: Arial, serif;\"><span style=\"font-size: medium;\"><b>Korl\u00e1toz\u00e1sok<\/b><\/span><\/span><\/span><\/p>\n<p style=\"margin-bottom: 0cm; line-height: 100%;\">\u00a0<\/p>\n<p style=\"margin-bottom: 0cm; line-height: 100%;\" align=\"JUSTIFY\"><span style=\"color: #000000;\"><span style=\"font-family: Arial, serif;\"><span style=\"font-size: medium;\">1. Az Adatkezel\u0151re vagy adatfeldolgoz\u00f3ra alkalmazand\u00f3 uni\u00f3s vagy tag\u00e1llami jog jogalkot\u00e1si int\u00e9zked\u00e9sekkel korl\u00e1tozhatja a Rendelet 12\u201322. cikkben \u00e9s a 34. cikkben foglalt, valamint a 12\u201322. cikkben meghat\u00e1rozott jogokkal \u00e9s k\u00f6telezetts\u00e9gekkel \u00f6sszhangban l\u00e9v\u0151 rendelkez\u00e9sei tekintet\u00e9ben az 5. cikkben foglalt jogok \u00e9s k\u00f6telezetts\u00e9gek hat\u00e1ly\u00e1t, ha a korl\u00e1toz\u00e1s tiszteletben tartja az alapvet\u0151 jogok \u00e9s szabads\u00e1gok l\u00e9nyeges tartalm\u00e1t, valamint az al\u00e1bbiak v\u00e9delm\u00e9hez sz\u00fcks\u00e9ges \u00e9s ar\u00e1nyos int\u00e9zked\u00e9s egy demokratikus t\u00e1rsadalomban:<\/span><\/span><\/span><\/p>\n<p style=\"margin-bottom: 0cm; line-height: 100%;\" align=\"JUSTIFY\"><span style=\"color: #000000;\"><span style=\"font-family: Arial, serif;\"><span style=\"font-size: medium;\">a) nemzetbiztons\u00e1g;<\/span><\/span><\/span><\/p>\n<p style=\"margin-bottom: 0cm; line-height: 100%;\" align=\"JUSTIFY\"><span style=\"color: #000000;\"><span style=\"font-family: Arial, serif;\"><span style=\"font-size: medium;\">b) honv\u00e9delem;<\/span><\/span><\/span><\/p>\n<p style=\"margin-bottom: 0cm; line-height: 100%;\" align=\"JUSTIFY\"><span style=\"color: #000000;\"><span style=\"font-family: Arial, serif;\"><span style=\"font-size: medium;\">c) k\u00f6zbiztons\u00e1g;<\/span><\/span><\/span><\/p>\n<p style=\"margin-bottom: 0cm; line-height: 100%;\" align=\"JUSTIFY\"><span style=\"color: #000000;\"><span style=\"font-family: Arial, serif;\"><span style=\"font-size: medium;\">d) b\u0171ncselekm\u00e9nyek megel\u0151z\u00e9se, nyomoz\u00e1sa, felder\u00edt\u00e9se vagy a v\u00e1delj\u00e1r\u00e1s lefolytat\u00e1sa, illetve b\u00fcntet\u0151jogi szankci\u00f3k v\u00e9grehajt\u00e1sa, bele\u00e9rtve a k\u00f6zbiztons\u00e1got fenyeget\u0151 vesz\u00e9lyekkel szembeni v\u00e9delmet \u00e9s e vesz\u00e9lyek megel\u0151z\u00e9s\u00e9t;<\/span><\/span><\/span><\/p>\n<p style=\"margin-bottom: 0cm; line-height: 100%;\" align=\"JUSTIFY\"><span style=\"color: #000000;\"><span style=\"font-family: Arial, serif;\"><span style=\"font-size: medium;\">e) az Uni\u00f3 vagy valamely tag\u00e1llam egy\u00e9b fontos, \u00e1ltal\u00e1nos k\u00f6z\u00e9rdek\u0171 c\u00e9lkit\u0171z\u00e9sei, k\u00fcl\u00f6n\u00f6sen az Uni\u00f3 vagy valamely tag\u00e1llam fontos gazdas\u00e1gi vagy p\u00e9nz\u00fcgyi \u00e9rdeke, bele\u00e9rtve a monet\u00e1ris, a k\u00f6lts\u00e9gvet\u00e9si \u00e9s az ad\u00f3z\u00e1si k\u00e9rd\u00e9seket, a n\u00e9peg\u00e9szs\u00e9g\u00fcgyet \u00e9s a szoci\u00e1lis biztons\u00e1got;<\/span><\/span><\/span><\/p>\n<p style=\"margin-bottom: 0cm; line-height: 100%;\" align=\"JUSTIFY\"><span style=\"color: #000000;\"><span style=\"font-family: Arial, serif;\"><span style=\"font-size: medium;\">f) a b\u00edr\u00f3i f\u00fcggetlens\u00e9g \u00e9s a b\u00edr\u00f3s\u00e1gi elj\u00e1r\u00e1sok v\u00e9delme;<\/span><\/span><\/span><\/p>\n<p style=\"margin-bottom: 0cm; line-height: 100%;\" align=\"JUSTIFY\"><span style=\"color: #000000;\"><span style=\"font-family: Arial, serif;\"><span style=\"font-size: medium;\">g) a szab\u00e1lyozott foglalkoz\u00e1sok eset\u00e9ben az etikai v\u00e9ts\u00e9gek megel\u0151z\u00e9se, kivizsg\u00e1l\u00e1sa, felder\u00edt\u00e9se \u00e9s az ezekkel kapcsolatos elj\u00e1r\u00e1sok lefolytat\u00e1sa;<\/span><\/span><\/span><\/p>\n<p style=\"margin-bottom: 0cm; line-height: 100%;\" align=\"JUSTIFY\"><span style=\"color: #000000;\"><span style=\"font-family: Arial, serif;\"><span style=\"font-size: medium;\">h) az a)\u2013e) \u00e9s a g) pontban eml\u00edtett esetekben \u2013 ak\u00e1r alkalmank\u00e9nt \u2013 a k\u00f6zhatalmi feladatok ell\u00e1t\u00e1s\u00e1hoz kapcsol\u00f3d\u00f3 ellen\u0151rz\u00e9si, vizsg\u00e1lati vagy szab\u00e1lyoz\u00e1si tev\u00e9kenys\u00e9g;<\/span><\/span><\/span><\/p>\n<p style=\"margin-bottom: 0cm; line-height: 100%;\" align=\"JUSTIFY\"><span style=\"color: #000000;\"><span style=\"font-family: Arial, serif;\"><span style=\"font-size: medium;\">i) az \u00e9rintett v\u00e9delme vagy m\u00e1sok jogainak \u00e9s szabads\u00e1gainak v\u00e9delme;<\/span><\/span><\/span><\/p>\n<p style=\"margin-bottom: 0cm; line-height: 100%;\" align=\"JUSTIFY\"><span style=\"color: #000000;\"><span style=\"font-family: Arial, serif;\"><span style=\"font-size: medium;\">j) polg\u00e1ri jogi k\u00f6vetel\u00e9sek \u00e9rv\u00e9nyes\u00edt\u00e9se.<\/span><\/span><\/span><\/p>\n<p style=\"margin-bottom: 0cm; line-height: 100%;\">\u00a0<\/p>\n<p style=\"margin-bottom: 0cm; line-height: 100%;\" align=\"JUSTIFY\"><span style=\"color: #000000;\"><span style=\"font-family: Arial, serif;\"><span style=\"font-size: medium;\">2. \u00a0\u00a0Az 1. pontban eml\u00edtett jogalkot\u00e1si int\u00e9zked\u00e9sek adott esetben r\u00e9szletes rendelkez\u00e9seket tartalmaznak legal\u00e1bb:<\/span><\/span><\/span><\/p>\n<p style=\"margin-bottom: 0cm; line-height: 100%;\" align=\"JUSTIFY\"><span style=\"color: #000000;\"><span style=\"font-family: Arial, serif;\"><span style=\"font-size: medium;\">a) az adatkezel\u00e9s c\u00e9ljaira vagy az adatkezel\u00e9s kateg\u00f3ri\u00e1ira,<\/span><\/span><\/span><\/p>\n<p style=\"margin-bottom: 0cm; line-height: 100%;\" align=\"JUSTIFY\"><span style=\"color: #000000;\"><span style=\"font-family: Arial, serif;\"><span style=\"font-size: medium;\">b) a szem\u00e9lyes adatok kateg\u00f3ri\u00e1ira,<\/span><\/span><\/span><\/p>\n<p style=\"margin-bottom: 0cm; line-height: 100%;\" align=\"JUSTIFY\"><span style=\"color: #000000;\"><span style=\"font-family: Arial, serif;\"><span style=\"font-size: medium;\">c) a bevezetett korl\u00e1toz\u00e1sok hat\u00e1ly\u00e1ra,<\/span><\/span><\/span><\/p>\n<p style=\"margin-bottom: 0cm; line-height: 100%;\" align=\"JUSTIFY\"><span style=\"color: #000000;\"><span style=\"font-family: Arial, serif;\"><span style=\"font-size: medium;\">d) a vissza\u00e9l\u00e9sre, illetve a jogosulatlan hozz\u00e1f\u00e9r\u00e9sre vagy tov\u00e1bb\u00edt\u00e1s megakad\u00e1lyoz\u00e1s\u00e1t c\u00e9lz\u00f3 garanci\u00e1kra,<\/span><\/span><\/span><\/p>\n<p style=\"margin-bottom: 0cm; line-height: 100%;\" align=\"JUSTIFY\"><span style=\"color: #000000;\"><span style=\"font-family: Arial, serif;\"><span style=\"font-size: medium;\">e) az Adatkezel\u0151 meghat\u00e1roz\u00e1s\u00e1ra vagy az Adatkezel\u0151k kateg\u00f3ri\u00e1inak meghat\u00e1roz\u00e1s\u00e1ra,<\/span><\/span><\/span><\/p>\n<p style=\"margin-bottom: 0cm; line-height: 100%;\" align=\"JUSTIFY\"><span style=\"color: #000000;\"><span style=\"font-family: Arial, serif;\"><span style=\"font-size: medium;\">f) az adatt\u00e1rol\u00e1s id\u0151tartam\u00e1ra, valamint az alkalmazand\u00f3 garanci\u00e1kra, figyelembe v\u00e9ve az adatkezel\u00e9s vagy az adatkezel\u00e9si kateg\u00f3ri\u00e1k jelleg\u00e9t, hat\u00e1ly\u00e1t \u00e9s c\u00e9ljait,<\/span><\/span><\/span><\/p>\n<p style=\"margin-bottom: 0cm; line-height: 100%;\" align=\"JUSTIFY\"><span style=\"color: #000000;\"><span style=\"font-family: Arial, serif;\"><span style=\"font-size: medium;\">g) az \u00e9rintettek jogait \u00e9s szabads\u00e1gait \u00e9rint\u0151 kock\u00e1zatokra, \u00e9s<\/span><\/span><\/span><\/p>\n<p style=\"margin-bottom: 0cm; line-height: 100%;\" align=\"JUSTIFY\"><span style=\"color: #000000;\"><span style=\"font-family: Arial, serif;\"><span style=\"font-size: medium;\">h) az \u00e9rintettek arra vonatkoz\u00f3 jog\u00e1ra, hogy t\u00e1j\u00e9koztat\u00e1st kapjanak a korl\u00e1toz\u00e1sr\u00f3l, kiv\u00e9ve, ha ez h\u00e1tr\u00e1nyosan befoly\u00e1solhatja a korl\u00e1toz\u00e1s c\u00e9lj\u00e1t.<\/span><\/span><\/span><\/p>\n<p style=\"margin-bottom: 0cm; line-height: 100%;\" align=\"JUSTIFY\"><span style=\"color: #000000;\"><span style=\"font-family: Arial, serif;\"><span style=\"font-size: medium;\">(Rendelet 23. cikk)<\/span><\/span><\/span><\/p>\n<p style=\"margin-bottom: 0cm; line-height: 100%;\">\u00a0<\/p>\n<p style=\"margin-bottom: 0cm; line-height: 100%;\" align=\"JUSTIFY\"><span style=\"color: #000000;\"><span style=\"font-family: Arial, serif;\"><span style=\"font-size: medium;\"><b>Az \u00e9rintett t\u00e1j\u00e9koztat\u00e1sa az adatv\u00e9delmi incidensr\u0151l<\/b><\/span><\/span><\/span><\/p>\n<p style=\"margin-bottom: 0cm; line-height: 100%;\">\u00a0<\/p>\n<p style=\"margin-bottom: 0cm; line-height: 100%;\" align=\"JUSTIFY\"><span style=\"color: #000000;\"><span style=\"font-family: Arial, serif;\"><span style=\"font-size: medium;\">1. \u00a0Ha az adatv\u00e9delmi incidens val\u00f3sz\u00edn\u0171s\u00edthet\u0151en magas kock\u00e1zattal j\u00e1r a term\u00e9szetes szem\u00e9lyek jogaira \u00e9s szabads\u00e1gaira n\u00e9zve, az Adatkezel\u0151 indokolatlan k\u00e9sedelem n\u00e9lk\u00fcl t\u00e1j\u00e9koztatja az \u00e9rintettet az adatv\u00e9delmi incidensr\u0151l.<\/span><\/span><\/span><\/p>\n<p style=\"margin-bottom: 0cm; line-height: 100%;\">\u00a0<\/p>\n<p style=\"margin-bottom: 0cm; line-height: 100%;\" align=\"JUSTIFY\"><span style=\"color: #000000;\"><span style=\"font-family: Arial, serif;\"><span style=\"font-size: medium;\">2. \u00a0Az 1. pontban eml\u00edtett, az \u00e9rintett r\u00e9sz\u00e9re adott t\u00e1j\u00e9koztat\u00e1sban vil\u00e1gosan \u00e9s k\u00f6z\u00e9rthet\u0151en ismertetni kell az adatv\u00e9delmi incidens jelleg\u00e9t, \u00e9s k\u00f6z\u00f6lni kell legal\u00e1bb a Rendelet 33. cikk (3) bekezd\u00e9s\u00e9nek b), c) \u00e9s d) pontj\u00e1ban eml\u00edtett inform\u00e1ci\u00f3kat \u00e9s int\u00e9zked\u00e9seket.<\/span><\/span><\/span><\/p>\n<p style=\"margin-bottom: 0cm; line-height: 100%;\">\u00a0<\/p>\n<p style=\"margin-bottom: 0cm; line-height: 100%;\" align=\"JUSTIFY\"><span style=\"color: #000000;\"><span style=\"font-family: Arial, serif;\"><span style=\"font-size: medium;\">3. \u00a0Az \u00e9rintettet nem kell az 1. pontban eml\u00edtettek szerint t\u00e1j\u00e9koztatni, ha a k\u00f6vetkez\u0151 felt\u00e9telek b\u00e1rmelyike teljes\u00fcl:<\/span><\/span><\/span><\/p>\n<p style=\"margin-bottom: 0cm; line-height: 100%;\" align=\"JUSTIFY\"><span style=\"color: #000000;\"><span style=\"font-family: Arial, serif;\"><span style=\"font-size: medium;\">a) az Adatkezel\u0151 megfelel\u0151 technikai \u00e9s szervez\u00e9si v\u00e9delmi int\u00e9zked\u00e9seket hajtott v\u00e9gre, \u00e9s ezeket az int\u00e9zked\u00e9seket az adatv\u00e9delmi incidens \u00e1ltal \u00e9rintett adatok tekintet\u00e9ben alkalmazt\u00e1k, k\u00fcl\u00f6n\u00f6sen azokat az int\u00e9zked\u00e9seket \u2013 mint p\u00e9ld\u00e1ul a titkos\u00edt\u00e1s alkalmaz\u00e1sa \u2013, amelyek a szem\u00e9lyes adatokhoz val\u00f3 hozz\u00e1f\u00e9r\u00e9sre fel nem jogos\u00edtott szem\u00e9lyek sz\u00e1m\u00e1ra \u00e9rtelmezhetetlenn\u00e9 teszik az adatokat;<\/span><\/span><\/span><\/p>\n<p style=\"margin-bottom: 0cm; line-height: 100%;\" align=\"JUSTIFY\"><span style=\"color: #000000;\"><span style=\"font-family: Arial, serif;\"><span style=\"font-size: medium;\">b) az Adatkezel\u0151 az adatv\u00e9delmi incidenst k\u00f6vet\u0151en olyan tov\u00e1bbi int\u00e9zked\u00e9seket tett, amelyek biztos\u00edtj\u00e1k, hogy az \u00e9rintett jogaira \u00e9s szabads\u00e1gaira jelentett, az 1. pontban eml\u00edtett magas kock\u00e1zat a tov\u00e1bbiakban val\u00f3sz\u00edn\u0171s\u00edthet\u0151en nem val\u00f3sul meg;<\/span><\/span><\/span><\/p>\n<p style=\"margin-bottom: 0cm; line-height: 100%;\" align=\"JUSTIFY\"><span style=\"color: #000000;\"><span style=\"font-family: Arial, serif;\"><span style=\"font-size: medium;\">c) a t\u00e1j\u00e9koztat\u00e1s ar\u00e1nytalan er\u0151fesz\u00edt\u00e9st tenne sz\u00fcks\u00e9gess\u00e9. Ilyen esetekben az \u00e9rintetteket nyilv\u00e1nosan k\u00f6zz\u00e9tett inform\u00e1ci\u00f3k \u00fatj\u00e1n kell t\u00e1j\u00e9koztatni, vagy olyan hasonl\u00f3 int\u00e9zked\u00e9st kell hozni, amely biztos\u00edtja az \u00e9rintettek hasonl\u00f3an hat\u00e9kony t\u00e1j\u00e9koztat\u00e1s\u00e1t.<\/span><\/span><\/span><\/p>\n<p style=\"margin-bottom: 0cm; line-height: 100%;\">\u00a0<\/p>\n<p style=\"margin-bottom: 0cm; line-height: 100%;\" align=\"JUSTIFY\"><span style=\"color: #000000;\"><span style=\"font-family: Arial, serif;\"><span style=\"font-size: medium;\">4. \u00a0\u00a0Ha az Adatkezel\u0151 m\u00e9g nem \u00e9rtes\u00edtette az \u00e9rintettet az adatv\u00e9delmi incidensr\u0151l, a fel\u00fcgyeleti hat\u00f3s\u00e1g, miut\u00e1n m\u00e9rlegelte, hogy az adatv\u00e9delmi incidens val\u00f3sz\u00edn\u0171s\u00edthet\u0151en magas kock\u00e1zattal j\u00e1r-e, elrendelheti az \u00e9rintett t\u00e1j\u00e9koztat\u00e1s\u00e1t, vagy meg\u00e1llap\u00edthatja a 3. pontban eml\u00edtett felt\u00e9telek valamelyik\u00e9nek teljes\u00fcl\u00e9s\u00e9t.<\/span><\/span><\/span><\/p>\n<p style=\"margin-bottom: 0cm; line-height: 100%;\" align=\"JUSTIFY\"><span style=\"color: #000000;\"><span style=\"font-family: Arial, serif;\"><span style=\"font-size: medium;\">(Rendelet 34. cikk)<\/span><\/span><\/span><\/p>\n<p style=\"margin-bottom: 0cm; line-height: 100%;\">\u00a0<\/p>\n<p style=\"margin-bottom: 0cm; line-height: 100%;\"><span style=\"color: #000000;\"><span style=\"font-family: Arial, serif;\"><span style=\"font-size: medium;\"><b>A fel\u00fcgyeleti hat\u00f3s\u00e1gn\u00e1l t\u00f6rt\u00e9n\u0151 panaszt\u00e9telhez val\u00f3 jog<\/b><\/span><\/span><\/span><\/p>\n<p style=\"margin-bottom: 0cm; line-height: 100%;\">\u00a0<\/p>\n<p style=\"margin-bottom: 0cm; line-height: 100%;\"><span style=\"color: #000000;\"><span style=\"font-family: Arial, serif;\"><span style=\"font-size: medium;\">1. Az egy\u00e9b k\u00f6zigazgat\u00e1si vagy b\u00edr\u00f3s\u00e1gi jogorvoslatok s\u00e9relme n\u00e9lk\u00fcl, minden \u00e9rintett jogosult arra, hogy panaszt tegyen egy fel\u00fcgyeleti hat\u00f3s\u00e1gn\u00e1l \u2013 k\u00fcl\u00f6n\u00f6sen a szok\u00e1sos tart\u00f3zkod\u00e1si helye, a munkahelye vagy a felt\u00e9telezett jogs\u00e9rt\u00e9s helye szerinti tag\u00e1llamban \u2013, ha az \u00e9rintett meg\u00edt\u00e9l\u00e9se szerint a r\u00e1 vonatkoz\u00f3 szem\u00e9lyes adatok kezel\u00e9se megs\u00e9rti e rendeletet.<\/span><\/span><\/span><\/p>\n<p style=\"margin-bottom: 0cm; line-height: 100%;\"><span style=\"color: #000000;\"><span style=\"font-family: Arial, serif;\"><span style=\"font-size: medium;\">2. Az a fel\u00fcgyeleti hat\u00f3s\u00e1g, amelyhez a panaszt beny\u00fajtott\u00e1k, k\u00f6teles t\u00e1j\u00e9koztatni az \u00fcgyfelet a panasszal kapcsolatos elj\u00e1r\u00e1si fejlem\u00e9nyekr\u0151l \u00e9s annak eredm\u00e9ny\u00e9r\u0151l, ide\u00e9rtve azt is, hogy a Rendelet 78. cikk alapj\u00e1n az \u00fcgyf\u00e9l jogosult b\u00edr\u00f3s\u00e1gi jogorvoslattal \u00e9lni.<\/span><\/span><\/span><\/p>\n<p style=\"margin-bottom: 0cm; line-height: 100%;\"><span style=\"color: #000000;\"><span style=\"font-family: Arial, serif;\"><span style=\"font-size: medium;\"><b>(Rendelet 77. cikk)<\/b><\/span><\/span><\/span><\/p>\n<p style=\"margin-bottom: 0cm; line-height: 100%;\">\u00a0<\/p>\n<p style=\"margin-bottom: 0cm; line-height: 100%;\"><span style=\"color: #000000;\"><span style=\"font-family: Arial, serif;\"><span style=\"font-size: medium;\"><b>A fel\u00fcgyeleti hat\u00f3s\u00e1ggal szembeni hat\u00e9kony b\u00edr\u00f3s\u00e1gi jogorvoslathoz val\u00f3 jog<\/b><\/span><\/span><\/span><\/p>\n<p style=\"margin-bottom: 0cm; line-height: 100%;\">\u00a0<\/p>\n<p style=\"margin-bottom: 0cm; line-height: 100%;\"><span style=\"color: #000000;\"><span style=\"font-family: Arial, serif;\"><span style=\"font-size: medium;\">1. \u00a0Az egy\u00e9b k\u00f6zigazgat\u00e1si vagy nem b\u00edr\u00f3s\u00e1gi \u00fatra tartoz\u00f3 jogorvoslatok s\u00e9relme n\u00e9lk\u00fcl, minden term\u00e9szetes \u00e9s jogi szem\u00e9ly jogosult a hat\u00e9kony b\u00edr\u00f3s\u00e1gi jogorvoslatra a fel\u00fcgyeleti hat\u00f3s\u00e1g r\u00e1 vonatkoz\u00f3, jogilag k\u00f6telez\u0151 erej\u0171 d\u00f6nt\u00e9s\u00e9vel szemben.<\/span><\/span><\/span><\/p>\n<p style=\"margin-bottom: 0cm; line-height: 100%;\"><span style=\"color: #000000;\"><span style=\"font-family: Arial, serif;\"><span style=\"font-size: medium;\">2. \u00a0\u00a0Az egy\u00e9b k\u00f6zigazgat\u00e1si vagy nem b\u00edr\u00f3s\u00e1gi \u00fatra tartoz\u00f3 jogorvoslatok s\u00e9relme n\u00e9lk\u00fcl, minden \u00e9rintett jogosult a hat\u00e9kony b\u00edr\u00f3s\u00e1gi jogorvoslatra, ha a Rendelet 55. vagy 56. cikk alapj\u00e1n illet\u00e9kes fel\u00fcgyeleti hat\u00f3s\u00e1g nem foglalkozik a panasszal, vagy h\u00e1rom h\u00f3napon bel\u00fcl nem t\u00e1j\u00e9koztatja az \u00e9rintettet a 77. cikk alapj\u00e1n beny\u00fajtott panasszal kapcsolatos elj\u00e1r\u00e1si fejlem\u00e9nyekr\u0151l vagy annak eredm\u00e9ny\u00e9r\u0151l.<\/span><\/span><\/span><\/p>\n<p style=\"margin-bottom: 0cm; line-height: 100%;\"><span style=\"color: #000000;\"><span style=\"font-family: Arial, serif;\"><span style=\"font-size: medium;\">3. \u00a0\u00a0A fel\u00fcgyeleti hat\u00f3s\u00e1ggal szembeni elj\u00e1r\u00e1st a fel\u00fcgyeleti hat\u00f3s\u00e1g sz\u00e9khelye szerinti tag\u00e1llam b\u00edr\u00f3s\u00e1ga el\u0151tt kell megind\u00edtani.<\/span><\/span><\/span><\/p>\n<p style=\"margin-bottom: 0cm; line-height: 100%;\">\u00a0<\/p>\n<p style=\"margin-bottom: 0cm; line-height: 100%;\"><span style=\"color: #000000;\"><span style=\"font-family: Arial, serif;\"><span style=\"font-size: medium;\">4. \u00a0\u00a0Ha a fel\u00fcgyeleti hat\u00f3s\u00e1g olyan d\u00f6nt\u00e9se ellen ind\u00edtanak elj\u00e1r\u00e1st, amellyel kapcsolatban az egys\u00e9gess\u00e9gi mechanizmus keret\u00e9ben a Test\u00fclet el\u0151z\u0151leg v\u00e9lem\u00e9nyt bocs\u00e1tott ki vagy d\u00f6nt\u00e9st hozott, a fel\u00fcgyeleti hat\u00f3s\u00e1g k\u00f6teles ezt a v\u00e9lem\u00e9nyt vagy d\u00f6nt\u00e9st a b\u00edr\u00f3s\u00e1gnak megk\u00fcldeni.<\/span><\/span><\/span><\/p>\n<p style=\"margin-bottom: 0cm; line-height: 100%;\"><span style=\"color: #000000;\"><span style=\"font-family: Arial, serif;\"><span style=\"font-size: medium;\">(Rendelet 78. cikk)<\/span><\/span><\/span><\/p>\n<p style=\"margin-bottom: 0cm; line-height: 100%;\">\u00a0<\/p>\n<p style=\"margin-bottom: 0cm; line-height: 100%;\"><span style=\"color: #000000;\"><span style=\"font-family: Arial, serif;\"><span style=\"font-size: medium;\"><b>Az adatkezel\u0151vel vagy az adatfeldolgoz\u00f3val szembeni hat\u00e9kony b\u00edr\u00f3s\u00e1gi jogorvoslathoz val\u00f3 jog<\/b><\/span><\/span><\/span><\/p>\n<p style=\"margin-bottom: 0cm; line-height: 100%;\">\u00a0<\/p>\n<p style=\"margin-bottom: 0cm; line-height: 100%;\"><span style=\"color: #000000;\"><span style=\"font-family: Arial, serif;\"><span style=\"font-size: medium;\">1. \u00a0A rendelkez\u00e9sre \u00e1ll\u00f3 k\u00f6zigazgat\u00e1si vagy nem b\u00edr\u00f3s\u00e1gi \u00fatra tartoz\u00f3 jogorvoslatok \u2013 k\u00f6zt\u00fck a fel\u00fcgyeleti hat\u00f3s\u00e1gn\u00e1l t\u00f6rt\u00e9n\u0151 panaszt\u00e9telhez val\u00f3, Rendelet 77. cikk szerinti jog \u2013 s\u00e9relme n\u00e9lk\u00fcl, minden \u00e9rintett hat\u00e9kony b\u00edr\u00f3s\u00e1gi jogorvoslatra jogosult, ha meg\u00edt\u00e9l\u00e9se szerint a szem\u00e9lyes adatainak e rendeletnek nem megfelel\u0151 kezel\u00e9se k\u00f6vetkezt\u00e9ben megs\u00e9rtett\u00e9k az e rendelet szerinti jogait.<\/span><\/span><\/span><\/p>\n<p style=\"margin-bottom: 0cm; line-height: 100%;\"><span style=\"color: #000000;\"><span style=\"font-family: Arial, serif;\"><span style=\"font-size: medium;\">2. \u00a0Az adatkezel\u0151vel vagy az adatfeldolgoz\u00f3val szembeni elj\u00e1r\u00e1st az adatkezel\u0151 vagy az adatfeldolgoz\u00f3 tev\u00e9kenys\u00e9gi helye szerinti tag\u00e1llam b\u00edr\u00f3s\u00e1ga el\u0151tt kell megind\u00edtani. Az ilyen elj\u00e1r\u00e1s megind\u00edthat\u00f3 az \u00e9rintett szok\u00e1sos tart\u00f3zkod\u00e1si helye szerinti tag\u00e1llam b\u00edr\u00f3s\u00e1ga el\u0151tt is, kiv\u00e9ve, ha az adatkezel\u0151 vagy az adatfeldolgoz\u00f3 valamely tag\u00e1llamnak a k\u00f6zhatalmi jogk\u00f6r\u00e9ben elj\u00e1r\u00f3 k\u00f6zhatalmi szerve.<\/span><\/span><\/span><\/p>\n<p style=\"margin-bottom: 0cm; line-height: 100%;\"><span style=\"color: #000000;\"><span style=\"font-family: Arial, serif;\"><span style=\"font-size: medium;\">(Rendelet 79. cikk)<\/span><\/span><\/span><\/p>\n<p style=\"margin-bottom: 0cm; line-height: 100%;\">\u00a0<\/p>\n<p style=\"margin-bottom: 0cm; line-height: 100%;\" align=\"CENTER\"><span style=\"color: #000000;\"><span style=\"font-family: Arial, serif;\"><span style=\"font-size: medium;\"><b>VII. FEJEZET<\/b><\/span><\/span><\/span><\/p>\n<p style=\"margin-bottom: 0cm; line-height: 100%;\" align=\"CENTER\"><span style=\"color: #000000;\"><span style=\"font-family: Arial, serif;\"><span style=\"font-size: medium;\"><b>AZ \u00c9RINTETT K\u00c9RELM\u00c9NEK EL\u0150TERJESZT\u00c9SE,<\/b><\/span><\/span><\/span><\/p>\n<p style=\"margin-bottom: 0cm; line-height: 100%;\" align=\"CENTER\"><span style=\"color: #000000;\"> <span style=\"font-family: Arial, serif;\"><span style=\"font-size: medium;\"><b>AZ ADATKEZEL\u0150 INT\u00c9ZKED\u00c9SEI<\/b><\/span><\/span><\/span><\/p>\n<p style=\"margin-bottom: 0cm; line-height: 100%;\">\u00a0<\/p>\n<p style=\"margin-bottom: 0cm; line-height: 100%;\" align=\"JUSTIFY\"><span style=\"color: #000000;\"><span style=\"font-family: Arial, serif;\"><span style=\"font-size: medium;\">1. Az Adatkezel\u0151 indokolatlan k\u00e9sedelem n\u00e9lk\u00fcl, de mindenf\u00e9lek\u00e9ppen a k\u00e9relem be\u00e9rkez\u00e9s\u00e9t\u0151l sz\u00e1m\u00edtott egy h\u00f3napon bel\u00fcl t\u00e1j\u00e9koztatja az \u00e9rintettet a jogai gyakorl\u00e1s\u00e1ra ir\u00e1nyul\u00f3 k\u00e9relme nyom\u00e1n hozott int\u00e9zked\u00e9sekr\u0151l. <\/span><\/span><\/span><\/p>\n<p style=\"margin-bottom: 0cm; line-height: 100%;\">\u00a0<\/p>\n<p style=\"margin-bottom: 0cm; line-height: 100%;\" align=\"JUSTIFY\"><span style=\"color: #000000;\"><span style=\"font-family: Arial, serif;\"><span style=\"font-size: medium;\">2. Sz\u00fcks\u00e9g eset\u00e9n, figyelembe v\u00e9ve a k\u00e9relem \u00f6sszetetts\u00e9g\u00e9t \u00e9s a k\u00e9relmek sz\u00e1m\u00e1t, ez a hat\u00e1rid\u0151 tov\u00e1bbi k\u00e9t h\u00f3nappal meghosszabb\u00edthat\u00f3. A hat\u00e1rid\u0151 meghosszabb\u00edt\u00e1s\u00e1r\u00f3l az Adatkezel\u0151 a k\u00e9sedelem okainak megjel\u00f6l\u00e9s\u00e9vel a k\u00e9relem k\u00e9zhezv\u00e9tel\u00e9t\u0151l sz\u00e1m\u00edtott egy h\u00f3napon bel\u00fcl t\u00e1j\u00e9koztatja az \u00e9rintettet. <\/span><\/span><\/span><\/p>\n<p style=\"margin-bottom: 0cm; line-height: 100%;\">\u00a0<\/p>\n<p style=\"margin-bottom: 0cm; line-height: 100%;\" align=\"JUSTIFY\"><span style=\"color: #000000;\"><span style=\"font-family: Arial, serif;\"><span style=\"font-size: medium;\">3. Ha az \u00e9rintett elektronikus \u00faton ny\u00fajtotta be a k\u00e9relmet, a t\u00e1j\u00e9koztat\u00e1st lehet\u0151s\u00e9g szerint elektronikus \u00faton kell megadni, kiv\u00e9ve, ha az \u00e9rintett azt m\u00e1sk\u00e9nt k\u00e9ri.<\/span><\/span><\/span><\/p>\n<p style=\"margin-bottom: 0cm; line-height: 100%;\">\u00a0<\/p>\n<p style=\"margin-bottom: 0cm; line-height: 100%;\" align=\"JUSTIFY\"><span style=\"color: #000000;\"><span style=\"font-family: Arial, serif;\"><span style=\"font-size: medium;\">4. Ha az Adatkezel\u0151 nem tesz int\u00e9zked\u00e9seket az \u00e9rintett k\u00e9relme nyom\u00e1n, k\u00e9sedelem n\u00e9lk\u00fcl, de legk\u00e9s\u0151bb a k\u00e9relem be\u00e9rkez\u00e9s\u00e9t\u0151l sz\u00e1m\u00edtott egy h\u00f3napon bel\u00fcl t\u00e1j\u00e9koztatja az \u00e9rintettet az int\u00e9zked\u00e9s elmarad\u00e1s\u00e1nak okair\u00f3l, valamint arr\u00f3l, hogy az \u00e9rintett panaszt ny\u00fajthat be valamely fel\u00fcgyeleti hat\u00f3s\u00e1gn\u00e1l, \u00e9s \u00e9lhet b\u00edr\u00f3s\u00e1gi jogorvoslati jog\u00e1val.<\/span><\/span><\/span><\/p>\n<p style=\"margin-bottom: 0cm; line-height: 100%;\">\u00a0<\/p>\n<p style=\"margin-bottom: 0cm; line-height: 100%;\" align=\"JUSTIFY\"><span style=\"color: #000000;\"><span style=\"font-family: Arial, serif;\"><span style=\"font-size: medium;\">5. Az Adatkezel\u0151 a Rendelet 13. \u00e9s 14. cikk szerinti inform\u00e1ci\u00f3kat \u00e9s az \u00e9rintett jogair\u00f3l sz\u00f3l\u00f3 t\u00e1j\u00e9koztat\u00e1st (Rendelt 15-22. \u00e9s 34. cikk) \u00e9s int\u00e9zked\u00e9st d\u00edjmentesen biztos\u00edtja. \u00a0Ha az \u00e9rintett k\u00e9relme egy\u00e9rtelm\u0171en megalapozatlan vagy \u2013 k\u00fcl\u00f6n\u00f6sen ism\u00e9tl\u0151d\u0151 jellege miatt \u2013 t\u00falz\u00f3, az Adatkezel\u0151, figyelemmel a k\u00e9rt inform\u00e1ci\u00f3 vagy t\u00e1j\u00e9koztat\u00e1s ny\u00fajt\u00e1s\u00e1val vagy a k\u00e9rt int\u00e9zked\u00e9s meghozatal\u00e1val j\u00e1r\u00f3 adminisztrat\u00edv k\u00f6lts\u00e9gekre:<\/span><\/span><\/span><\/p>\n<p style=\"margin-bottom: 0cm; line-height: 100%;\" align=\"JUSTIFY\"><span style=\"font-family: Arial, serif;\"><span style=\"font-size: medium;\">a) 10.000,-Ft + \u00c1FA \u00f6sszeg\u0171 d\u00edjat sz\u00e1m\u00edthat fel, vagy<\/span><\/span><\/p>\n<p style=\"margin-bottom: 0cm; line-height: 100%;\" align=\"JUSTIFY\"><span style=\"color: #000000;\"><span style=\"font-family: Arial, serif;\"><span style=\"font-size: medium;\">b) megtagadhatja a k\u00e9relem alapj\u00e1n t\u00f6rt\u00e9n\u0151 int\u00e9zked\u00e9st.<\/span><\/span><\/span><\/p>\n<p style=\"margin-bottom: 0cm; line-height: 100%;\" align=\"JUSTIFY\"><span style=\"color: #000000;\"><span style=\"font-family: Arial, serif;\"><span style=\"font-size: medium;\">A k\u00e9relem egy\u00e9rtelm\u0171en megalapozatlan vagy t\u00falz\u00f3 jelleg\u00e9nek bizony\u00edt\u00e1sa az Adatkezel\u0151t terheli.<\/span><\/span><\/span><\/p>\n<p style=\"margin-bottom: 0cm; line-height: 100%;\">\u00a0<\/p>\n<p style=\"margin-bottom: 0cm; line-height: 100%;\" align=\"JUSTIFY\"><span style=\"color: #000000;\"><span style=\"font-family: Arial, serif;\"><span style=\"font-size: medium;\">6. Ha az Adatkezel\u0151nek megalapozott k\u00e9ts\u00e9gei vannak a k\u00e9relmet beny\u00fajt\u00f3 term\u00e9szetes szem\u00e9ly kil\u00e9t\u00e9vel kapcsolatban, tov\u00e1bbi, az \u00e9rintett szem\u00e9lyazonoss\u00e1g\u00e1nak meger\u0151s\u00edt\u00e9s\u00e9hez sz\u00fcks\u00e9ges inform\u00e1ci\u00f3k ny\u00fajt\u00e1s\u00e1t k\u00e9rheti.<\/span><\/span><\/span><\/p>\n<p style=\"margin-bottom: 0cm; line-height: 100%;\">\u00a0<\/p>\n<p style=\"margin-bottom: 0cm; line-height: 100%;\" align=\"JUSTIFY\"><span style=\"color: #000000;\"><span style=\"font-family: Arial, serif;\"><span style=\"font-size: medium;\">REMARKER \u00a0KFT. 2019.04.01.<\/span><\/span><\/span><\/p>\n<p><!-- \/wp:heading --><\/p><\/div>\n\t\t\t\t<\/div>\n\t\t\t\t<\/div>\n\t\t\t\t\t\t<\/div>\n\t\t\t\t\t<\/div>\n\t\t<\/div>\n\t\t\t\t\t\t\t\t<\/div>\n\t\t\t\t\t<\/div>\n\t\t<\/section>\n\t\t\t\t\t\t<\/div>\n\t\t\t\t\t\t<\/div>\n\t\t\t\t\t<\/div>\n\t\t","protected":false},"excerpt":{"rendered":"<p>ADATKEZEL\u00c9SI T\u00c1J\u00c9KOZTAT\u00d3 AZ \u00c9RINTETT TERM\u00c9SZETES SZEM\u00c9LY JOGAIR\u00d3L SZEM\u00c9LYES ADATAI KEZEL\u00c9SE VONATKOZ\u00c1S\u00c1BAN TARTALOMJEGYZ\u00c9K \u00a0 BEVEZET\u00c9S I. FEJEZET &#8211; AZ ADATKEZEL\u0150 MEGNEVEZ\u00c9SE II. FEJEZET &#8211; ADATFELDOLGOZ\u00d3K MEGNEVEZ\u00c9SE 1. T\u00e1rsas\u00e1gunk IT szolg\u00e1ltat\u00f3ja 2. T\u00e1rsas\u00e1gunk k\u00f6nyvviteli szolg\u00e1ltat\u00f3ja 3. \u00a0Postai szolg\u00e1ltat\u00e1sok, k\u00e9zbes\u00edt\u00e9s, csomagk\u00fcld\u00e9s III. FEJEZET &#8211; SZERZ\u0150D\u00c9SHEZ KAPCSOL\u00d3D\u00d3 ADATKEZEL\u00c9SEK 1. Szerz\u0151d\u0151 partnerek adatainak kezel\u00e9se \u2013 vev\u0151k, sz\u00e1ll\u00edt\u00f3k nyilv\u00e1ntart\u00e1sa 2. \u00a0Jogi [&hellip;]<\/p>\n","protected":false},"author":1,"featured_media":0,"parent":0,"menu_order":0,"comment_status":"closed","ping_status":"open","template":"","meta":[],"yoast_head":"<!-- This site is optimized with the Yoast SEO plugin v15.5 - https:\/\/yoast.com\/wordpress\/plugins\/seo\/ -->\n<title>Adatv\u00e9delmi ir\u00e1nyelvek - Remarker<\/title>\n<meta name=\"robots\" content=\"index, follow, max-snippet:-1, max-image-preview:large, max-video-preview:-1\" \/>\n<link rel=\"canonical\" href=\"https:\/\/remarker.hu\/index.php\/adatkezelesi-tajekoztato\/\" \/>\n<meta property=\"og:locale\" content=\"hu_HU\" \/>\n<meta property=\"og:type\" content=\"article\" \/>\n<meta property=\"og:title\" content=\"Adatv\u00e9delmi ir\u00e1nyelvek - Remarker\" \/>\n<meta property=\"og:description\" content=\"ADATKEZEL\u00c9SI T\u00c1J\u00c9KOZTAT\u00d3 AZ \u00c9RINTETT TERM\u00c9SZETES SZEM\u00c9LY JOGAIR\u00d3L SZEM\u00c9LYES ADATAI KEZEL\u00c9SE VONATKOZ\u00c1S\u00c1BAN TARTALOMJEGYZ\u00c9K \u00a0 BEVEZET\u00c9S I. FEJEZET &#8211; AZ ADATKEZEL\u0150 MEGNEVEZ\u00c9SE II. FEJEZET &#8211; ADATFELDOLGOZ\u00d3K MEGNEVEZ\u00c9SE 1. T\u00e1rsas\u00e1gunk IT szolg\u00e1ltat\u00f3ja 2. T\u00e1rsas\u00e1gunk k\u00f6nyvviteli szolg\u00e1ltat\u00f3ja 3. \u00a0Postai szolg\u00e1ltat\u00e1sok, k\u00e9zbes\u00edt\u00e9s, csomagk\u00fcld\u00e9s III. FEJEZET &#8211; SZERZ\u0150D\u00c9SHEZ KAPCSOL\u00d3D\u00d3 ADATKEZEL\u00c9SEK 1. Szerz\u0151d\u0151 partnerek adatainak kezel\u00e9se \u2013 vev\u0151k, sz\u00e1ll\u00edt\u00f3k nyilv\u00e1ntart\u00e1sa 2. \u00a0Jogi [&hellip;]\" \/>\n<meta property=\"og:url\" content=\"https:\/\/remarker.hu\/index.php\/adatkezelesi-tajekoztato\/\" \/>\n<meta property=\"og:site_name\" content=\"Remarker\" \/>\n<meta property=\"article:publisher\" content=\"https:\/\/www.facebook.com\/remarker.eu\" \/>\n<meta property=\"article:modified_time\" content=\"2019-04-30T16:26:24+00:00\" \/>\n<meta name=\"twitter:card\" content=\"summary_large_image\" \/>\n<meta name=\"twitter:label1\" content=\"Becs\u00fclt olvas\u00e1si id\u0151\">\n\t<meta name=\"twitter:data1\" content=\"51 perc\">\n<script type=\"application\/ld+json\" class=\"yoast-schema-graph\">{\"@context\":\"https:\/\/schema.org\",\"@graph\":[{\"@type\":\"WebSite\",\"@id\":\"https:\/\/remarker.hu\/#website\",\"url\":\"https:\/\/remarker.hu\/\",\"name\":\"Remarker\",\"description\":\"Graphic Recording\",\"potentialAction\":[{\"@type\":\"SearchAction\",\"target\":\"https:\/\/remarker.hu\/?s={search_term_string}\",\"query-input\":\"required name=search_term_string\"}],\"inLanguage\":\"hu\"},{\"@type\":\"WebPage\",\"@id\":\"https:\/\/remarker.hu\/index.php\/adatkezelesi-tajekoztato\/#webpage\",\"url\":\"https:\/\/remarker.hu\/index.php\/adatkezelesi-tajekoztato\/\",\"name\":\"Adatv\\u00e9delmi ir\\u00e1nyelvek - Remarker\",\"isPartOf\":{\"@id\":\"https:\/\/remarker.hu\/#website\"},\"datePublished\":\"2019-04-11T08:52:12+00:00\",\"dateModified\":\"2019-04-30T16:26:24+00:00\",\"inLanguage\":\"hu\",\"potentialAction\":[{\"@type\":\"ReadAction\",\"target\":[\"https:\/\/remarker.hu\/index.php\/adatkezelesi-tajekoztato\/\"]}]}]}<\/script>\n<!-- \/ Yoast SEO plugin. -->","_links":{"self":[{"href":"https:\/\/remarker.hu\/index.php\/wp-json\/wp\/v2\/pages\/3"}],"collection":[{"href":"https:\/\/remarker.hu\/index.php\/wp-json\/wp\/v2\/pages"}],"about":[{"href":"https:\/\/remarker.hu\/index.php\/wp-json\/wp\/v2\/types\/page"}],"author":[{"embeddable":true,"href":"https:\/\/remarker.hu\/index.php\/wp-json\/wp\/v2\/users\/1"}],"replies":[{"embeddable":true,"href":"https:\/\/remarker.hu\/index.php\/wp-json\/wp\/v2\/comments?post=3"}],"version-history":[{"count":3,"href":"https:\/\/remarker.hu\/index.php\/wp-json\/wp\/v2\/pages\/3\/revisions"}],"predecessor-version":[{"id":3134,"href":"https:\/\/remarker.hu\/index.php\/wp-json\/wp\/v2\/pages\/3\/revisions\/3134"}],"wp:attachment":[{"href":"https:\/\/remarker.hu\/index.php\/wp-json\/wp\/v2\/media?parent=3"}],"curies":[{"name":"wp","href":"https:\/\/api.w.org\/{rel}","templated":true}]}}